{"id":2276,"date":"2019-10-06T16:06:58","date_gmt":"2019-10-06T14:06:58","guid":{"rendered":"https:\/\/www.kidsup.ch\/lausanne\/?page_id=2276"},"modified":"2026-04-29T18:13:20","modified_gmt":"2026-04-29T16:13:20","slug":"stages-vacances","status":"publish","type":"page","link":"https:\/\/www.kidsup.ch\/lausanne\/stages-vacances\/","title":{"rendered":"Stages de vacances de cirque pour les enfants"},"content":{"rendered":"<p>[et_pb_section fb_built=\u00a0\u00bb1&Prime; fullwidth=\u00a0\u00bbon\u00a0\u00bb admin_label=\u00a0\u00bbSection\u00a0\u00bb _builder_version=\u00a0\u00bb4.16&Prime; background_color=\u00a0\u00bb#86b919&Prime; custom_padding=\u00a0\u00bb0px||20px||false|false\u00a0\u00bb da_disable_devices=\u00a0\u00bboff|off|off\u00a0\u00bb global_colors_info=\u00a0\u00bb{}\u00a0\u00bb da_is_popup=\u00a0\u00bboff\u00a0\u00bb da_exit_intent=\u00a0\u00bboff\u00a0\u00bb da_has_close=\u00a0\u00bbon\u00a0\u00bb da_alt_close=\u00a0\u00bboff\u00a0\u00bb da_dark_close=\u00a0\u00bboff\u00a0\u00bb da_not_modal=\u00a0\u00bbon\u00a0\u00bb da_is_singular=\u00a0\u00bboff\u00a0\u00bb da_with_loader=\u00a0\u00bboff\u00a0\u00bb da_has_shadow=\u00a0\u00bbon\u00a0\u00bb][et_pb_fullwidth_header title=\u00a0\u00bbStages vacances\u00a0\u00bb subhead=\u00a0\u00bbD\u00e9couvrez nos stages de cirque pendant les vacances scolaires\u00a0\u00bb button_one_url=\u00a0\u00bbhttps:\/\/kidsup.cogito-sport.ch\/WebRegistration\/LessonSelection\u00a0\u00bb _builder_version=\u00a0\u00bb4.16&Prime; title_font=\u00a0\u00bb|||on|||||\u00a0\u00bb background_enable_color=\u00a0\u00bboff\u00a0\u00bb background_image=\u00a0\u00bbhttps:\/\/www.kidsup.ch\/lausanne\/wp-content\/uploads\/banner-stages.jpg\u00a0\u00bb custom_padding=\u00a0\u00bb5%||||false|false\u00a0\u00bb link_option_url_new_window=\u00a0\u00bbon\u00a0\u00bb global_colors_info=\u00a0\u00bb{}\u00a0\u00bb][\/et_pb_fullwidth_header][\/et_pb_section][et_pb_section fb_built=\u00a0\u00bb1&Prime; specialty=\u00a0\u00bbon\u00a0\u00bb admin_label=\u00a0\u00bbSection\u00a0\u00bb _builder_version=\u00a0\u00bb4.16&Prime; custom_margin=\u00a0\u00bb||-20px||false|false\u00a0\u00bb da_disable_devices=\u00a0\u00bboff|off|off\u00a0\u00bb global_colors_info=\u00a0\u00bb{}\u00a0\u00bb da_is_popup=\u00a0\u00bboff\u00a0\u00bb da_exit_intent=\u00a0\u00bboff\u00a0\u00bb da_has_close=\u00a0\u00bbon\u00a0\u00bb da_alt_close=\u00a0\u00bboff\u00a0\u00bb da_dark_close=\u00a0\u00bboff\u00a0\u00bb da_not_modal=\u00a0\u00bbon\u00a0\u00bb da_is_singular=\u00a0\u00bboff\u00a0\u00bb da_with_loader=\u00a0\u00bboff\u00a0\u00bb da_has_shadow=\u00a0\u00bbon\u00a0\u00bb][et_pb_column type=\u00a0\u00bb1_2&Prime; specialty_columns=\u00a0\u00bb2&Prime; _builder_version=\u00a0\u00bb4.16&Prime; custom_padding=\u00a0\u00bb|||\u00a0\u00bb global_colors_info=\u00a0\u00bb{}\u00a0\u00bb custom_padding__hover=\u00a0\u00bb|||\u00a0\u00bb][et_pb_row_inner column_structure=\u00a0\u00bb1_3,1_3,1_3&Prime; use_custom_gutter=\u00a0\u00bbon\u00a0\u00bb gutter_width=\u00a0\u00bb1&Prime; _builder_version=\u00a0\u00bb4.27.6&Prime; background_color=\u00a0\u00bbrgba(134,185,25,0.1)\u00a0\u00bb custom_margin=\u00a0\u00bb||0px||false|false\u00a0\u00bb custom_padding=\u00a0\u00bb||0px||false|false\u00a0\u00bb border_radii=\u00a0\u00bboff|10px|10px||\u00a0\u00bb border_width_top=\u00a0\u00bb1px\u00a0\u00bb border_color_top=\u00a0\u00bb#86b919&Prime; border_width_right=\u00a0\u00bb1px\u00a0\u00bb border_color_right=\u00a0\u00bb#86b919&Prime; border_width_left=\u00a0\u00bb1px\u00a0\u00bb border_color_left=\u00a0\u00bb#86b919&Prime; global_colors_info=\u00a0\u00bb{}\u00a0\u00bb][et_pb_column_inner type=\u00a0\u00bb1_3&Prime; saved_specialty_column_type=\u00a0\u00bb1_2&Prime; _builder_version=\u00a0\u00bb4.16&Prime; global_colors_info=\u00a0\u00bb{}\u00a0\u00bb][et_pb_blurb title=\u00a0\u00bbHoraires\u00a0\u00bb use_icon=\u00a0\u00bbon\u00a0\u00bb font_icon=\u00a0\u00bb&#x7d;||divi||400&Prime; icon_color=\u00a0\u00bb#86b919&Prime; image_icon_width=\u00a0\u00bb50px\u00a0\u00bb _builder_version=\u00a0\u00bb4.16&Prime; header_font=\u00a0\u00bb|||on|||||\u00a0\u00bb header_text_align=\u00a0\u00bbcenter\u00a0\u00bb header_text_color=\u00a0\u00bb#86b919&Prime; text_orientation=\u00a0\u00bbcenter\u00a0\u00bb custom_margin=\u00a0\u00bb||30px||false|false\u00a0\u00bb icon_font_size=\u00a0\u00bb50px\u00a0\u00bb global_colors_info=\u00a0\u00bb{}\u00a0\u00bb]<\/p>\n<p><b>Formule \u00bd-journ\u00e9e<\/b><br \/> 09h00 \u2013 12h00<br \/> ou<br \/> 14h00 \u2013 17h00<\/p>\n<p><b>Formule journ\u00e9e<\/b><br \/> 09h00 \u2013 17h00<\/p>\n<p><span style=\"text-decoration: line-through;\"><\/span><em>Accueil<\/em><br \/> <em>08h30\u00a0\u2013 12h30<\/em><br \/> <em>13h30\u00a0\u2013 17h30<\/em><\/p>\n<p>[\/et_pb_blurb][\/et_pb_column_inner][et_pb_column_inner type=\u00a0\u00bb1_3&Prime; saved_specialty_column_type=\u00a0\u00bb1_2&Prime; _builder_version=\u00a0\u00bb4.16&Prime; global_colors_info=\u00a0\u00bb{}\u00a0\u00bb][et_pb_blurb title=\u00a0\u00bbAge\u00a0\u00bb use_icon=\u00a0\u00bbon\u00a0\u00bb font_icon=\u00a0\u00bb&#xe08a;||divi||400&Prime; icon_color=\u00a0\u00bb#86b919&Prime; image_icon_width=\u00a0\u00bb50px\u00a0\u00bb _builder_version=\u00a0\u00bb4.27.4&Prime; header_font=\u00a0\u00bb|||on|||||\u00a0\u00bb header_text_align=\u00a0\u00bbcenter\u00a0\u00bb header_text_color=\u00a0\u00bb#86b919&Prime; text_orientation=\u00a0\u00bbcenter\u00a0\u00bb custom_margin=\u00a0\u00bb||30px||false|false\u00a0\u00bb icon_font_size=\u00a0\u00bb50px\u00a0\u00bb global_colors_info=\u00a0\u00bb{}\u00a0\u00bb]<\/p>\n<p><b>Formule \u00bd-journ\u00e9e<\/b><br \/>D\u00e8s la 1P <i class=\"fas fa-asterisk\"><\/i><\/p>\n<p><b>Formule journ\u00e9e<\/b><br \/>D\u00e8s la 1P <i class=\"fas fa-asterisk\"><\/i><\/p>\n<p>[\/et_pb_blurb][\/et_pb_column_inner][et_pb_column_inner type=\u00a0\u00bb1_3&Prime; saved_specialty_column_type=\u00a0\u00bb1_2&Prime; _builder_version=\u00a0\u00bb4.16&Prime; global_colors_info=\u00a0\u00bb{}\u00a0\u00bb][et_pb_blurb title=\u00a0\u00bbPrix\u00a0\u00bb use_icon=\u00a0\u00bbon\u00a0\u00bb font_icon=\u00a0\u00bb&#xe100;||divi||400&Prime; icon_color=\u00a0\u00bb#86b919&Prime; image_icon_width=\u00a0\u00bb50px\u00a0\u00bb _builder_version=\u00a0\u00bb4.27.6&Prime; header_font=\u00a0\u00bb|||on|||||\u00a0\u00bb header_text_align=\u00a0\u00bbcenter\u00a0\u00bb header_text_color=\u00a0\u00bb#86b919&Prime; text_orientation=\u00a0\u00bbcenter\u00a0\u00bb icon_font_size=\u00a0\u00bb50px\u00a0\u00bb global_colors_info=\u00a0\u00bb{}\u00a0\u00bb]<\/p>\n<p><b>Formule \u00bd-journ\u00e9e<\/b><br \/>CHF 300.\u2013 \/ sem (5 j)<br \/><em>En option selon disponibilit\u00e9 :<\/em><br \/><em>Garde &amp; repas chaud midi<\/em><br \/><em>CHF 100.\u2013 \/ 5 repas<\/em><\/p>\n<p><b>Formule journ\u00e9e<\/b><br \/>CHF 550.\u2013 \/ sem (5 j)<br \/><em>En option :<\/em><br \/><em>Repas chaud midi<\/em><br \/><em>CHF 50.\u2013 \/ 5 repas<\/em><\/p>\n<p><strong>Rabais<\/strong><br \/>15% membres<br \/>10% fratries<\/p>\n<p>&nbsp;<\/p>\n<p>[\/et_pb_blurb][\/et_pb_column_inner][\/et_pb_row_inner][et_pb_row_inner _builder_version=\u00a0\u00bb4.27.6&Prime; background_color=\u00a0\u00bbrgba(134,185,25,0.1)\u00a0\u00bb custom_margin=\u00a0\u00bb0px||30px||false|false\u00a0\u00bb custom_padding=\u00a0\u00bb0px|20px||20px|false|false\u00a0\u00bb border_radii=\u00a0\u00bboff|||10px|10px\u00a0\u00bb border_width_right=\u00a0\u00bb1px\u00a0\u00bb border_color_right=\u00a0\u00bb#86b919&Prime; border_width_bottom=\u00a0\u00bb1px\u00a0\u00bb border_color_bottom=\u00a0\u00bb#86b919&Prime; border_width_left=\u00a0\u00bb1px\u00a0\u00bb border_color_left=\u00a0\u00bb#86b919&Prime; global_colors_info=\u00a0\u00bb{}\u00a0\u00bb][et_pb_column_inner saved_specialty_column_type=\u00a0\u00bb1_2&Prime; _builder_version=\u00a0\u00bb4.16&Prime; global_colors_info=\u00a0\u00bb{}\u00a0\u00bb][et_pb_text _builder_version=\u00a0\u00bb4.27.6&Prime; _module_preset=\u00a0\u00bbdefault\u00a0\u00bb global_colors_info=\u00a0\u00bb{}\u00a0\u00bb]<\/p>\n<p style=\"text-align: center;\"><em>Remarque 1: pas de repas chaud propos\u00e9s pendant les stages de fin d&rsquo;ann\u00e9e<\/em><\/p>\n<p style=\"text-align: center;\"><em>Remarque 2 : pour la garde et repas chaud pour les stages \u00e0 la demi-journ\u00e9e, nous demander la disponibilit\u00e9 par e-mail.<\/em><\/p>\n<p>[\/et_pb_text][et_pb_button button_url=\u00a0\u00bbhttps:\/\/kidsup.cogito-sport.ch\/WebRegistration\/LessonSelection?itemType=4200&Prime; url_new_window=\u00a0\u00bbon\u00a0\u00bb button_text=\u00a0\u00bbDISPOS &#038; INSCRIPTION\u00a0\u00bb button_alignment=\u00a0\u00bbcenter\u00a0\u00bb module_id=\u00a0\u00bbbutton-dispos\u00a0\u00bb _builder_version=\u00a0\u00bb4.27.4&Prime; button_bg_color=\u00a0\u00bb#86b919&Prime; global_colors_info=\u00a0\u00bb{}\u00a0\u00bb][\/et_pb_button][et_pb_cta title=\u00a0\u00bbPour les plus grands\u00a0\u00bb button_url=\u00a0\u00bbhttps:\/\/www.cirkup.ch\/stages-vacances\/\u00a0\u00bb url_new_window=\u00a0\u00bbon\u00a0\u00bb button_text=\u00a0\u00bbCIRK UP\u00a0\u00bb _builder_version=\u00a0\u00bb4.20.4&Prime; header_font=\u00a0\u00bb|||on|||||\u00a0\u00bb header_font_size=\u00a0\u00bb21px\u00a0\u00bb background_color=\u00a0\u00bb#ff5500&Prime; custom_margin=\u00a0\u00bb30px||||false|false\u00a0\u00bb border_radii=\u00a0\u00bbon|6px|6px|6px|6px\u00a0\u00bb global_colors_info=\u00a0\u00bb{}\u00a0\u00bb custom_padding__hover_enabled=\u00a0\u00bbon|desktop\u00a0\u00bb]<\/p>\n<p>A partir de la 7P, nos \u00e9l\u00e8ves peuvent int\u00e9grer notre section Cirk Up qui propose une offre de stages sp\u00e9cifiquement d\u00e9velopp\u00e9e pour les plus grands.<\/p>\n<p>[\/et_pb_cta][\/et_pb_column_inner][\/et_pb_row_inner][\/et_pb_column][et_pb_column type=\u00a0\u00bb1_2&Prime; _builder_version=\u00a0\u00bb4.16&Prime; custom_padding=\u00a0\u00bb|||\u00a0\u00bb global_colors_info=\u00a0\u00bb{}\u00a0\u00bb custom_padding__hover=\u00a0\u00bb|||\u00a0\u00bb][et_pb_text _builder_version=\u00a0\u00bb4.23.1&Prime; header_text_color=\u00a0\u00bb#86b919&Prime; header_font_size=\u00a0\u00bb24px\u00a0\u00bb custom_margin=\u00a0\u00bb-30px||||false|false\u00a0\u00bb global_colors_info=\u00a0\u00bb{}\u00a0\u00bb]<\/p>\n<h1>Nos stages de vacances<\/h1>\n<p>[\/et_pb_text][et_pb_video src=\u00a0\u00bbhttps:\/\/www.kidsup.ch\/lausanne\/wp-content\/uploads\/KIDUP-STAGES-V4-16-9-ST.mp4&Prime; _builder_version=\u00a0\u00bb4.23.1&Prime; _module_preset=\u00a0\u00bbdefault\u00a0\u00bb custom_padding=\u00a0\u00bb0px||30px||false|false\u00a0\u00bb global_colors_info=\u00a0\u00bb{}\u00a0\u00bb][\/et_pb_video][et_pb_text _builder_version=\u00a0\u00bb4.27.6&Prime; header_text_color=\u00a0\u00bb#86b919&Prime; header_font_size=\u00a0\u00bb24px\u00a0\u00bb custom_margin=\u00a0\u00bb-30px||||false|false\u00a0\u00bb hover_enabled=\u00a0\u00bb0&Prime; global_colors_info=\u00a0\u00bb{}\u00a0\u00bb sticky_enabled=\u00a0\u00bb0&Prime;]<\/p>\n<p>.Pendant toutes les vacances scolaires, Kids Up organise des stages de cirque sportifs et cr\u00e9atifs pour les enfants d\u00e8s la 1P. C\u2019est un excellent moyen pour les enfants de s\u2019initier et se perfectionner aux arts du cirque, de fa\u00e7on ludique, dans un environnement adapt\u00e9.<\/p>\n<p>Nos camps de vacances sont \u00e9galement un mode de garde id\u00e9al pour les parents qui travaillent : partez au bureau tranquille, vos enfants sont bien encadr\u00e9s et occup\u00e9s.<\/p>\n<p>Les stagiaires pr\u00e9parent durant la semaine le spectacle, qui sera pr\u00e9sent\u00e9 aux parents et amis le dernier jour du stage. Un grand moment d\u2019\u00e9motion pour nos jeunes artistes !<\/p>\n<p>Nos stages sont pr\u00e9par\u00e9s par notre \u00e9quipe compos\u00e9e d\u2019<a href=\"\/lausanne\/a-propos\/notre-equipe\" target=\"_blank\" rel=\"noopener noreferrer\">\u00e9ducateurs sportifs et de psychomotriciennes<\/a>, afin d\u2019assurer un contenu adapt\u00e9 et \u00e9volutif et une s\u00e9curit\u00e9 maximale.<\/p>\n<p>Un repas chaud est propos\u00e9 pour les stages \u00e0 la journ\u00e9e, moyennant un suppl\u00e9ment de CHF 50. Cette offre n&rsquo;est pas propos\u00e9e pendant le stage de No\u00ebl .<\/p>\n<p>A noter que l&rsquo;espace accueil est ferm\u00e9 pendant les stages : la salle est r\u00e9serv\u00e9e aux \u00e9l\u00e8ves et moniteurs.<\/p>\n<ul><\/ul>\n<p><i class=\"fas fa-asterisk\" aria-hidden=\"true\"><\/i>\u00a0Pour les vacances d&rsquo;\u00e9t\u00e9, s<span style=\"font-size: 14px;\">euls les enfants ayant termin\u00e9 leur ann\u00e9e de 1P peuvent \u00eatre inscrits.<\/span><\/p>\n<p><span style=\"font-size: 14px;\"><\/span><\/p>\n<p>[\/et_pb_text][et_pb_toggle title=\u00a0\u00bbOrganisation des stages\u00a0\u00bb _builder_version=\u00a0\u00bb4.16&Prime; global_colors_info=\u00a0\u00bb{}\u00a0\u00bb]<\/p>\n<p>Nos activit\u00e9s de vacances se d\u00e9roulent sur une semaine compl\u00e8te, du lundi au vendredi. Les enfants peuvent venir chaque matin, chaque apr\u00e8s-midi ou toute la journ\u00e9e.<br \/>Les enfants sont regroup\u00e9s en groupes de 8 \u00e9l\u00e8ves maximum, encadr\u00e9s par des moniteurs professionnels, dipl\u00f4m\u00e9s et exp\u00e9riment\u00e9s.<br \/>Les stages se d\u00e9roulent dans notre salle de cirque, \u00e9quip\u00e9e de mat\u00e9riel fixe, adapt\u00e9e et s\u00e9curis\u00e9e.<br \/>Chaque demi-journ\u00e9e est organis\u00e9e en 2 s\u00e9ances de cirque de 1h20, entrecoup\u00e9es d\u2019un go\u00fbter.<br \/>Nous faisons toujours un \u00e9chauffement ludique, puis g\u00e9n\u00e9ralement 6 ateliers par demi-journ\u00e9e, sur des disciplines vari\u00e9es : acrobaties (pyramides, acrobaties au sol, trampoline, \u00e9quilibre (fil de fer, boule, poutre, rouleau\u2026), disciplines a\u00e9riennes (trap\u00e8ze, tissu), adresse\/jonglerie (balles, anneaux, massues, foulards\u2026)<br \/>Les stagiaires pr\u00e9parent durant la semaine un spectacle, qui sera pr\u00e9sent\u00e9 aux parents et amis le dernier jour du stage.<\/p>\n<p>[\/et_pb_toggle][et_pb_toggle title=\u00a0\u00bbObjectifs\u00a0\u00bb _builder_version=\u00a0\u00bb4.16&Prime; global_colors_info=\u00a0\u00bb{}\u00a0\u00bb]Nos stages de cirque visent \u00e0 d\u00e9velopper :<\/p>\n<ul>\n<li>Le d\u00e9veloppement de la force physique, la souplesse et la coordination\n<li>La mise en avant des talents de chaque enfant gr\u00e2ce \u00e0 la diversit\u00e9 des disciplines\n<li>La participation active au sein d\u2019un groupe, dans un esprit bienveillant d\u2019entraide et de camaraderie\n<li>L\u2019\u00e9coute et le respect des consignes et des r\u00e8gles\n<li>La concentration\n<li>La confiance en soi et la capacit\u00e9 \u00e0 se d\u00e9passer pour atteindre un objectif, le spectacle<\/ul>\n<p>Le spectacle final permet aux enfants d\u2019exp\u00e9rimenter la gestion du trac et des \u00e9motions le jour J. Se produire devant un public restreint et bienveillant lui donnera \u00e9galement confiance pour des pr\u00e9sentations et examens futurs. Petit \u00e0 petit, il construit sa confiance en lui.[\/et_pb_toggle][et_pb_toggle title=\u00a0\u00bbConditions d&rsquo;inscriptions\u00a0\u00bb _builder_version=\u00a0\u00bb4.16&Prime; global_colors_info=\u00a0\u00bb{}\u00a0\u00bb]<\/p>\n<p>Les inscriptions se font pour la semaine enti\u00e8re. Elles peuvent couvrir des demi-journ\u00e9e &#8211; le matin ou l&rsquo;apr\u00e8s-midi &#8211; ou des journ\u00e9es compl\u00e8tes.<br \/>Les horaires sont les suivants :<\/p>\n<ul>\n<li>Matin : 09h00-12h00, avec accueil d\u00e8s 08h30 jusqu&rsquo;\u00e0 12h30<\/li>\n<li>Apr\u00e8s-midi : 14h00-17h00, avec accueil d\u00e8s 13h30 jusqu&rsquo;\u00e0 17h30<\/li>\n<li>Journ\u00e9e : 09h00-17h00, avec accueil d\u00e8s 08h30 jusqu&rsquo;\u00e0 17h30<\/li>\n<\/ul>\n<p>[\/et_pb_toggle][\/et_pb_column][\/et_pb_section][et_pb_section fb_built=\u00a0\u00bb1&Prime; admin_label=\u00a0\u00bbSection\u00a0\u00bb module_id=\u00a0\u00bbfaq\u00a0\u00bb _builder_version=\u00a0\u00bb4.27.6&Prime; _module_preset=\u00a0\u00bbdefault\u00a0\u00bb custom_padding=\u00a0\u00bb0px||0px||true|false\u00a0\u00bb da_popup_slug=\u00a0\u00bbfaq\u00a0\u00bb da_disable_devices=\u00a0\u00bboff|off|off\u00a0\u00bb global_colors_info=\u00a0\u00bb{}\u00a0\u00bb da_is_popup=\u00a0\u00bboff\u00a0\u00bb da_exit_intent=\u00a0\u00bboff\u00a0\u00bb da_has_close=\u00a0\u00bbon\u00a0\u00bb da_alt_close=\u00a0\u00bboff\u00a0\u00bb da_dark_close=\u00a0\u00bboff\u00a0\u00bb da_not_modal=\u00a0\u00bbon\u00a0\u00bb da_is_singular=\u00a0\u00bboff\u00a0\u00bb da_with_loader=\u00a0\u00bboff\u00a0\u00bb da_has_shadow=\u00a0\u00bbon\u00a0\u00bb][et_pb_row _builder_version=\u00a0\u00bb4.27.6&Prime; _module_preset=\u00a0\u00bbdefault\u00a0\u00bb global_colors_info=\u00a0\u00bb{}\u00a0\u00bb][et_pb_column type=\u00a0\u00bb4_4&Prime; _builder_version=\u00a0\u00bb4.27.6&Prime; _module_preset=\u00a0\u00bbdefault\u00a0\u00bb global_colors_info=\u00a0\u00bb{}\u00a0\u00bb][et_pb_text _builder_version=\u00a0\u00bb4.27.6&Prime; _module_preset=\u00a0\u00bbdefault\u00a0\u00bb header_2_font=\u00a0\u00bb|600||on|||||\u00a0\u00bb header_2_text_align=\u00a0\u00bbcenter\u00a0\u00bb header_2_text_color=\u00a0\u00bb#86B919&Prime; header_2_font_size=\u00a0\u00bb24px\u00a0\u00bb global_colors_info=\u00a0\u00bb{}\u00a0\u00bb]<\/p>\n<h2>FAQ<\/h2>\n<p>[\/et_pb_text][et_pb_toggle title=\u00a0\u00bb\u00c0 partir de quel \u00e2ge peut-on participer \u00e0 un stage de cirque \u00e0 Ecublens (Lausanne-ouest) ?\u00a0\u00bb _builder_version=\u00a0\u00bb4.27.6&Prime; _module_preset=\u00a0\u00bbdefault\u00a0\u00bb global_colors_info=\u00a0\u00bb{}\u00a0\u00bb]<\/p>\n<p>Nos stages de cirque \u00e0 Ecublens (Lausanne-ouest) sont accessibles d\u00e8s l\u2019entr\u00e9e \u00e0 l\u2019\u00e9cole (1P).<\/p>\n<p>Les enfants peuvent \u00eatre accueillis \u00e0 la demi-journ\u00e9e ou \u00e0 la journ\u00e9e compl\u00e8te, selon les formules propos\u00e9es. Les groupes sont organis\u00e9s par \u00e2ge afin de garantir une dynamique adapt\u00e9e, un bon niveau de s\u00e9curit\u00e9 et une progression coh\u00e9rente pour chaque enfant.<\/p>\n<p>[\/et_pb_toggle][et_pb_toggle title=\u00a0\u00bbFaut-il d\u00e9j\u00e0 faire du cirque pour participer \u00e0 un stage ?\u00a0\u00bb _builder_version=\u00a0\u00bb4.27.6&Prime; _module_preset=\u00a0\u00bbdefault\u00a0\u00bb global_colors_info=\u00a0\u00bb{}\u00a0\u00bb]<\/p>\n<p>Non, les stages sont ouverts \u00e0 tous les niveaux, du d\u00e9butant \u00e0 l\u2019enfant d\u00e9j\u00e0 exp\u00e9riment\u00e9.<\/p>\n<p>C\u2019est souvent une excellente premi\u00e8re exp\u00e9rience pour d\u00e9couvrir le cirque dans un cadre ludique, structur\u00e9 et bienveillant. Les activit\u00e9s sont pens\u00e9es pour permettre \u00e0 chaque enfant de s\u2019engager et de progresser, quel que soit son niveau de d\u00e9part.<\/p>\n<p>[\/et_pb_toggle][et_pb_toggle title=\u00a0\u00bbQue font les enfants pendant un stage de cirque ?\u00a0\u00bb _builder_version=\u00a0\u00bb4.27.6&Prime; _module_preset=\u00a0\u00bbdefault\u00a0\u00bb global_colors_info=\u00a0\u00bb{}\u00a0\u00bb]<\/p>\n<p>Les enfants vivent une semaine riche m\u00ealant cirque, jeux et cr\u00e9ativit\u00e9.<\/p>\n<p>Ils d\u00e9couvrent diff\u00e9rentes disciplines (acrobatie, trampoline, \u00e9quilibre, a\u00e9riens, jonglage) \u00e0 travers des ateliers vari\u00e9s et progressifs. La semaine est construite comme un v\u00e9ritable parcours d\u2019apprentissage, avec une mont\u00e9e en comp\u00e9tence et en confiance.<\/p>\n<p>[\/et_pb_toggle][et_pb_toggle title=\u00a0\u00bbQuels types d\u2019exercices sont propos\u00e9s ?\u00a0\u00bb _builder_version=\u00a0\u00bb4.27.6&Prime; _module_preset=\u00a0\u00bbdefault\u00a0\u00bb global_colors_info=\u00a0\u00bb{}\u00a0\u00bb]<\/p>\n<p>Chaque journ\u00e9e est structur\u00e9e autour de plusieurs ateliers permettant d\u2019explorer diff\u00e9rentes disciplines du cirque.<\/p>\n<p>Les enfants alternent entre acrobatie, trampoline, \u00e9quilibre sur objets, agr\u00e8s a\u00e9riens et jonglage. Cette diversit\u00e9 permet de d\u00e9velopper un large \u00e9ventail de comp\u00e9tences motrices et de maintenir un haut niveau d\u2019engagement.<\/p>\n<p>[\/et_pb_toggle][et_pb_toggle title=\u00a0\u00bbY a-t-il une progression pendant la semaine ?\u00a0\u00bb _builder_version=\u00a0\u00bb4.27.6&Prime; _module_preset=\u00a0\u00bbdefault\u00a0\u00bb global_colors_info=\u00a0\u00bb{}\u00a0\u00bb]<\/p>\n<p>Oui, m\u00eame sur une semaine, les enfants progressent de mani\u00e8re significative.<\/p>\n<p>Ils apprennent des bases techniques dans diff\u00e9rentes disciplines et d\u00e9veloppent leur coordination, leur aisance corporelle et leur confiance en eux. Les situations propos\u00e9es sont \u00e9volutives, ce qui permet \u00e0 chacun de progresser \u00e0 son rythme.<\/p>\n<p>[\/et_pb_toggle][et_pb_toggle title=\u00a0\u00bbY a-t-il un spectacle en fin de stage ?\u00a0\u00bb _builder_version=\u00a0\u00bb4.27.6&Prime; _module_preset=\u00a0\u00bbdefault\u00a0\u00bb global_colors_info=\u00a0\u00bb{}\u00a0\u00bb]<\/p>\n<p>Oui, un petit spectacle est propos\u00e9 en fin de semaine devant les familles.<\/p>\n<p>Il ne s\u2019agit pas d\u2019un objectif de performance, mais d\u2019un moment de valorisation. Les enfants peuvent ainsi exp\u00e9rimenter la sc\u00e8ne, apprendre \u00e0 g\u00e9rer leur trac et \u00eatre fiers de leurs progr\u00e8s dans un cadre bienveillant.<\/p>\n<p>[\/et_pb_toggle][et_pb_toggle title=\u00a0\u00bbMon enfant est-il oblig\u00e9 de participer au spectacle ?\u00a0\u00bb _builder_version=\u00a0\u00bb4.27.6&Prime; _module_preset=\u00a0\u00bbdefault\u00a0\u00bb global_colors_info=\u00a0\u00bb{}\u00a0\u00bb]<\/p>\n<p>Non, aucun enfant n\u2019est oblig\u00e9 de participer au spectacle.<\/p>\n<p>Notre priorit\u00e9 est de respecter le rythme et les \u00e9motions de chacun. Cela dit, notre \u00e9quipe prend le temps de comprendre les \u00e9ventuelles appr\u00e9hensions et accompagne l\u2019enfant avec bienveillance pour l\u2019aider \u00e0 d\u00e9passer ses peurs, sans jamais le forcer.<\/p>\n<p>[\/et_pb_toggle][et_pb_toggle title=\u00a0\u00bbPeut-on inscrire son enfant seulement pour 2 ou 3 jours ?\u00a0\u00bb _builder_version=\u00a0\u00bb4.27.6&Prime; _module_preset=\u00a0\u00bbdefault\u00a0\u00bb global_colors_info=\u00a0\u00bb{}\u00a0\u00bb]<\/p>\n<p>En principe, les stages se suivent sur la semaine compl\u00e8te.<\/p>\n<p>La dynamique du groupe et la pr\u00e9paration du spectacle reposent sur une progression collective. Toutefois, dans certains cas (semaine moins remplie), des inscriptions partielles peuvent \u00eatre envisag\u00e9es. Nous vous invitons \u00e0 contacter le secr\u00e9tariat pour en discuter.<\/p>\n<p>[\/et_pb_toggle][et_pb_toggle title=\u00a0\u00bbQuels sont les horaires d\u2019accueil ?\u00a0\u00bb _builder_version=\u00a0\u00bb4.27.6&Prime; _module_preset=\u00a0\u00bbdefault\u00a0\u00bb global_colors_info=\u00a0\u00bb{}\u00a0\u00bb]<\/p>\n<p>L\u2019accueil se fait d\u00e8s 8h30 et jusqu\u2019\u00e0 17h30, sans frais suppl\u00e9mentaires.<\/p>\n<p>Ces horaires permettent une organisation flexible pour les familles, tout en respectant le rythme des enfants. Les journ\u00e9es sont structur\u00e9es pour alterner activit\u00e9, pauses et moments calmes.<\/p>\n<p>[\/et_pb_toggle][et_pb_toggle title=\u00a0\u00bbComment se passe le repas de midi ?\u00a0\u00bb _builder_version=\u00a0\u00bb4.27.6&Prime; _module_preset=\u00a0\u00bbdefault\u00a0\u00bb global_colors_info=\u00a0\u00bb{}\u00a0\u00bb]<\/p>\n<p>Les enfants peuvent apporter leur pique-nique ou opter pour un repas chaud propos\u00e9 par notre partenaire Green Kidz.<\/p>\n<p>Des options v\u00e9g\u00e9tariennes, v\u00e9ganes, sans gluten sont disponibles, et les allergies sont prises en compte. Nous veillons \u00e0 ce que ce moment reste convivial et adapt\u00e9 aux besoins de chacun.<\/p>\n<p>[\/et_pb_toggle][et_pb_toggle title=\u00a0\u00bbMon enfant ne conna\u00eet personne, est-ce adapt\u00e9 ?\u00a0\u00bb _builder_version=\u00a0\u00bb4.27.6&Prime; _module_preset=\u00a0\u00bbdefault\u00a0\u00bb global_colors_info=\u00a0\u00bb{}\u00a0\u00bb]<\/p>\n<p>Oui, les stages sont con\u00e7us pour favoriser rapidement les interactions entre les enfants.<\/p>\n<p>Gr\u00e2ce aux activit\u00e9s collectives et \u00e0 l\u2019esprit du cirque, les enfants cr\u00e9ent naturellement du lien. M\u00eame les enfants plus r\u00e9serv\u00e9s trouvent progressivement leur place dans le groupe.<\/p>\n<p>[\/et_pb_toggle][et_pb_toggle title=\u00a0\u00bbY a-t-il des temps de pause ?\u00a0\u00bb _builder_version=\u00a0\u00bb4.27.6&Prime; _module_preset=\u00a0\u00bbdefault\u00a0\u00bb global_colors_info=\u00a0\u00bb{}\u00a0\u00bb]<\/p>\n<p>Oui, les journ\u00e9es sont rythm\u00e9es avec des temps de pause adapt\u00e9s \u00e0 l\u2019\u00e2ge des enfants.<\/p>\n<p>Ces moments sont essentiels pour maintenir l\u2019attention, \u00e9viter la fatigue et permettre aux enfants de profiter pleinement des activit\u00e9s. L\u2019\u00e9quilibre entre activit\u00e9 et r\u00e9cup\u00e9ration est au c\u0153ur de notre organisation.<\/p>\n<p>[\/et_pb_toggle][et_pb_toggle title=\u00a0\u00bbAccueillez-vous les enfants ayant des besoins sp\u00e9cifiques ?\u00a0\u00bb _builder_version=\u00a0\u00bb4.27.6&Prime; _module_preset=\u00a0\u00bbdefault\u00a0\u00bb global_colors_info=\u00a0\u00bb{}\u00a0\u00bb]<\/p>\n<p>Oui, avec une attention particuli\u00e8re. Nous sommes convaincus que le sport et l\u2019activit\u00e9 physique doivent \u00eatre accessibles \u00e0 tous les enfants, quels que soient leurs besoins.<\/p>\n<p>Notre \u00e9cole de cirque \u00e0 Ecublens (Lausanne-ouest) compte plusieurs moniteurs ayant une formation universitaire en sciences du sport, dont trois avec une sp\u00e9cialisation en Activit\u00e9s Physiques Adapt\u00e9es (APA). Cela nous permet de proposer un accompagnement adapt\u00e9 et individualis\u00e9.<\/p>\n<p>Nous collaborons \u00e9galement avec des associations afin de financer des accompagnements sp\u00e9cifiques lorsque cela est n\u00e9cessaire. Nous vous encourageons \u00e0 nous contacter afin de construire ensemble la solution la plus adapt\u00e9e.<\/p>\n<p>[\/et_pb_toggle][et_pb_toggle title=\u00a0\u00bbCombien d\u2019enfants y a-t-il par moniteur ?\u00a0\u00bb _builder_version=\u00a0\u00bb4.27.6&Prime; _module_preset=\u00a0\u00bbdefault\u00a0\u00bb global_colors_info=\u00a0\u00bb{}\u00a0\u00bb]<\/p>\n<p>Nous limitons les groupes \u00e0 8 enfants maximum par moniteur afin de garantir un encadrement de qualit\u00e9.<\/p>\n<p>Ce ratio permet une attention individualis\u00e9e, une s\u00e9curit\u00e9 optimale et une progression adapt\u00e9e au rythme de chaque enfant.<\/p>\n<p>[\/et_pb_toggle][et_pb_toggle title=\u00a0\u00bbComment s\u2019inscrire \u00e0 un stage de cirque ?\u00a0\u00bb _builder_version=\u00a0\u00bb4.27.6&Prime; _module_preset=\u00a0\u00bbdefault\u00a0\u00bb global_colors_info=\u00a0\u00bb{}\u00a0\u00bb]<\/p>\n<p>L\u2019inscription se fait directement en ligne via notre site internet.<\/p>\n<p>Nous vous conseillons de r\u00e9server suffisamment t\u00f4t, les places \u00e9tant limit\u00e9es et certaines semaines tr\u00e8s demand\u00e9es. Le principe est simple : premier inscrit, premier servi.<\/p>\n<p>[\/et_pb_toggle][et_pb_code admin_label=\u00a0\u00bbJSON-LD\u00a0\u00bb _builder_version=\u00a0\u00bb4.27.6&Prime; _module_preset=\u00a0\u00bbdefault\u00a0\u00bb custom_css_main_element=\u00a0\u00bbdisplay: none;\u00a0\u00bb global_colors_info=\u00a0\u00bb{}\u00a0\u00bb]<script type=\"application\/ld+json\"><!-- [et_pb_line_break_holder] -->[<!-- [et_pb_line_break_holder] -->  {<!-- [et_pb_line_break_holder] -->    \/* \u2500\u2500 COURSE \u2500\u2500\u2500\u2500\u2500\u2500\u2500\u2500\u2500\u2500\u2500\u2500\u2500\u2500\u2500\u2500\u2500\u2500\u2500\u2500\u2500\u2500\u2500\u2500\u2500\u2500\u2500\u2500\u2500\u2500\u2500\u2500\u2500\u2500\u2500\u2500\u2500\u2500\u2500\u2500\u2500\u2500\u2500 *\/<!-- [et_pb_line_break_holder] -->    \"@context\": \"https:\/\/schema.org\",<!-- [et_pb_line_break_holder] -->    \"@type\": \"Course\",<!-- [et_pb_line_break_holder] -->    \"name\": \"Stages de vacances de cirque \u2014 Enfants d\u00e8s 1P, Ecublens Lausanne\",<!-- [et_pb_line_break_holder] -->    \"description\": \"Stages de vacances de cirque \u00e0 Ecublens (Lausanne-ouest) pour enfants d\u00e8s l'entr\u00e9e \u00e0 l'\u00e9cole (1P). Acrobatie, trampoline, a\u00e9riens, \u00e9quilibre, jonglage. Accueil d\u00e8s 8h30 jusqu'\u00e0 17h30. Repas chaud possible (Green Kidz). Spectacle en fin de semaine. 8 enfants max par moniteur.\",<!-- [et_pb_line_break_holder] -->    \"url\": \"https:\/\/www.kidsup.ch\/lausanne\/stages-vacances\/\",<!-- [et_pb_line_break_holder] -->    \"provider\": {<!-- [et_pb_line_break_holder] -->      \"@type\": \"Organization\",<!-- [et_pb_line_break_holder] -->      \"name\": \"Kids Up Lausanne\",<!-- [et_pb_line_break_holder] -->      \"url\": \"https:\/\/www.kidsup.ch\/lausanne\/\"<!-- [et_pb_line_break_holder] -->    },<!-- [et_pb_line_break_holder] -->    \"educationalLevel\": \"Enfants d\u00e8s 1P (entr\u00e9e \u00e0 l'\u00e9cole), tous niveaux\",<!-- [et_pb_line_break_holder] -->    \"teaches\": \"Acrobatie, trampoline, agr\u00e8s a\u00e9riens, \u00e9quilibre, jonglage, confiance en soi, gestion du trac, vie en groupe\",<!-- [et_pb_line_break_holder] -->    \"courseMode\": \"onsite\",<!-- [et_pb_line_break_holder] -->    \"inLanguage\": \"fr\",<!-- [et_pb_line_break_holder] -->    \"offers\": {<!-- [et_pb_line_break_holder] -->      \"@type\": \"Offer\",<!-- [et_pb_line_break_holder] -->      \"priceCurrency\": \"CHF\",<!-- [et_pb_line_break_holder] -->      \"availability\": \"https:\/\/schema.org\/InStock\",<!-- [et_pb_line_break_holder] -->      \"url\": \"https:\/\/www.kidsup.ch\/lausanne\/stages-vacances\/\",<!-- [et_pb_line_break_holder] -->      \"description\": \"Places limit\u00e9es, inscription en ligne. Premier inscrit, premier servi. Repas chaud en option via Green Kidz (v\u00e9g\u00e9tarien, v\u00e9gane, sans gluten disponibles).\"<!-- [et_pb_line_break_holder] -->    }<!-- [et_pb_line_break_holder] -->  },<!-- [et_pb_line_break_holder] --><!-- [et_pb_line_break_holder] -->  {<!-- [et_pb_line_break_holder] -->    \/* \u2500\u2500 FAQPAGE \u2500\u2500\u2500\u2500\u2500\u2500\u2500\u2500\u2500\u2500\u2500\u2500\u2500\u2500\u2500\u2500\u2500\u2500\u2500\u2500\u2500\u2500\u2500\u2500\u2500\u2500\u2500\u2500\u2500\u2500\u2500\u2500\u2500\u2500\u2500\u2500\u2500\u2500\u2500\u2500\u2500\u2500\u2500 *\/<!-- [et_pb_line_break_holder] -->    \"@context\": \"https:\/\/schema.org\",<!-- [et_pb_line_break_holder] -->    \"@type\": \"FAQPage\",<!-- [et_pb_line_break_holder] -->    \"mainEntity\": [<!-- [et_pb_line_break_holder] --><!-- [et_pb_line_break_holder] -->      {<!-- [et_pb_line_break_holder] -->        \"@type\": \"Question\",<!-- [et_pb_line_break_holder] -->        \"name\": \"\u00c0 partir de quel \u00e2ge peut-on participer \u00e0 un stage de cirque \u00e0 Ecublens ?\",<!-- [et_pb_line_break_holder] -->        \"acceptedAnswer\": {<!-- [et_pb_line_break_holder] -->          \"@type\": \"Answer\",<!-- [et_pb_line_break_holder] -->          \"text\": \"Nos stages de cirque \u00e0 Ecublens (Lausanne-ouest) sont accessibles d\u00e8s l'entr\u00e9e \u00e0 l'\u00e9cole (1P). Les enfants peuvent \u00eatre accueillis \u00e0 la demi-journ\u00e9e ou \u00e0 la journ\u00e9e compl\u00e8te selon les formules propos\u00e9es. Les groupes sont organis\u00e9s par \u00e2ge afin de garantir une dynamique adapt\u00e9e, un bon niveau de s\u00e9curit\u00e9 et une progression coh\u00e9rente pour chaque enfant.\"<!-- [et_pb_line_break_holder] -->        }<!-- [et_pb_line_break_holder] -->      },<!-- [et_pb_line_break_holder] --><!-- [et_pb_line_break_holder] -->      {<!-- [et_pb_line_break_holder] -->        \"@type\": \"Question\",<!-- [et_pb_line_break_holder] -->        \"name\": \"Faut-il d\u00e9j\u00e0 faire du cirque pour participer \u00e0 un stage ?\",<!-- [et_pb_line_break_holder] -->        \"acceptedAnswer\": {<!-- [et_pb_line_break_holder] -->          \"@type\": \"Answer\",<!-- [et_pb_line_break_holder] -->          \"text\": \"Non, les stages sont ouverts \u00e0 tous les niveaux, du d\u00e9butant \u00e0 l'enfant d\u00e9j\u00e0 exp\u00e9riment\u00e9. C'est souvent une excellente premi\u00e8re exp\u00e9rience pour d\u00e9couvrir le cirque dans un cadre ludique, structur\u00e9 et bienveillant. Les activit\u00e9s sont pens\u00e9es pour permettre \u00e0 chaque enfant de s'engager et de progresser, quel que soit son niveau de d\u00e9part.\"<!-- [et_pb_line_break_holder] -->        }<!-- [et_pb_line_break_holder] -->      },<!-- [et_pb_line_break_holder] --><!-- [et_pb_line_break_holder] -->      {<!-- [et_pb_line_break_holder] -->        \"@type\": \"Question\",<!-- [et_pb_line_break_holder] -->        \"name\": \"Que font les enfants pendant un stage de cirque ?\",<!-- [et_pb_line_break_holder] -->        \"acceptedAnswer\": {<!-- [et_pb_line_break_holder] -->          \"@type\": \"Answer\",<!-- [et_pb_line_break_holder] -->          \"text\": \"Les enfants vivent une semaine riche m\u00ealant cirque, jeux et cr\u00e9ativit\u00e9. Ils d\u00e9couvrent diff\u00e9rentes disciplines \u2014 acrobatie, trampoline, \u00e9quilibre, a\u00e9riens, jonglage \u2014 \u00e0 travers des ateliers vari\u00e9s et progressifs. La semaine est construite comme un v\u00e9ritable parcours d'apprentissage, avec une mont\u00e9e en comp\u00e9tence et en confiance.\"<!-- [et_pb_line_break_holder] -->        }<!-- [et_pb_line_break_holder] -->      },<!-- [et_pb_line_break_holder] --><!-- [et_pb_line_break_holder] -->      {<!-- [et_pb_line_break_holder] -->        \"@type\": \"Question\",<!-- [et_pb_line_break_holder] -->        \"name\": \"Quels types d'exercices sont propos\u00e9s pendant le stage ?\",<!-- [et_pb_line_break_holder] -->        \"acceptedAnswer\": {<!-- [et_pb_line_break_holder] -->          \"@type\": \"Answer\",<!-- [et_pb_line_break_holder] -->          \"text\": \"Chaque journ\u00e9e est structur\u00e9e autour de plusieurs ateliers permettant d'explorer diff\u00e9rentes disciplines du cirque. Les enfants alternent entre acrobatie, trampoline, \u00e9quilibre sur objets, agr\u00e8s a\u00e9riens et jonglage. Cette diversit\u00e9 permet de d\u00e9velopper un large \u00e9ventail de comp\u00e9tences motrices et de maintenir un haut niveau d'engagement.\"<!-- [et_pb_line_break_holder] -->        }<!-- [et_pb_line_break_holder] -->      },<!-- [et_pb_line_break_holder] --><!-- [et_pb_line_break_holder] -->      {<!-- [et_pb_line_break_holder] -->        \"@type\": \"Question\",<!-- [et_pb_line_break_holder] -->        \"name\": \"Y a-t-il une progression pendant la semaine de stage ?\",<!-- [et_pb_line_break_holder] -->        \"acceptedAnswer\": {<!-- [et_pb_line_break_holder] -->          \"@type\": \"Answer\",<!-- [et_pb_line_break_holder] -->          \"text\": \"Oui, m\u00eame sur une semaine, les enfants progressent de mani\u00e8re significative. Ils apprennent des bases techniques dans diff\u00e9rentes disciplines et d\u00e9veloppent leur coordination, leur aisance corporelle et leur confiance en eux. Les situations propos\u00e9es sont \u00e9volutives, ce qui permet \u00e0 chacun de progresser \u00e0 son rythme.\"<!-- [et_pb_line_break_holder] -->        }<!-- [et_pb_line_break_holder] -->      },<!-- [et_pb_line_break_holder] --><!-- [et_pb_line_break_holder] -->      {<!-- [et_pb_line_break_holder] -->        \"@type\": \"Question\",<!-- [et_pb_line_break_holder] -->        \"name\": \"Y a-t-il un spectacle en fin de stage ?\",<!-- [et_pb_line_break_holder] -->        \"acceptedAnswer\": {<!-- [et_pb_line_break_holder] -->          \"@type\": \"Answer\",<!-- [et_pb_line_break_holder] -->          \"text\": \"Oui, un petit spectacle est propos\u00e9 en fin de semaine devant les familles. Il ne s'agit pas d'un objectif de performance, mais d'un moment de valorisation. Les enfants exp\u00e9rimentent la sc\u00e8ne, apprennent \u00e0 g\u00e9rer leur trac et sont fiers de leurs progr\u00e8s dans un cadre bienveillant.\"<!-- [et_pb_line_break_holder] -->        }<!-- [et_pb_line_break_holder] -->      },<!-- [et_pb_line_break_holder] --><!-- [et_pb_line_break_holder] -->      {<!-- [et_pb_line_break_holder] -->        \"@type\": \"Question\",<!-- [et_pb_line_break_holder] -->        \"name\": \"Mon enfant est-il oblig\u00e9 de participer au spectacle de fin de stage ?\",<!-- [et_pb_line_break_holder] -->        \"acceptedAnswer\": {<!-- [et_pb_line_break_holder] -->          \"@type\": \"Answer\",<!-- [et_pb_line_break_holder] -->          \"text\": \"Non, aucun enfant n'est oblig\u00e9 de participer au spectacle. Notre priorit\u00e9 est de respecter le rythme et les \u00e9motions de chacun. Notre \u00e9quipe prend le temps de comprendre les \u00e9ventuelles appr\u00e9hensions et accompagne l'enfant avec bienveillance pour l'aider \u00e0 d\u00e9passer ses peurs, sans jamais le forcer.\"<!-- [et_pb_line_break_holder] -->        }<!-- [et_pb_line_break_holder] -->      },<!-- [et_pb_line_break_holder] --><!-- [et_pb_line_break_holder] -->      {<!-- [et_pb_line_break_holder] -->        \"@type\": \"Question\",<!-- [et_pb_line_break_holder] -->        \"name\": \"Peut-on inscrire son enfant seulement pour 2 ou 3 jours de stage ?\",<!-- [et_pb_line_break_holder] -->        \"acceptedAnswer\": {<!-- [et_pb_line_break_holder] -->          \"@type\": \"Answer\",<!-- [et_pb_line_break_holder] -->          \"text\": \"En principe, les stages se suivent sur la semaine compl\u00e8te. La dynamique du groupe et la pr\u00e9paration du spectacle reposent sur une progression collective. Toutefois, dans certains cas (semaine moins remplie), des inscriptions partielles peuvent \u00eatre envisag\u00e9es. Nous vous invitons \u00e0 contacter le secr\u00e9tariat pour en discuter.\"<!-- [et_pb_line_break_holder] -->        }<!-- [et_pb_line_break_holder] -->      },<!-- [et_pb_line_break_holder] --><!-- [et_pb_line_break_holder] -->      {<!-- [et_pb_line_break_holder] -->        \"@type\": \"Question\",<!-- [et_pb_line_break_holder] -->        \"name\": \"Quels sont les horaires d'accueil pendant les stages ?\",<!-- [et_pb_line_break_holder] -->        \"acceptedAnswer\": {<!-- [et_pb_line_break_holder] -->          \"@type\": \"Answer\",<!-- [et_pb_line_break_holder] -->          \"text\": \"L'accueil se fait d\u00e8s 8h30 et jusqu'\u00e0 17h30, sans frais suppl\u00e9mentaires. Ces horaires permettent une organisation flexible pour les familles, tout en respectant le rythme des enfants. Les journ\u00e9es sont structur\u00e9es pour alterner activit\u00e9, pauses et moments calmes.\"<!-- [et_pb_line_break_holder] -->        }<!-- [et_pb_line_break_holder] -->      },<!-- [et_pb_line_break_holder] --><!-- [et_pb_line_break_holder] -->      {<!-- [et_pb_line_break_holder] -->        \"@type\": \"Question\",<!-- [et_pb_line_break_holder] -->        \"name\": \"Comment se passe le repas de midi pendant le stage ?\",<!-- [et_pb_line_break_holder] -->        \"acceptedAnswer\": {<!-- [et_pb_line_break_holder] -->          \"@type\": \"Answer\",<!-- [et_pb_line_break_holder] -->          \"text\": \"Les enfants peuvent apporter leur pique-nique ou opter pour un repas chaud propos\u00e9 par notre partenaire Green Kidz. Des options v\u00e9g\u00e9tariennes, v\u00e9ganes et sans gluten sont disponibles, et les allergies sont prises en compte. Nous veillons \u00e0 ce que ce moment reste convivial et adapt\u00e9 aux besoins de chacun.\"<!-- [et_pb_line_break_holder] -->        }<!-- [et_pb_line_break_holder] -->      },<!-- [et_pb_line_break_holder] --><!-- [et_pb_line_break_holder] -->      {<!-- [et_pb_line_break_holder] -->        \"@type\": \"Question\",<!-- [et_pb_line_break_holder] -->        \"name\": \"Mon enfant ne conna\u00eet personne, le stage est-il adapt\u00e9 ?\",<!-- [et_pb_line_break_holder] -->        \"acceptedAnswer\": {<!-- [et_pb_line_break_holder] -->          \"@type\": \"Answer\",<!-- [et_pb_line_break_holder] -->          \"text\": \"Oui, les stages sont con\u00e7us pour favoriser rapidement les interactions entre les enfants. Gr\u00e2ce aux activit\u00e9s collectives et \u00e0 l'esprit du cirque, les enfants cr\u00e9ent naturellement du lien. M\u00eame les enfants plus r\u00e9serv\u00e9s trouvent progressivement leur place dans le groupe.\"<!-- [et_pb_line_break_holder] -->        }<!-- [et_pb_line_break_holder] -->      },<!-- [et_pb_line_break_holder] --><!-- [et_pb_line_break_holder] -->      {<!-- [et_pb_line_break_holder] -->        \"@type\": \"Question\",<!-- [et_pb_line_break_holder] -->        \"name\": \"Y a-t-il des temps de pause pendant les journ\u00e9es de stage ?\",<!-- [et_pb_line_break_holder] -->        \"acceptedAnswer\": {<!-- [et_pb_line_break_holder] -->          \"@type\": \"Answer\",<!-- [et_pb_line_break_holder] -->          \"text\": \"Oui, les journ\u00e9es sont rythm\u00e9es avec des temps de pause adapt\u00e9s \u00e0 l'\u00e2ge des enfants. Ces moments sont essentiels pour maintenir l'attention, \u00e9viter la fatigue et permettre aux enfants de profiter pleinement des activit\u00e9s. L'\u00e9quilibre entre activit\u00e9 et r\u00e9cup\u00e9ration est au c\u0153ur de notre organisation.\"<!-- [et_pb_line_break_holder] -->        }<!-- [et_pb_line_break_holder] -->      },<!-- [et_pb_line_break_holder] --><!-- [et_pb_line_break_holder] -->      {<!-- [et_pb_line_break_holder] -->        \"@type\": \"Question\",<!-- [et_pb_line_break_holder] -->        \"name\": \"Accueillez-vous les enfants ayant des besoins sp\u00e9cifiques pendant les stages ?\",<!-- [et_pb_line_break_holder] -->        \"acceptedAnswer\": {<!-- [et_pb_line_break_holder] -->          \"@type\": \"Answer\",<!-- [et_pb_line_break_holder] -->          \"text\": \"Oui, avec une attention particuli\u00e8re. Notre \u00e9cole de cirque \u00e0 Ecublens (Lausanne-ouest) compte plusieurs moniteurs ayant une formation universitaire en sciences du sport, dont trois avec une sp\u00e9cialisation en Activit\u00e9s Physiques Adapt\u00e9es (APA). Nous collaborons \u00e9galement avec des associations pour financer des accompagnements sp\u00e9cifiques lorsque cela est n\u00e9cessaire. Contactez-nous en amont pour construire ensemble la solution la plus adapt\u00e9e.\"<!-- [et_pb_line_break_holder] -->        }<!-- [et_pb_line_break_holder] -->      },<!-- [et_pb_line_break_holder] --><!-- [et_pb_line_break_holder] -->      {<!-- [et_pb_line_break_holder] -->        \"@type\": \"Question\",<!-- [et_pb_line_break_holder] -->        \"name\": \"Combien d'enfants y a-t-il par moniteur pendant les stages ?\",<!-- [et_pb_line_break_holder] -->        \"acceptedAnswer\": {<!-- [et_pb_line_break_holder] -->          \"@type\": \"Answer\",<!-- [et_pb_line_break_holder] -->          \"text\": \"Nous limitons les groupes \u00e0 8 enfants maximum par moniteur afin de garantir un encadrement de qualit\u00e9. Ce ratio permet une attention individualis\u00e9e, une s\u00e9curit\u00e9 optimale et une progression adapt\u00e9e au rythme de chaque enfant.\"<!-- [et_pb_line_break_holder] -->        }<!-- [et_pb_line_break_holder] -->      },<!-- [et_pb_line_break_holder] --><!-- [et_pb_line_break_holder] -->      {<!-- [et_pb_line_break_holder] -->        \"@type\": \"Question\",<!-- [et_pb_line_break_holder] -->        \"name\": \"Comment s'inscrire \u00e0 un stage de cirque ?\",<!-- [et_pb_line_break_holder] -->        \"acceptedAnswer\": {<!-- [et_pb_line_break_holder] -->          \"@type\": \"Answer\",<!-- [et_pb_line_break_holder] -->          \"text\": \"L'inscription se fait directement en ligne via notre site internet. Nous vous conseillons de r\u00e9server suffisamment t\u00f4t, les places \u00e9tant limit\u00e9es et certaines semaines tr\u00e8s demand\u00e9es. Le principe est simple : premier inscrit, premier servi.\"<!-- [et_pb_line_break_holder] -->        }<!-- [et_pb_line_break_holder] -->      }<!-- [et_pb_line_break_holder] --><!-- [et_pb_line_break_holder] -->    ]<!-- [et_pb_line_break_holder] -->  }<!-- [et_pb_line_break_holder] -->]<!-- [et_pb_line_break_holder] --><\/script><!-- [et_pb_line_break_holder] -->[\/et_pb_code][\/et_pb_column][\/et_pb_row][\/et_pb_section][et_pb_section fb_built=\u00a0\u00bb1&Prime; admin_label=\u00a0\u00bbPopup &#8211; #planning\u00a0\u00bb module_id=\u00a0\u00bbplanning\u00a0\u00bb module_class=\u00a0\u00bbpopup\u00a0\u00bb _builder_version=\u00a0\u00bb4.16&Prime; custom_margin=\u00a0\u00bb||0px||false|false\u00a0\u00bb da_is_popup=\u00a0\u00bbon\u00a0\u00bb da_popup_slug=\u00a0\u00bbplanning\u00a0\u00bb da_disable_devices=\u00a0\u00bboff|off|off\u00a0\u00bb global_colors_info=\u00a0\u00bb{}\u00a0\u00bb da_exit_intent=\u00a0\u00bboff\u00a0\u00bb da_has_close=\u00a0\u00bbon\u00a0\u00bb da_alt_close=\u00a0\u00bboff\u00a0\u00bb da_dark_close=\u00a0\u00bboff\u00a0\u00bb da_not_modal=\u00a0\u00bbon\u00a0\u00bb da_is_singular=\u00a0\u00bboff\u00a0\u00bb da_with_loader=\u00a0\u00bboff\u00a0\u00bb da_has_shadow=\u00a0\u00bbon\u00a0\u00bb][et_pb_row _builder_version=\u00a0\u00bb4.16&Prime; custom_padding=\u00a0\u00bb0px||||false|false\u00a0\u00bb global_colors_info=\u00a0\u00bb{}\u00a0\u00bb][et_pb_column type=\u00a0\u00bb4_4&Prime; _builder_version=\u00a0\u00bb4.16&Prime; global_colors_info=\u00a0\u00bb{}\u00a0\u00bb][et_pb_text _builder_version=\u00a0\u00bb4.16&Prime; header_2_font=\u00a0\u00bb|||on|||||\u00a0\u00bb header_2_text_align=\u00a0\u00bbcenter\u00a0\u00bb header_2_text_color=\u00a0\u00bb#e00052&Prime; header_2_font_size=\u00a0\u00bb21px\u00a0\u00bb global_colors_info=\u00a0\u00bb{}\u00a0\u00bb]<\/p>\n<h2>Planning des activit\u00e9s 2021-2022<\/h2>\n<p>[\/et_pb_text][et_pb_image src=\u00a0\u00bbhttps:\/\/www.kidsup.ch\/lausanne\/wp-content\/uploads\/Periodes-saison.png\u00a0\u00bb alt=\u00a0\u00bbPeriodes saison 2020-2021&Prime; title_text=\u00a0\u00bbPeriodes-saison\u00a0\u00bb align=\u00a0\u00bbcenter\u00a0\u00bb _builder_version=\u00a0\u00bb4.16&Prime; background_enable_image=\u00a0\u00bboff\u00a0\u00bb global_colors_info=\u00a0\u00bb{}\u00a0\u00bb][\/et_pb_image][\/et_pb_column][\/et_pb_row][\/et_pb_section][et_pb_section fb_built=\u00a0\u00bb1&Prime; admin_label=\u00a0\u00bbSection\u00a0\u00bb _builder_version=\u00a0\u00bb4.27.5&Prime; background_color=\u00a0\u00bb#ff5500&Prime; custom_padding=\u00a0\u00bb0px||0px||true|false\u00a0\u00bb da_disable_devices=\u00a0\u00bboff|off|off\u00a0\u00bb global_colors_info=\u00a0\u00bb{}\u00a0\u00bb da_is_popup=\u00a0\u00bboff\u00a0\u00bb da_exit_intent=\u00a0\u00bboff\u00a0\u00bb da_has_close=\u00a0\u00bbon\u00a0\u00bb da_alt_close=\u00a0\u00bboff\u00a0\u00bb da_dark_close=\u00a0\u00bboff\u00a0\u00bb da_not_modal=\u00a0\u00bbon\u00a0\u00bb da_is_singular=\u00a0\u00bboff\u00a0\u00bb da_with_loader=\u00a0\u00bboff\u00a0\u00bb da_has_shadow=\u00a0\u00bbon\u00a0\u00bb][et_pb_row _builder_version=\u00a0\u00bb4.16&Prime; global_colors_info=\u00a0\u00bb{}\u00a0\u00bb][et_pb_column type=\u00a0\u00bb4_4&Prime; _builder_version=\u00a0\u00bb4.16&Prime; global_colors_info=\u00a0\u00bb{}\u00a0\u00bb][et_pb_cta title=\u00a0\u00bbRejoignez nos stages Cirk Up d\u00e8s la 7P\u00a0\u00bb button_url=\u00a0\u00bbhttps:\/\/www.cirkup.ch\/stages-cirque-lausanne\/\u00a0\u00bb url_new_window=\u00a0\u00bbon\u00a0\u00bb button_text=\u00a0\u00bbNOS STAGES CIRK UP\u00a0\u00bb _builder_version=\u00a0\u00bb4.16&Prime; header_font=\u00a0\u00bb|||on|||||\u00a0\u00bb use_background_color=\u00a0\u00bboff\u00a0\u00bb custom_margin=\u00a0\u00bb30px||||false|false\u00a0\u00bb global_colors_info=\u00a0\u00bb{}\u00a0\u00bb]Kids Up a d\u00e9sormais sa section sp\u00e9ciale ados\/adultes : Cirk Up !<br \/>\n<b>D\u00e8s la 7P<\/b>, nos \u00e9l\u00e8ves peuvent int\u00e9grer la section Cirk Up avec une offre de stages sp\u00e9cifiquement d\u00e9velopp\u00e9e pour eux.[\/et_pb_cta][\/et_pb_column][\/et_pb_row][\/et_pb_section]<\/p>\n","protected":false},"excerpt":{"rendered":"<p>Formule \u00bd-journ\u00e9e 09h00 \u2013 12h00 ou 14h00 \u2013 17h00 Formule journ\u00e9e 09h00 \u2013 17h00 Accueil 08h30\u00a0\u2013 12h30 13h30\u00a0\u2013 17h30Formule \u00bd-journ\u00e9eD\u00e8s la 1P Formule journ\u00e9eD\u00e8s la 1P Formule \u00bd-journ\u00e9eCHF 300.\u2013 \/ sem (5 j)En option selon disponibilit\u00e9 :Garde &amp; repas chaud midiCHF 100.\u2013 \/ 5 repas Formule journ\u00e9eCHF 550.\u2013 \/ sem (5 j)En option :Repas chaud [&hellip;]<\/p>\n","protected":false},"author":1,"featured_media":0,"parent":0,"menu_order":20,"comment_status":"closed","ping_status":"closed","template":"","meta":{"_et_pb_use_builder":"on","_et_pb_old_content":"","_et_gb_content_width":"","footnotes":""},"class_list":["post-2276","page","type-page","status-publish","hentry"],"yoast_head":"<!-- This site is optimized with the Yoast SEO plugin v27.5 - https:\/\/yoast.com\/product\/yoast-seo-wordpress\/ -->\n<title>Stages de vacances de cirque pour les enfants - Kids Up Lausanne<\/title>\n<meta name=\"description\" content=\"Stages de vacances cirque pour enfants d\u00e8s 4 ans \u00e0 Ecublens\/Lausanne. P\u00e2ques, \u00e9t\u00e9, automne, No\u00ebl - matin, apr\u00e8s-midi ou journ\u00e9e. Petit groupe, spectacle de fin de stage. Places limit\u00e9es, inscrivez-vous\" \/>\n<meta name=\"robots\" content=\"index, follow, max-snippet:-1, max-image-preview:large, max-video-preview:-1\" \/>\n<link rel=\"canonical\" href=\"https:\/\/www.kidsup.ch\/lausanne\/stages-vacances\/\" \/>\n<meta property=\"og:locale\" content=\"fr_FR\" \/>\n<meta property=\"og:type\" content=\"article\" \/>\n<meta property=\"og:title\" content=\"Stages de vacances de cirque pour les enfants - Kids Up Lausanne\" \/>\n<meta property=\"og:description\" content=\"Stages de vacances cirque pour enfants d\u00e8s 4 ans \u00e0 Ecublens\/Lausanne. P\u00e2ques, \u00e9t\u00e9, automne, No\u00ebl - matin, apr\u00e8s-midi ou journ\u00e9e. Petit groupe, spectacle de fin de stage. Places limit\u00e9es, inscrivez-vous\" \/>\n<meta property=\"og:url\" content=\"https:\/\/www.kidsup.ch\/lausanne\/stages-vacances\/\" \/>\n<meta property=\"og:site_name\" content=\"Kids Up Lausanne\" \/>\n<meta property=\"article:publisher\" content=\"https:\/\/www.facebook.com\/KidsUpLausanne\" \/>\n<meta property=\"article:modified_time\" content=\"2026-04-29T16:13:20+00:00\" \/>\n<meta property=\"og:image\" content=\"https:\/\/www.kidsup.ch\/lausanne\/wp-content\/uploads\/kidsup-logo.png\" \/>\n\t<meta property=\"og:image:width\" content=\"250\" \/>\n\t<meta property=\"og:image:height\" content=\"102\" \/>\n\t<meta property=\"og:image:type\" content=\"image\/png\" \/>\n<meta name=\"twitter:card\" content=\"summary_large_image\" \/>\n<meta name=\"twitter:label1\" content=\"Dur\u00e9e de lecture estim\u00e9e\" \/>\n\t<meta name=\"twitter:data1\" content=\"4 minutes\" \/>\n<script type=\"application\/ld+json\" class=\"yoast-schema-graph\">{\"@context\":\"https:\\\/\\\/schema.org\",\"@graph\":[{\"@type\":\"WebPage\",\"@id\":\"https:\\\/\\\/www.kidsup.ch\\\/lausanne\\\/stages-vacances\\\/\",\"url\":\"https:\\\/\\\/www.kidsup.ch\\\/lausanne\\\/stages-vacances\\\/\",\"name\":\"Stages de vacances de cirque pour les enfants - Kids Up Lausanne\",\"isPartOf\":{\"@id\":\"https:\\\/\\\/www.kidsup.ch\\\/lausanne\\\/#website\"},\"datePublished\":\"2019-10-06T14:06:58+00:00\",\"dateModified\":\"2026-04-29T16:13:20+00:00\",\"description\":\"Stages de vacances cirque pour enfants d\u00e8s 4 ans \u00e0 Ecublens\\\/Lausanne. P\u00e2ques, \u00e9t\u00e9, automne, No\u00ebl - matin, apr\u00e8s-midi ou journ\u00e9e. Petit groupe, spectacle de fin de stage. Places limit\u00e9es, inscrivez-vous\",\"breadcrumb\":{\"@id\":\"https:\\\/\\\/www.kidsup.ch\\\/lausanne\\\/stages-vacances\\\/#breadcrumb\"},\"inLanguage\":\"fr-FR\",\"potentialAction\":[{\"@type\":\"ReadAction\",\"target\":[\"https:\\\/\\\/www.kidsup.ch\\\/lausanne\\\/stages-vacances\\\/\"]}]},{\"@type\":\"BreadcrumbList\",\"@id\":\"https:\\\/\\\/www.kidsup.ch\\\/lausanne\\\/stages-vacances\\\/#breadcrumb\",\"itemListElement\":[{\"@type\":\"ListItem\",\"position\":1,\"name\":\"Home\",\"item\":\"https:\\\/\\\/www.kidsup.ch\\\/lausanne\\\/\"},{\"@type\":\"ListItem\",\"position\":2,\"name\":\"Stages de vacances de cirque pour les enfants\"}]},{\"@type\":\"WebSite\",\"@id\":\"https:\\\/\\\/www.kidsup.ch\\\/lausanne\\\/#website\",\"url\":\"https:\\\/\\\/www.kidsup.ch\\\/lausanne\\\/\",\"name\":\"Kids Up Lausanne\",\"description\":\"Baby gym, cirque &amp; trampoline\",\"publisher\":{\"@id\":\"https:\\\/\\\/www.kidsup.ch\\\/lausanne\\\/#organization\"},\"potentialAction\":[{\"@type\":\"SearchAction\",\"target\":{\"@type\":\"EntryPoint\",\"urlTemplate\":\"https:\\\/\\\/www.kidsup.ch\\\/lausanne\\\/?s={search_term_string}\"},\"query-input\":{\"@type\":\"PropertyValueSpecification\",\"valueRequired\":true,\"valueName\":\"search_term_string\"}}],\"inLanguage\":\"fr-FR\"},{\"@type\":\"Organization\",\"@id\":\"https:\\\/\\\/www.kidsup.ch\\\/lausanne\\\/#organization\",\"name\":\"Kids Up Lausanne\",\"url\":\"https:\\\/\\\/www.kidsup.ch\\\/lausanne\\\/\",\"logo\":{\"@type\":\"ImageObject\",\"inLanguage\":\"fr-FR\",\"@id\":\"https:\\\/\\\/www.kidsup.ch\\\/lausanne\\\/#\\\/schema\\\/logo\\\/image\\\/\",\"url\":\"https:\\\/\\\/www.kidsup.ch\\\/lausanne\\\/wp-content\\\/uploads\\\/kidsup-lausanne-logo.png\",\"contentUrl\":\"https:\\\/\\\/www.kidsup.ch\\\/lausanne\\\/wp-content\\\/uploads\\\/kidsup-lausanne-logo.png\",\"width\":340,\"height\":65,\"caption\":\"Kids Up Lausanne\"},\"image\":{\"@id\":\"https:\\\/\\\/www.kidsup.ch\\\/lausanne\\\/#\\\/schema\\\/logo\\\/image\\\/\"},\"sameAs\":[\"https:\\\/\\\/www.facebook.com\\\/KidsUpLausanne\",\"https:\\\/\\\/www.instagram.com\\\/kids_up_lausanne\",\"https:\\\/\\\/www.youtube.com\\\/KidsUpSuisse\"]}]}<\/script>\n<!-- \/ Yoast SEO plugin. -->","yoast_head_json":{"title":"Stages de vacances de cirque pour les enfants - Kids Up Lausanne","description":"Stages de vacances cirque pour enfants d\u00e8s 4 ans \u00e0 Ecublens\/Lausanne. P\u00e2ques, \u00e9t\u00e9, automne, No\u00ebl - matin, apr\u00e8s-midi ou journ\u00e9e. Petit groupe, spectacle de fin de stage. Places limit\u00e9es, inscrivez-vous","robots":{"index":"index","follow":"follow","max-snippet":"max-snippet:-1","max-image-preview":"max-image-preview:large","max-video-preview":"max-video-preview:-1"},"canonical":"https:\/\/www.kidsup.ch\/lausanne\/stages-vacances\/","og_locale":"fr_FR","og_type":"article","og_title":"Stages de vacances de cirque pour les enfants - Kids Up Lausanne","og_description":"Stages de vacances cirque pour enfants d\u00e8s 4 ans \u00e0 Ecublens\/Lausanne. P\u00e2ques, \u00e9t\u00e9, automne, No\u00ebl - matin, apr\u00e8s-midi ou journ\u00e9e. Petit groupe, spectacle de fin de stage. Places limit\u00e9es, inscrivez-vous","og_url":"https:\/\/www.kidsup.ch\/lausanne\/stages-vacances\/","og_site_name":"Kids Up Lausanne","article_publisher":"https:\/\/www.facebook.com\/KidsUpLausanne","article_modified_time":"2026-04-29T16:13:20+00:00","og_image":[{"width":250,"height":102,"url":"https:\/\/www.kidsup.ch\/lausanne\/wp-content\/uploads\/kidsup-logo.png","type":"image\/png"}],"twitter_card":"summary_large_image","twitter_misc":{"Dur\u00e9e de lecture estim\u00e9e":"4 minutes"},"schema":{"@context":"https:\/\/schema.org","@graph":[{"@type":"WebPage","@id":"https:\/\/www.kidsup.ch\/lausanne\/stages-vacances\/","url":"https:\/\/www.kidsup.ch\/lausanne\/stages-vacances\/","name":"Stages de vacances de cirque pour les enfants - Kids Up Lausanne","isPartOf":{"@id":"https:\/\/www.kidsup.ch\/lausanne\/#website"},"datePublished":"2019-10-06T14:06:58+00:00","dateModified":"2026-04-29T16:13:20+00:00","description":"Stages de vacances cirque pour enfants d\u00e8s 4 ans \u00e0 Ecublens\/Lausanne. P\u00e2ques, \u00e9t\u00e9, automne, No\u00ebl - matin, apr\u00e8s-midi ou journ\u00e9e. Petit groupe, spectacle de fin de stage. Places limit\u00e9es, inscrivez-vous","breadcrumb":{"@id":"https:\/\/www.kidsup.ch\/lausanne\/stages-vacances\/#breadcrumb"},"inLanguage":"fr-FR","potentialAction":[{"@type":"ReadAction","target":["https:\/\/www.kidsup.ch\/lausanne\/stages-vacances\/"]}]},{"@type":"BreadcrumbList","@id":"https:\/\/www.kidsup.ch\/lausanne\/stages-vacances\/#breadcrumb","itemListElement":[{"@type":"ListItem","position":1,"name":"Home","item":"https:\/\/www.kidsup.ch\/lausanne\/"},{"@type":"ListItem","position":2,"name":"Stages de vacances de cirque pour les enfants"}]},{"@type":"WebSite","@id":"https:\/\/www.kidsup.ch\/lausanne\/#website","url":"https:\/\/www.kidsup.ch\/lausanne\/","name":"Kids Up Lausanne","description":"Baby gym, cirque &amp; trampoline","publisher":{"@id":"https:\/\/www.kidsup.ch\/lausanne\/#organization"},"potentialAction":[{"@type":"SearchAction","target":{"@type":"EntryPoint","urlTemplate":"https:\/\/www.kidsup.ch\/lausanne\/?s={search_term_string}"},"query-input":{"@type":"PropertyValueSpecification","valueRequired":true,"valueName":"search_term_string"}}],"inLanguage":"fr-FR"},{"@type":"Organization","@id":"https:\/\/www.kidsup.ch\/lausanne\/#organization","name":"Kids Up Lausanne","url":"https:\/\/www.kidsup.ch\/lausanne\/","logo":{"@type":"ImageObject","inLanguage":"fr-FR","@id":"https:\/\/www.kidsup.ch\/lausanne\/#\/schema\/logo\/image\/","url":"https:\/\/www.kidsup.ch\/lausanne\/wp-content\/uploads\/kidsup-lausanne-logo.png","contentUrl":"https:\/\/www.kidsup.ch\/lausanne\/wp-content\/uploads\/kidsup-lausanne-logo.png","width":340,"height":65,"caption":"Kids Up Lausanne"},"image":{"@id":"https:\/\/www.kidsup.ch\/lausanne\/#\/schema\/logo\/image\/"},"sameAs":["https:\/\/www.facebook.com\/KidsUpLausanne","https:\/\/www.instagram.com\/kids_up_lausanne","https:\/\/www.youtube.com\/KidsUpSuisse"]}]}},"_links":{"self":[{"href":"https:\/\/www.kidsup.ch\/lausanne\/wp-json\/wp\/v2\/pages\/2276","targetHints":{"allow":["GET"]}}],"collection":[{"href":"https:\/\/www.kidsup.ch\/lausanne\/wp-json\/wp\/v2\/pages"}],"about":[{"href":"https:\/\/www.kidsup.ch\/lausanne\/wp-json\/wp\/v2\/types\/page"}],"author":[{"embeddable":true,"href":"https:\/\/www.kidsup.ch\/lausanne\/wp-json\/wp\/v2\/users\/1"}],"replies":[{"embeddable":true,"href":"https:\/\/www.kidsup.ch\/lausanne\/wp-json\/wp\/v2\/comments?post=2276"}],"version-history":[{"count":66,"href":"https:\/\/www.kidsup.ch\/lausanne\/wp-json\/wp\/v2\/pages\/2276\/revisions"}],"predecessor-version":[{"id":6258,"href":"https:\/\/www.kidsup.ch\/lausanne\/wp-json\/wp\/v2\/pages\/2276\/revisions\/6258"}],"wp:attachment":[{"href":"https:\/\/www.kidsup.ch\/lausanne\/wp-json\/wp\/v2\/media?parent=2276"}],"curies":[{"name":"wp","href":"https:\/\/api.w.org\/{rel}","templated":true}]}}