{"id":1938,"date":"2019-09-24T08:46:46","date_gmt":"2019-09-24T06:46:46","guid":{"rendered":"https:\/\/www.kidsup.ch\/lausanne\/?page_id=1938"},"modified":"2026-03-11T10:43:23","modified_gmt":"2026-03-11T09:43:23","slug":"notre-equipe","status":"publish","type":"page","link":"https:\/\/www.kidsup.ch\/lausanne\/a-propos\/notre-equipe\/","title":{"rendered":"Notre Equipe"},"content":{"rendered":"<p>[et_pb_section fb_built=\u00a0\u00bb1&Prime; fullwidth=\u00a0\u00bbon\u00a0\u00bb _builder_version=\u00a0\u00bb4.16&Prime; background_color=\u00a0\u00bb#e00052&Prime; custom_padding=\u00a0\u00bb0px||20px||false|false\u00a0\u00bb da_disable_devices=\u00a0\u00bboff|off|off\u00a0\u00bb global_colors_info=\u00a0\u00bb{}\u00a0\u00bb da_is_popup=\u00a0\u00bboff\u00a0\u00bb da_exit_intent=\u00a0\u00bboff\u00a0\u00bb da_has_close=\u00a0\u00bbon\u00a0\u00bb da_alt_close=\u00a0\u00bboff\u00a0\u00bb da_dark_close=\u00a0\u00bboff\u00a0\u00bb da_not_modal=\u00a0\u00bbon\u00a0\u00bb da_is_singular=\u00a0\u00bboff\u00a0\u00bb da_with_loader=\u00a0\u00bboff\u00a0\u00bb da_has_shadow=\u00a0\u00bbon\u00a0\u00bb][et_pb_fullwidth_header title=\u00a0\u00bbNotre equipe\u00a0\u00bb subhead=\u00a0\u00bbD\u00e9couvrez notre formidable \u00e9quipe de professionnel(le)s\u00a0\u00bb _builder_version=\u00a0\u00bb4.16&Prime; title_font=\u00a0\u00bb|||on|||||\u00a0\u00bb background_image=\u00a0\u00bbhttps:\/\/www.kidsup.ch\/lausanne\/wp-content\/uploads\/banner-equipe.jpg\u00a0\u00bb global_colors_info=\u00a0\u00bb{}\u00a0\u00bb][\/et_pb_fullwidth_header][\/et_pb_section][et_pb_section fb_built=\u00a0\u00bb1&Prime; _builder_version=\u00a0\u00bb4.16&Prime; da_disable_devices=\u00a0\u00bboff|off|off\u00a0\u00bb global_colors_info=\u00a0\u00bb{}\u00a0\u00bb da_is_popup=\u00a0\u00bboff\u00a0\u00bb da_exit_intent=\u00a0\u00bboff\u00a0\u00bb da_has_close=\u00a0\u00bbon\u00a0\u00bb da_alt_close=\u00a0\u00bboff\u00a0\u00bb da_dark_close=\u00a0\u00bboff\u00a0\u00bb da_not_modal=\u00a0\u00bbon\u00a0\u00bb da_is_singular=\u00a0\u00bboff\u00a0\u00bb da_with_loader=\u00a0\u00bboff\u00a0\u00bb da_has_shadow=\u00a0\u00bbon\u00a0\u00bb][et_pb_row _builder_version=\u00a0\u00bb4.16&Prime; global_colors_info=\u00a0\u00bb{}\u00a0\u00bb][et_pb_column type=\u00a0\u00bb4_4&Prime; _builder_version=\u00a0\u00bb4.16&Prime; global_colors_info=\u00a0\u00bb{}\u00a0\u00bb][et_pb_text _builder_version=\u00a0\u00bb4.16&Prime; header_font=\u00a0\u00bb|||on|||||\u00a0\u00bb header_text_color=\u00a0\u00bb#e00052&Prime; global_colors_info=\u00a0\u00bb{}\u00a0\u00bb]<\/p>\n<h1>Notre \u00e9quipe<\/h1>\n<p>Votre enfant est au coeur de notre m\u00e9tier et c&rsquo;est pourquoi nous faisons appel aux meilleurs talents pour en prendre soin et assurer leur s\u00e9curit\u00e9 !<\/p>\n<p>Tous nos moniteurs sont des professionnels form\u00e9s et certifi\u00e9s dans leur domaine : psymotricien(ne)s pour s&rsquo;occuper des tout-petits, circassien(ne)s pour les cours de cirque. Mais par dessus tout, ils aiment les enfants et \u00e7a se voit !<\/p>\n<p>[\/et_pb_text][\/et_pb_column][\/et_pb_row][et_pb_row column_structure=\u00a0\u00bb1_3,1_3,1_3&Prime; _builder_version=\u00a0\u00bb4.16&Prime; global_colors_info=\u00a0\u00bb{}\u00a0\u00bb][et_pb_column type=\u00a0\u00bb1_3&Prime; _builder_version=\u00a0\u00bb4.16&Prime; global_colors_info=\u00a0\u00bb{}\u00a0\u00bb][et_pb_image src=\u00a0\u00bbhttps:\/\/www.kidsup.ch\/lausanne\/wp-content\/uploads\/Moniteur_Anaick.jpg\u00a0\u00bb alt=\u00a0\u00bbAna\u00efck\u00a0\u00bb title_text=\u00a0\u00bbMoniteur_Anaick\u00a0\u00bb show_in_lightbox=\u00a0\u00bbon\u00a0\u00bb _builder_version=\u00a0\u00bb4.27.5&Prime; custom_margin=\u00a0\u00bb40px||||false|false\u00a0\u00bb border_radii=\u00a0\u00bbon|20px|20px|20px|20px\u00a0\u00bb global_colors_info=\u00a0\u00bb{}\u00a0\u00bb][\/et_pb_image][\/et_pb_column][et_pb_column type=\u00a0\u00bb1_3&Prime; _builder_version=\u00a0\u00bb4.16&Prime; global_colors_info=\u00a0\u00bb{}\u00a0\u00bb][et_pb_text _builder_version=\u00a0\u00bb4.19.4&Prime; header_font=\u00a0\u00bb|||on|||||\u00a0\u00bb header_text_color=\u00a0\u00bb#e00052&Prime; global_colors_info=\u00a0\u00bb{}\u00a0\u00bb]<\/p>\n<h1>Ana\u00efck<\/h1>\n<p>Ana\u00efck est une monitrice multi-facettes !<br \/>Apr\u00e8s sa maturit\u00e9, elle devient Educatrice de l\u2019enfance et travaille en cr\u00e8che pendant 10 ans. Elle s\u2019oriente ensuite vers la gestion de projet sportifs et travaille pour Id\u00e9eSport ou le Panathlon.<br \/>Elle se sp\u00e9cialise finalement dans le mouvement via des formations sport\/sant\u00e9. Monitrice de baby-gym depuis fin 2022, elle anime \u00e9galement des ateliers Kids e-motions, oeuvrant \u00e0 sociabiliser les plus jeunes \u00e0 travers le mouvement.<\/p>\n<p>[\/et_pb_text][\/et_pb_column][et_pb_column type=\u00a0\u00bb1_3&Prime; _builder_version=\u00a0\u00bb4.16&Prime; global_colors_info=\u00a0\u00bb{}\u00a0\u00bb][et_pb_text _builder_version=\u00a0\u00bb4.27.6&Prime; header_2_font=\u00a0\u00bb|||on|||||\u00a0\u00bb hover_enabled=\u00a0\u00bb0&Prime; global_colors_info=\u00a0\u00bb{}\u00a0\u00bb sticky_enabled=\u00a0\u00bb0&Prime;]<\/p>\n<h2>Dipl\u00f4mes<\/h2>\n<ul>\n<li>Monitrice Jeunesse &amp; Sport depuis 2020<\/li>\n<li>2019 : Educatrice de l\u2019enfance, Ecole sup\u00e9rieure de l\u2019enfance, Lausanne<\/li>\n<li>2011 : Assistance socio-\u00e9ducative<\/li>\n<li>2009 : Maturit\u00e9 professionnelle Sant\u00e9-Social<\/li>\n<\/ul>\n<p>[\/et_pb_text][\/et_pb_column][\/et_pb_row][et_pb_row column_structure=\u00a0\u00bb1_3,1_3,1_3&Prime; _builder_version=\u00a0\u00bb4.16&Prime; global_colors_info=\u00a0\u00bb{}\u00a0\u00bb][et_pb_column type=\u00a0\u00bb1_3&Prime; _builder_version=\u00a0\u00bb4.16&Prime; global_colors_info=\u00a0\u00bb{}\u00a0\u00bb][et_pb_image src=\u00a0\u00bbhttps:\/\/www.kidsup.ch\/lausanne\/wp-content\/uploads\/Moniteur_Ayrton.jpg\u00a0\u00bb alt=\u00a0\u00bbAna\u00efck\u00a0\u00bb title_text=\u00a0\u00bbMoniteur_Anaick\u00a0\u00bb show_in_lightbox=\u00a0\u00bbon\u00a0\u00bb _builder_version=\u00a0\u00bb4.27.4&Prime; custom_margin=\u00a0\u00bb40px||||false|false\u00a0\u00bb border_radii=\u00a0\u00bbon|20px|20px|20px|20px\u00a0\u00bb global_colors_info=\u00a0\u00bb{}\u00a0\u00bb][\/et_pb_image][\/et_pb_column][et_pb_column type=\u00a0\u00bb1_3&Prime; _builder_version=\u00a0\u00bb4.16&Prime; global_colors_info=\u00a0\u00bb{}\u00a0\u00bb][et_pb_text _builder_version=\u00a0\u00bb4.22.0&Prime; header_font=\u00a0\u00bb|||on|||||\u00a0\u00bb header_text_color=\u00a0\u00bb#e00052&Prime; global_colors_info=\u00a0\u00bb{}\u00a0\u00bb]<\/p>\n<h1>Ayrton<\/h1>\n<p>Sportif polyvalent, Ayrton se tourne tr\u00e8s jeune vers le cirque et oriente naturellement ses \u00e9tudes vers une licence APAS qui allie sport, sant\u00e9 et handicap. Il se sp\u00e9cialise ensuite en cirque via un BPJEPS en activit\u00e9s du cirque. Sa sp\u00e9cialit\u00e9 ? Le trap\u00e8ze volant !<br \/>Arriv\u00e9 \u00e0 Kids Up Gen\u00e8ve en 2018, il suit la formation de l\u2019\u00e9cole nationale de cirque de Montr\u00e9al en 2019 pour devenir instructeur de cirque. Polyvalent et curieux, Ayrton s\u2019est \u00e9galement form\u00e9 \u00e0 la baby-gym. Il ravit petits et grands avec sa spontan\u00e9it\u00e9, son flegme nordique et son naturel.<\/p>\n<p>[\/et_pb_text][\/et_pb_column][et_pb_column type=\u00a0\u00bb1_3&Prime; _builder_version=\u00a0\u00bb4.16&Prime; global_colors_info=\u00a0\u00bb{}\u00a0\u00bb][et_pb_text _builder_version=\u00a0\u00bb4.27.6&Prime; header_2_font=\u00a0\u00bb|||on|||||\u00a0\u00bb hover_enabled=\u00a0\u00bb0&Prime; global_colors_info=\u00a0\u00bb{}\u00a0\u00bb sticky_enabled=\u00a0\u00bb0&Prime;]<\/p>\n<h2>Dipl\u00f4mes<\/h2>\n<ul>\n<li>Moniteur Jeunesse &amp; Sport depuis 2015<\/li>\n<li>2019 : Instructeur de cirque \u2013 Formation de l\u2019Ecole Nationale de Cirque de Montr\u00e9al<\/li>\n<li>2017 : Brevet professionnel BPJEPS en Arts du Cirque (Minist\u00e8re des Sports FR)<\/li>\n<li>2016 : Bachelor en Sciences du sport, Option activit\u00e9s physiques adapt\u00e9es et sant\u00e9, Universit\u00e9 du littoral c\u00f4te d&rsquo;opale<\/li>\n<\/ul>\n<p>[\/et_pb_text][\/et_pb_column][\/et_pb_row][et_pb_row column_structure=\u00a0\u00bb1_3,1_3,1_3&Prime; _builder_version=\u00a0\u00bb4.16&Prime; global_colors_info=\u00a0\u00bb{}\u00a0\u00bb][et_pb_column type=\u00a0\u00bb1_3&Prime; _builder_version=\u00a0\u00bb4.16&Prime; global_colors_info=\u00a0\u00bb{}\u00a0\u00bb][et_pb_image src=\u00a0\u00bbhttps:\/\/www.kidsup.ch\/lausanne\/wp-content\/uploads\/Moniteur_Benoit.jpg\u00a0\u00bb alt=\u00a0\u00bbAna\u00efck\u00a0\u00bb title_text=\u00a0\u00bbMoniteur_Anaick\u00a0\u00bb show_in_lightbox=\u00a0\u00bbon\u00a0\u00bb _builder_version=\u00a0\u00bb4.27.4&Prime; custom_margin=\u00a0\u00bb40px||||false|false\u00a0\u00bb border_radii=\u00a0\u00bbon|20px|20px|20px|20px\u00a0\u00bb global_colors_info=\u00a0\u00bb{}\u00a0\u00bb][\/et_pb_image][\/et_pb_column][et_pb_column type=\u00a0\u00bb1_3&Prime; _builder_version=\u00a0\u00bb4.16&Prime; global_colors_info=\u00a0\u00bb{}\u00a0\u00bb][et_pb_text _builder_version=\u00a0\u00bb4.16&Prime; header_font=\u00a0\u00bb|||on|||||\u00a0\u00bb header_text_color=\u00a0\u00bb#e00052&Prime; global_colors_info=\u00a0\u00bb{}\u00a0\u00bb]<\/p>\n<h1>Beno\u00eet<\/h1>\n<p>Arriv\u00e9 chez Kids Up en 2013, Beno\u00eet est un moniteur de cirque avec une belle exp\u00e9rience d\u2019artiste.<br \/>Passionn\u00e9 de cirque, et plus particuli\u00e8rement dou\u00e9 en \u00e9quilibres, acrobatie et danse, Beno\u00eet a \u00e9t\u00e9 form\u00e9 en France, \u00e0 l\u2019\u00c9cole Nationale des Arts du Cirque de Rosny-sous-Bois, puis \u00e0 l\u2019\u00c9cole Sup\u00e9rieure des Arts du Cirque de Bruxelles.<br \/>Beno\u00eet s\u2019est produit au sein de plusieurs compagnies, participant notamment aux spectacles du Circus Monti et du cirque Eloize, avec des num\u00e9ros de trampoline et de sangles.<br \/>Une fois sa carri\u00e8re d\u2019artiste achev\u00e9e, il s\u2019est tourn\u00e9 vers l\u2019enseignement, au sein de l\u2019\u00e9cole de cirque CirkO \u00e0 Ajaccio tout d\u2019abord, avant de rejoindre Kids Up en 2013.<\/p>\n<p>[\/et_pb_text][\/et_pb_column][et_pb_column type=\u00a0\u00bb1_3&Prime; _builder_version=\u00a0\u00bb4.16&Prime; global_colors_info=\u00a0\u00bb{}\u00a0\u00bb][et_pb_text _builder_version=\u00a0\u00bb4.27.6&Prime; header_2_font=\u00a0\u00bb|||on|||||\u00a0\u00bb hover_enabled=\u00a0\u00bb0&Prime; global_colors_info=\u00a0\u00bb{}\u00a0\u00bb sticky_enabled=\u00a0\u00bb0&Prime;]<\/p>\n<h2>Dipl\u00f4mes<\/h2>\n<ul>\n<li>Moniteur Jeunesse &amp; Sport depuis 2022<\/li>\n<li>2019 : Instructeur en arts du cirque, Ecole nationale de cirque de Montr\u00e9al.<\/li>\n<li><span style=\"font-size: 14px;\">2003-2006 : Formation professionnelle <\/span><span style=\"font-size: 14px;\">\u00e0 l\u2019\u00c9cole sup\u00e9rieure des arts du cirque de Bruxelles, sp\u00e9cialisation trampoline.<\/span><\/li>\n<li>\u00a0<span style=\"font-size: 14px;\">2001-2003 : Formation professionnelle <\/span><span style=\"font-size: 14px;\">\u00e0 l\u2019\u00c9cole nationale des arts du cirque de Rosny-Sous-Bois.<\/span><span style=\"font-size: 14px;\"><\/span><\/li>\n<\/ul>\n<p>[\/et_pb_text][\/et_pb_column][\/et_pb_row][et_pb_row column_structure=\u00a0\u00bb1_3,1_3,1_3&Prime; _builder_version=\u00a0\u00bb4.16&Prime; global_colors_info=\u00a0\u00bb{}\u00a0\u00bb][et_pb_column type=\u00a0\u00bb1_3&Prime; _builder_version=\u00a0\u00bb4.16&Prime; global_colors_info=\u00a0\u00bb{}\u00a0\u00bb][et_pb_image src=\u00a0\u00bbhttps:\/\/www.kidsup.ch\/lausanne\/wp-content\/uploads\/Moniteur_Camille.jpg\u00a0\u00bb alt=\u00a0\u00bbAna\u00efck\u00a0\u00bb title_text=\u00a0\u00bbMoniteur_Anaick\u00a0\u00bb show_in_lightbox=\u00a0\u00bbon\u00a0\u00bb _builder_version=\u00a0\u00bb4.27.4&Prime; custom_margin=\u00a0\u00bb40px||||false|false\u00a0\u00bb border_radii=\u00a0\u00bbon|20px|20px|20px|20px\u00a0\u00bb global_colors_info=\u00a0\u00bb{}\u00a0\u00bb][\/et_pb_image][\/et_pb_column][et_pb_column type=\u00a0\u00bb1_3&Prime; _builder_version=\u00a0\u00bb4.16&Prime; global_colors_info=\u00a0\u00bb{}\u00a0\u00bb][et_pb_text _builder_version=\u00a0\u00bb4.18.0&Prime; header_font=\u00a0\u00bb|||on|||||\u00a0\u00bb header_text_color=\u00a0\u00bb#e00052&Prime; global_colors_info=\u00a0\u00bb{}\u00a0\u00bb]<\/p>\n<h1>Camille<\/h1>\n<p>Forte d\u2019une exp\u00e9rience dans le domaine de l\u2019administration et de la communication, mais aussi f\u00e9rue de sport et notamment de football, Camille a rejoint Kids Up au printemps 2022.<br \/>M\u00e9diamaticienne, form\u00e9e au graphisme, elle a de nombreuses cordes \u00e0 son arc et elle est d\u00e9sormais notre pivot au bureau Kids Up : souriante et dynamique, elle vous accueille et sera votre point de contact pour toute question !<\/p>\n<p>[\/et_pb_text][\/et_pb_column][et_pb_column type=\u00a0\u00bb1_3&Prime; _builder_version=\u00a0\u00bb4.16&Prime; global_colors_info=\u00a0\u00bb{}\u00a0\u00bb][et_pb_text _builder_version=\u00a0\u00bb4.18.0&Prime; header_2_font=\u00a0\u00bb|||on|||||\u00a0\u00bb global_colors_info=\u00a0\u00bb{}\u00a0\u00bb]<\/p>\n<h2>Dipl\u00f4mes<\/h2>\n<ul>\n<li>\n<p>2019 \u2013 2017 CFC M\u00e9diamaticienne, CPNV Ste-Croix<\/p>\n<\/li>\n<li>\n<p>2016 \u2013 2013 Dipl\u00f4me de culture g\u00e9n\u00e9rale<\/p>\n<\/li>\n<\/ul>\n<p>[\/et_pb_text][\/et_pb_column][\/et_pb_row][et_pb_row column_structure=\u00a0\u00bb1_3,1_3,1_3&Prime; _builder_version=\u00a0\u00bb4.16&Prime; locked=\u00a0\u00bboff\u00a0\u00bb global_colors_info=\u00a0\u00bb{}\u00a0\u00bb][et_pb_column type=\u00a0\u00bb1_3&Prime; _builder_version=\u00a0\u00bb4.16&Prime; global_colors_info=\u00a0\u00bb{}\u00a0\u00bb][et_pb_image src=\u00a0\u00bbhttps:\/\/www.kidsup.ch\/lausanne\/wp-content\/uploads\/Moniteur_Clarisse.jpg\u00a0\u00bb alt=\u00a0\u00bbAna\u00efck\u00a0\u00bb title_text=\u00a0\u00bbMoniteur_Anaick\u00a0\u00bb show_in_lightbox=\u00a0\u00bbon\u00a0\u00bb _builder_version=\u00a0\u00bb4.27.4&Prime; custom_margin=\u00a0\u00bb40px||||false|false\u00a0\u00bb border_radii=\u00a0\u00bbon|20px|20px|20px|20px\u00a0\u00bb global_colors_info=\u00a0\u00bb{}\u00a0\u00bb][\/et_pb_image][\/et_pb_column][et_pb_column type=\u00a0\u00bb1_3&Prime; _builder_version=\u00a0\u00bb4.16&Prime; global_colors_info=\u00a0\u00bb{}\u00a0\u00bb][et_pb_text _builder_version=\u00a0\u00bb4.16&Prime; header_font=\u00a0\u00bb|||on|||||\u00a0\u00bb header_text_color=\u00a0\u00bb#e00052&Prime; global_colors_info=\u00a0\u00bb{}\u00a0\u00bb]<\/p>\n<h1>Clarisse<\/h1>\n<p>Clarisse est une passionn\u00e9e : apr\u00e8s 15 ans de danse et de gymnastique \u00e0 haut-niveau, elle d\u00e9couvre le cheerleading et participe aux championnats d\u2019Europe et du monde pour l\u2019\u00e9quipe de France. Titulaire d\u2019un Bachelor en sciences du sport et d\u2019un Brevet professionnel des activit\u00e9s gymniques, elle se forme en communication et marketing.<br \/>Coach sportif et instructrice de fitness, Clarisse d\u00e9veloppe et encadre des cours de baby-gym et de cirque en r\u00e9gion parisienne d\u00e8s 2013. Apr\u00e8s quelques ann\u00e9es d\u2019exp\u00e9rience dans le marketing et la communication, elle d\u00e9cide en 2020 de reprendre le chemin de la salle et de retrouver le plaisir de l\u2019enseignement.<br \/>Clarisse encadre depuis 2020 les cours de baby-gym, circomotricit\u00e9 et cirque chez Kids Up.<\/p>\n<p>[\/et_pb_text][\/et_pb_column][et_pb_column type=\u00a0\u00bb1_3&Prime; _builder_version=\u00a0\u00bb4.16&Prime; global_colors_info=\u00a0\u00bb{}\u00a0\u00bb][et_pb_text _builder_version=\u00a0\u00bb4.27.6&Prime; header_2_font=\u00a0\u00bb|||on|||||\u00a0\u00bb hover_enabled=\u00a0\u00bb0&Prime; global_colors_info=\u00a0\u00bb{}\u00a0\u00bb sticky_enabled=\u00a0\u00bb0&Prime;]<\/p>\n<h2>Dipl\u00f4mes<\/h2>\n<ul>\n<li>2016 : Brevet Professionnel BPJEPS en Activit\u00e9s Gymniques (Minist\u00e8re des Sport FR)<\/li>\n<li>2015 : Dipl\u00f4me communication et marketing<\/li>\n<li>2013 : Bachelor en Sciences du sport, Universit\u00e9 de Lyon<\/li>\n<\/ul>\n<p>[\/et_pb_text][\/et_pb_column][\/et_pb_row][et_pb_row column_structure=\u00a0\u00bb1_3,1_3,1_3&Prime; _builder_version=\u00a0\u00bb4.16&Prime; locked=\u00a0\u00bboff\u00a0\u00bb global_colors_info=\u00a0\u00bb{}\u00a0\u00bb][et_pb_column type=\u00a0\u00bb1_3&Prime; _builder_version=\u00a0\u00bb4.16&Prime; global_colors_info=\u00a0\u00bb{}\u00a0\u00bb][et_pb_image src=\u00a0\u00bbhttps:\/\/www.kidsup.ch\/lausanne\/wp-content\/uploads\/Moniteur_Daphne.jpg\u00a0\u00bb alt=\u00a0\u00bbAna\u00efck\u00a0\u00bb title_text=\u00a0\u00bbMoniteur_Anaick\u00a0\u00bb show_in_lightbox=\u00a0\u00bbon\u00a0\u00bb _builder_version=\u00a0\u00bb4.27.4&Prime; custom_margin=\u00a0\u00bb40px||||false|false\u00a0\u00bb border_radii=\u00a0\u00bbon|20px|20px|20px|20px\u00a0\u00bb global_colors_info=\u00a0\u00bb{}\u00a0\u00bb][\/et_pb_image][\/et_pb_column][et_pb_column type=\u00a0\u00bb1_3&Prime; _builder_version=\u00a0\u00bb4.16&Prime; global_colors_info=\u00a0\u00bb{}\u00a0\u00bb][et_pb_text _builder_version=\u00a0\u00bb4.16&Prime; header_font=\u00a0\u00bb|||on|||||\u00a0\u00bb header_text_color=\u00a0\u00bb#e00052&Prime; global_colors_info=\u00a0\u00bb{}\u00a0\u00bb]<\/p>\n<h1>Daphn\u00e9<\/h1>\n<p>Daphn\u00e9 a commenc\u00e9 le cirque \u00e0 9 ans au \u00ab Bing Bang Circus \u00bb \u00e0 Rennes. Elle se sp\u00e9cialise ensuite en a\u00e9rien, trap\u00e8ze (fixe et ballant) avant de tomber amoureuse du tissu !<br \/>En 2015, Daphn\u00e9 obtient le dipl\u00f4me de socio-anthropologue sp\u00e9cialis\u00e9e dans l\u2019enfance en difficult\u00e9. Apr\u00e8s plusieurs ann\u00e9es aupr\u00e8s des enfants en difficult\u00e9s sociales et en situation de handicap, elle devient responsable d\u2019une micro-cr\u00e8che en Bretagne. En parall\u00e8le, elle fait partie de la troupe \u00ab Entre les nuages \u00bb et donne r\u00e9guli\u00e8rement des cours. Elle a \u00e9galement pratiqu\u00e9 et enseign\u00e9 la danse classique, latine et africaine.<br \/>Daphn\u00e9 concilie d\u00e9sormais ses deux passions dans un seul et m\u00eame m\u00e9tier ! Elle travaille chez Kids up comme monitrice et assistante administrative, tout en restant active dans la troupe \u00ab Fly Dance Circus \u00bb.<\/p>\n<p>[\/et_pb_text][\/et_pb_column][et_pb_column type=\u00a0\u00bb1_3&Prime; _builder_version=\u00a0\u00bb4.16&Prime; global_colors_info=\u00a0\u00bb{}\u00a0\u00bb][et_pb_text _builder_version=\u00a0\u00bb4.23.4&Prime; header_2_font=\u00a0\u00bb|||on|||||\u00a0\u00bb global_colors_info=\u00a0\u00bb{}\u00a0\u00bb]<\/p>\n<h2>Dipl\u00f4mes<\/h2>\n<ul>\n<li>Monitrice Jeunesse &amp; Sport depuis 2024<\/li>\n<li>2022 : \u00c9ducatrice de Jeunes Enfants (EJE)<\/li>\n<li>2015 : Master Sociologie Interventions sociologiques et anthropologiques, Universit\u00e9 de Lorraine<\/li>\n<\/ul>\n<p>[\/et_pb_text][\/et_pb_column][\/et_pb_row][et_pb_row column_structure=\u00a0\u00bb1_3,1_3,1_3&Prime; module_id=\u00a0\u00bbgenevieve\u00a0\u00bb _builder_version=\u00a0\u00bb4.27.2&Prime; locked=\u00a0\u00bboff\u00a0\u00bb global_colors_info=\u00a0\u00bb{}\u00a0\u00bb][et_pb_column type=\u00a0\u00bb1_3&Prime; _builder_version=\u00a0\u00bb4.16&Prime; global_colors_info=\u00a0\u00bb{}\u00a0\u00bb][et_pb_image src=\u00a0\u00bbhttps:\/\/www.kidsup.ch\/lausanne\/wp-content\/uploads\/Moniteur_Genevieve.jpg\u00a0\u00bb alt=\u00a0\u00bbAna\u00efck\u00a0\u00bb title_text=\u00a0\u00bbMoniteur_Anaick\u00a0\u00bb _builder_version=\u00a0\u00bb4.27.4&Prime; _module_preset=\u00a0\u00bbdefault\u00a0\u00bb custom_margin=\u00a0\u00bb40px||||false|false\u00a0\u00bb border_radii=\u00a0\u00bbon|20px|20px|20px|20px\u00a0\u00bb global_colors_info=\u00a0\u00bb{}\u00a0\u00bb][\/et_pb_image][\/et_pb_column][et_pb_column type=\u00a0\u00bb1_3&Prime; _builder_version=\u00a0\u00bb4.16&Prime; global_colors_info=\u00a0\u00bb{}\u00a0\u00bb][et_pb_text _builder_version=\u00a0\u00bb4.23.1&Prime; header_font=\u00a0\u00bb|||on|||||\u00a0\u00bb header_text_color=\u00a0\u00bb#e00052&Prime; global_colors_info=\u00a0\u00bb{}\u00a0\u00bb]<\/p>\n<h1>Genevi\u00e8ve<\/h1>\n<p>Apr\u00e8s un apprentissage comme assistante en pharmacie, Genevi\u00e8ve d\u00e9bute sa carri\u00e8re dans le milieu de la sant\u00e9. Elle compl\u00e8te ensuite ses connaissances avec une formation en nutrition.<br \/>D\u00e8s 2013, en parall\u00e8le avec son travail d&rsquo;assistante administrative pour des cabinets de physioth\u00e9rapie, elle se forme dans le mouvement, notamment dans l\u2019enseignement de la natation et du yoga. Elle encadre depuis 2014 des cours de natation enfantine et b\u00e9b\u00e9s nageurs, puis d\u00e9veloppe une offre de cours de yoga prenatal, postnatal et yoga enfant.<br \/>Sa longue exp\u00e9rience avec les tout-petits l\u2019am\u00e8ne chez Kids Up fin 2023, o\u00f9 Genevi\u00e8ve encadre les cours de baby-gym.<\/p>\n<p>[\/et_pb_text][\/et_pb_column][et_pb_column type=\u00a0\u00bb1_3&Prime; _builder_version=\u00a0\u00bb4.16&Prime; global_colors_info=\u00a0\u00bb{}\u00a0\u00bb][et_pb_text _builder_version=\u00a0\u00bb4.27.6&Prime; header_2_font=\u00a0\u00bb|||on|||||\u00a0\u00bb hover_enabled=\u00a0\u00bb0&Prime; global_colors_info=\u00a0\u00bb{}\u00a0\u00bb sticky_enabled=\u00a0\u00bb0&Prime;]<\/p>\n<h2>Dipl\u00f4mes<\/h2>\n<ul>\n<li>2021 : Brevet Pro Pool, BLS+AED<\/li>\n<li>2011-2021 : Formations Atha Yoga Ashtanga puis yoga pr\u00e9\/postnatal DeGasquet<\/li>\n<li>2019 : Physiopathologie ASCA et Nutritionniste, TCMA Gen\u00e8ve<\/li>\n<li>2009 CFC Assistante en pharmacie<\/li>\n<\/ul>\n<p>[\/et_pb_text][\/et_pb_column][\/et_pb_row][et_pb_row column_structure=\u00a0\u00bb1_3,1_3,1_3&Prime; _builder_version=\u00a0\u00bb4.16&Prime; locked=\u00a0\u00bboff\u00a0\u00bb global_colors_info=\u00a0\u00bb{}\u00a0\u00bb][et_pb_column type=\u00a0\u00bb1_3&Prime; _builder_version=\u00a0\u00bb4.16&Prime; global_colors_info=\u00a0\u00bb{}\u00a0\u00bb][et_pb_image src=\u00a0\u00bbhttps:\/\/www.kidsup.ch\/lausanne\/wp-content\/uploads\/Moniteur_Jody.jpg\u00a0\u00bb alt=\u00a0\u00bbAna\u00efck\u00a0\u00bb title_text=\u00a0\u00bbMoniteur_Anaick\u00a0\u00bb show_in_lightbox=\u00a0\u00bbon\u00a0\u00bb _builder_version=\u00a0\u00bb4.27.4&Prime; custom_margin=\u00a0\u00bb40px||||false|false\u00a0\u00bb border_radii=\u00a0\u00bbon|20px|20px|20px|20px\u00a0\u00bb global_colors_info=\u00a0\u00bb{}\u00a0\u00bb][\/et_pb_image][\/et_pb_column][et_pb_column type=\u00a0\u00bb1_3&Prime; _builder_version=\u00a0\u00bb4.16&Prime; global_colors_info=\u00a0\u00bb{}\u00a0\u00bb][et_pb_text _builder_version=\u00a0\u00bb4.18.0&Prime; header_font=\u00a0\u00bb|||on|||||\u00a0\u00bb header_text_color=\u00a0\u00bb#e00052&Prime; global_colors_info=\u00a0\u00bb{}\u00a0\u00bb]<\/p>\n<h1>Jody<\/h1>\n<p>Apr\u00e8s des ann\u00e9es de pratique circassienne comme enfant puis adolescente, Jody d\u00e9cide de suivre une formation professionnelle et obtient son BPJEPS dans les Arts du Cirque en 2015. Plusieurs ann\u00e9es de travail dans des villages vacances lui am\u00e8nent une incroyable exp\u00e9rience dans l\u2019animation circassienne. Elle retourne ensuite \u00e0 l\u2019\u00e9cole du cirque de son enfance, la Batoude, o\u00f9 elle enseigne 4 ans \u00e0 tous publics et tous niveaux.<br \/>Sp\u00e9cialiste de port\u00e9s acrobatiques et de trap\u00e8ze, elle rejoint Kids Up \u00e0 l\u2019\u00e9t\u00e9 2022 o\u00f9 elle encadre les cours de baby-gym comme de cirque.<\/p>\n<p>[\/et_pb_text][\/et_pb_column][et_pb_column type=\u00a0\u00bb1_3&Prime; _builder_version=\u00a0\u00bb4.16&Prime; global_colors_info=\u00a0\u00bb{}\u00a0\u00bb][et_pb_text _builder_version=\u00a0\u00bb4.27.6&Prime; header_2_font=\u00a0\u00bb|||on|||||\u00a0\u00bb hover_enabled=\u00a0\u00bb0&Prime; global_colors_info=\u00a0\u00bb{}\u00a0\u00bb sticky_enabled=\u00a0\u00bb0&Prime;]<\/p>\n<h2>Dipl\u00f4mes<\/h2>\n<ul>\n<li>Monitrice Jeunesse &amp; Sport depuis 2024<\/li>\n<li>2018-2021 : Formation professionnelle continue \u00e0 la Batoude, France. Sp\u00e9cialisation en acrobatie, mime, th\u00e9\u00e2tre<br \/>Gestuel, jonglerie, et a\u00e9riens<\/li>\n<li>2015 : <span>Brevet professionnel<\/span> BPJEPS en Arts du cirque (<span>Minist\u00e8re des Sports FR)<\/span><\/li>\n<\/ul>\n<p>[\/et_pb_text][\/et_pb_column][\/et_pb_row][et_pb_row column_structure=\u00a0\u00bb1_3,1_3,1_3&Prime; _builder_version=\u00a0\u00bb4.16&Prime; locked=\u00a0\u00bboff\u00a0\u00bb global_colors_info=\u00a0\u00bb{}\u00a0\u00bb][et_pb_column type=\u00a0\u00bb1_3&Prime; _builder_version=\u00a0\u00bb4.16&Prime; global_colors_info=\u00a0\u00bb{}\u00a0\u00bb][et_pb_image src=\u00a0\u00bbhttps:\/\/www.kidsup.ch\/lausanne\/wp-content\/uploads\/Moniteur_Leonie.jpg\u00a0\u00bb alt=\u00a0\u00bbAna\u00efck\u00a0\u00bb title_text=\u00a0\u00bbMoniteur_Anaick\u00a0\u00bb show_in_lightbox=\u00a0\u00bbon\u00a0\u00bb _builder_version=\u00a0\u00bb4.27.4&Prime; custom_margin=\u00a0\u00bb40px||||false|false\u00a0\u00bb border_radii=\u00a0\u00bbon|20px|20px|20px|20px\u00a0\u00bb global_colors_info=\u00a0\u00bb{}\u00a0\u00bb][\/et_pb_image][\/et_pb_column][et_pb_column type=\u00a0\u00bb1_3&Prime; _builder_version=\u00a0\u00bb4.16&Prime; global_colors_info=\u00a0\u00bb{}\u00a0\u00bb][et_pb_text _builder_version=\u00a0\u00bb4.19.4&Prime; header_font=\u00a0\u00bb|||on|||||\u00a0\u00bb header_text_color=\u00a0\u00bb#e00052&Prime; global_colors_info=\u00a0\u00bb{}\u00a0\u00bb]<\/p>\n<h1>L\u00e9onie<\/h1>\n<p>L\u00e9onie est notre monitrice juniore.<br \/>Tomb\u00e9e dans la gym toute petite, avec des parents entra\u00eeneurs, elle s\u2019oriente ensuite vers les arts du cirque qu\u2019elle pratique depuis 10 ans \u00e0 Coquino puis chez Kids Up. Tr\u00e8s \u00e0 l\u2019aise avec les enfants, elle encadre des cours de cirque, mais aussi le groupe scout des Cadets de Yens et les f\u00eates d\u2019anniversaire chez Kids Up.<br \/>En formation au sein de l\u2019\u00e9quipe, L\u00e9onie soutient les \u00e9l\u00e8ves \u00e0 besoin particulier et remplace r\u00e9guli\u00e8rement les moniteurs absents. Elle pr\u00e9pare dans le m\u00eame temps son examen d\u2019entr\u00e9e \u00e0 l\u2019ECAL.<\/p>\n<p>[\/et_pb_text][\/et_pb_column][et_pb_column type=\u00a0\u00bb1_3&Prime; _builder_version=\u00a0\u00bb4.16&Prime; global_colors_info=\u00a0\u00bb{}\u00a0\u00bb][et_pb_text _builder_version=\u00a0\u00bb4.27.6&Prime; header_2_font=\u00a0\u00bb|||on|||||\u00a0\u00bb hover_enabled=\u00a0\u00bb0&Prime; global_colors_info=\u00a0\u00bb{}\u00a0\u00bb sticky_enabled=\u00a0\u00bb0&Prime;]<\/p>\n<h2>Dipl\u00f4mes<\/h2>\n<ul>\n<li>Monitrice Jeunesse &amp; Sport depuis 2021<\/li>\n<li>2022 : Dipl\u00f4me monitrice Voil\u00e0 Vaud<\/li>\n<li>2021 : Dipl\u00f4me monitrice J+S Camp et trekking<\/li>\n<li>2020 : Ecole de culture g\u00e9n\u00e9rale<\/li>\n<li>2019:\u00a0 Brevet de sauvetage SSS \/ Base pool<\/li>\n<\/ul>\n<p>[\/et_pb_text][\/et_pb_column][\/et_pb_row][et_pb_row column_structure=\u00a0\u00bb1_3,1_3,1_3&Prime; _builder_version=\u00a0\u00bb4.16&Prime; locked=\u00a0\u00bboff\u00a0\u00bb global_colors_info=\u00a0\u00bb{}\u00a0\u00bb][et_pb_column type=\u00a0\u00bb1_3&Prime; _builder_version=\u00a0\u00bb4.16&Prime; global_colors_info=\u00a0\u00bb{}\u00a0\u00bb][et_pb_image src=\u00a0\u00bbhttps:\/\/www.kidsup.ch\/lausanne\/wp-content\/uploads\/Moniteur_Lisa.jpg\u00a0\u00bb alt=\u00a0\u00bbAna\u00efck\u00a0\u00bb title_text=\u00a0\u00bbMoniteur_Anaick\u00a0\u00bb show_in_lightbox=\u00a0\u00bbon\u00a0\u00bb _builder_version=\u00a0\u00bb4.27.4&Prime; custom_margin=\u00a0\u00bb40px||||false|false\u00a0\u00bb border_radii=\u00a0\u00bbon|20px|20px|20px|20px\u00a0\u00bb global_colors_info=\u00a0\u00bb{}\u00a0\u00bb][\/et_pb_image][\/et_pb_column][et_pb_column type=\u00a0\u00bb1_3&Prime; _builder_version=\u00a0\u00bb4.16&Prime; global_colors_info=\u00a0\u00bb{}\u00a0\u00bb][et_pb_text _builder_version=\u00a0\u00bb4.23.1&Prime; header_font=\u00a0\u00bb|||on|||||\u00a0\u00bb header_text_color=\u00a0\u00bb#e00052&Prime; global_colors_info=\u00a0\u00bb{}\u00a0\u00bb]<\/p>\n<h1>Lisa<\/h1>\n<p>Titulaire d\u2019une Licence en Sciences du sport, Lisa a de multiples cordes \u00e0 son arc. Monitrice de cours de gymnastique pour les 3-10 ans, responsable de centres a\u00e9r\u00e9s et de camps de vacances, sapeur-pompier volontaire ou encore enseignante en activit\u00e9s physiques adapt\u00e9es, son parcours est riche et vari\u00e9.<br \/>Lisa encadre des cours de baby-gym chez Kids Up depuis 2023 ; en parall\u00e8le, elle termine un Master en Activit\u00e9s physiques et sportives adapt\u00e9es \u00e0 l\u2019Universit\u00e9 de Lausanne.<\/p>\n<p>[\/et_pb_text][\/et_pb_column][et_pb_column type=\u00a0\u00bb1_3&Prime; _builder_version=\u00a0\u00bb4.16&Prime; global_colors_info=\u00a0\u00bb{}\u00a0\u00bb][et_pb_text _builder_version=\u00a0\u00bb4.27.6&Prime; header_2_font=\u00a0\u00bb|||on|||||\u00a0\u00bb hover_enabled=\u00a0\u00bb0&Prime; global_colors_info=\u00a0\u00bb{}\u00a0\u00bb sticky_enabled=\u00a0\u00bb0&Prime;]<\/p>\n<h2>Dipl\u00f4mes<\/h2>\n<ul>\n<li>2026 : Master en Activit\u00e9s physiques et sportives adapt\u00e9es, Universit\u00e9 de Lausanne<\/li>\n<li>2023 : Licence en sciences du sport, sp\u00e9cialisation Activit\u00e9s physiques et sportives adapt\u00e9es, Universit\u00e9 d\u2019Amiens<\/li>\n<li>2020 : Dipl\u00f4me d\u2019\u00e9quipier tout engin \u2013 Pompier volontaire<\/li>\n<li>2016 : Juge en Gymnastique artistique<\/li>\n<\/ul>\n<p>[\/et_pb_text][\/et_pb_column][\/et_pb_row][et_pb_row column_structure=\u00a0\u00bb1_3,1_3,1_3&Prime; _builder_version=\u00a0\u00bb4.16&Prime; locked=\u00a0\u00bboff\u00a0\u00bb global_colors_info=\u00a0\u00bb{}\u00a0\u00bb][et_pb_column type=\u00a0\u00bb1_3&Prime; _builder_version=\u00a0\u00bb4.16&Prime; global_colors_info=\u00a0\u00bb{}\u00a0\u00bb][et_pb_image src=\u00a0\u00bbhttps:\/\/www.kidsup.ch\/lausanne\/wp-content\/uploads\/Moniteur_Mara.jpg\u00a0\u00bb alt=\u00a0\u00bbAna\u00efck\u00a0\u00bb title_text=\u00a0\u00bbMoniteur_Anaick\u00a0\u00bb show_in_lightbox=\u00a0\u00bbon\u00a0\u00bb _builder_version=\u00a0\u00bb4.27.4&Prime; custom_margin=\u00a0\u00bb40px||||false|false\u00a0\u00bb border_radii=\u00a0\u00bbon|20px|20px|20px|20px\u00a0\u00bb global_colors_info=\u00a0\u00bb{}\u00a0\u00bb][\/et_pb_image][\/et_pb_column][et_pb_column type=\u00a0\u00bb1_3&Prime; _builder_version=\u00a0\u00bb4.16&Prime; global_colors_info=\u00a0\u00bb{}\u00a0\u00bb][et_pb_text _builder_version=\u00a0\u00bb4.27.4&Prime; header_font=\u00a0\u00bb|||on|||||\u00a0\u00bb header_text_color=\u00a0\u00bb#e00052&Prime; global_colors_info=\u00a0\u00bb{}\u00a0\u00bb]<\/p>\n<h1>Mara<\/h1>\n<p>Mara a grandi dans l\u2019univers du cirque : elle a commenc\u00e9 le cirque \u00e0 8 ans, suivi une formation cirque-\u00e9tudes \u00e0 Lausanne puis int\u00e9gr\u00e9 le programme pr\u00e9paratoire de LeZarti\u2019Cirque \u00e0 Ste-croix. Tr\u00e8s vite passionn\u00e9e par les disciplines a\u00e9riennes, elle s\u2019est sp\u00e9cialis\u00e9e dans la corde lisse, tout en explorant la danse, l\u2019acrobatie et le th\u00e9\u00e2tre.<br \/>Sa curiosit\u00e9 et son envie de se perfectionner l\u2019ont men\u00e9e \u00e0 Rotterdam, o\u00f9 elle a obtenu un Bachelor en arts du cirque \u00e0 Codarts, University of the Arts. L\u00e0-bas, elle a d\u00e9velopp\u00e9 une approche artistique riche, m\u00ealant recherche du mouvement, expression corporelle et cr\u00e9ativit\u00e9 sc\u00e9nique.<br \/>En parall\u00e8le, Mara enseigne les disciplines circassiennes depuis de plus de 10 ans, afin de partager son savoir-faire et accompagner petits et grands dans leur d\u00e9couverte du cirque. <\/p>\n<p>[\/et_pb_text][\/et_pb_column][et_pb_column type=\u00a0\u00bb1_3&Prime; _builder_version=\u00a0\u00bb4.16&Prime; global_colors_info=\u00a0\u00bb{}\u00a0\u00bb][et_pb_text _builder_version=\u00a0\u00bb4.27.6&Prime; header_2_font=\u00a0\u00bb|||on|||||\u00a0\u00bb hover_enabled=\u00a0\u00bb0&Prime; global_colors_info=\u00a0\u00bb{}\u00a0\u00bb sticky_enabled=\u00a0\u00bb0&Prime;]<\/p>\n<h2>Dipl\u00f4mes<\/h2>\n<ul>\n<li>2017-2021 : Bachelor in circus arts, Universit\u00e9 des arts de Codarts, Rotterdam, NL<\/li>\n<li>2015-2017 : Programme pr\u00e9-professionnel en Arts du cirque, LeZarti\u2019Cirque, Ste-Croix<\/li>\n<li>2015 : Maturit\u00e9 f\u00e9d\u00e9rale<\/li>\n<\/ul>\n<p>[\/et_pb_text][\/et_pb_column][\/et_pb_row][et_pb_row column_structure=\u00a0\u00bb1_3,1_3,1_3&Prime; _builder_version=\u00a0\u00bb4.16&Prime; locked=\u00a0\u00bboff\u00a0\u00bb global_colors_info=\u00a0\u00bb{}\u00a0\u00bb][et_pb_column type=\u00a0\u00bb1_3&Prime; _builder_version=\u00a0\u00bb4.16&Prime; global_colors_info=\u00a0\u00bb{}\u00a0\u00bb][et_pb_image src=\u00a0\u00bbhttps:\/\/www.kidsup.ch\/lausanne\/wp-content\/uploads\/Moniteur_Mathilda.jpg\u00a0\u00bb alt=\u00a0\u00bbAna\u00efck\u00a0\u00bb title_text=\u00a0\u00bbMoniteur_Anaick\u00a0\u00bb show_in_lightbox=\u00a0\u00bbon\u00a0\u00bb _builder_version=\u00a0\u00bb4.27.4&Prime; custom_margin=\u00a0\u00bb40px||||false|false\u00a0\u00bb border_radii=\u00a0\u00bbon|20px|20px|20px|20px\u00a0\u00bb global_colors_info=\u00a0\u00bb{}\u00a0\u00bb][\/et_pb_image][\/et_pb_column][et_pb_column type=\u00a0\u00bb1_3&Prime; _builder_version=\u00a0\u00bb4.16&Prime; global_colors_info=\u00a0\u00bb{}\u00a0\u00bb][et_pb_text _builder_version=\u00a0\u00bb4.23.4&Prime; header_font=\u00a0\u00bb|||on|||||\u00a0\u00bb header_text_color=\u00a0\u00bb#e00052&Prime; global_colors_info=\u00a0\u00bb{}\u00a0\u00bb]<\/p>\n<h1>Mathilda<\/h1>\n<p>Mathilda a grandi dans le monde de la natation synchronis\u00e9e, qu\u2019elle a pratiqu\u00e9 pendant plusieurs ann\u00e9es au niveau national, avec un titre de championne suisse en 2018. Cette pratique l\u2019a men\u00e9e \u00e0 \u00e9tudier les Sciences du Sport \u00e0 l\u2019UNIL, o\u00f9 elle a obtenu un Master en Activit\u00e9s Physiques Adapt\u00e9es. En parall\u00e8le, elle se passionne pour le cirque a\u00e9rien et plus sp\u00e9cifiquement pour le trap\u00e8ze volant. Par l\u2019interm\u00e9diaire du Club Med, Mathilda se forme dans l\u2019enseignement du cirque et travaille dans diff\u00e9rents clubs de vacances comme instructrice de cirque et de trap\u00e8ze volant. De retour de ses aventures \u00e0 l\u2019\u00e9tranger, elle rejoint l\u2019\u00e9quipe de Kids Up tout naturellement puisqu\u2019elle y animait d\u00e9j\u00e0 les f\u00eates d\u2019anniversaires lorsqu\u2019elle \u00e9tait en formation.<\/p>\n<p>[\/et_pb_text][\/et_pb_column][et_pb_column type=\u00a0\u00bb1_3&Prime; _builder_version=\u00a0\u00bb4.16&Prime; global_colors_info=\u00a0\u00bb{}\u00a0\u00bb][et_pb_text _builder_version=\u00a0\u00bb4.27.6&Prime; header_2_font=\u00a0\u00bb|||on|||||\u00a0\u00bb hover_enabled=\u00a0\u00bb0&Prime; global_colors_info=\u00a0\u00bb{}\u00a0\u00bb sticky_enabled=\u00a0\u00bb0&Prime;]<\/p>\n<h2>Dipl\u00f4mes<\/h2>\n<ul>\n<li>Monitrice Jeunesse &amp; Sport depuis 2018<\/li>\n<li>2022 : Brevet Professionnel BPJEPS en Arts du Cirque (Minist\u00e8re des Sports FR)<\/li>\n<li>2020 : Master en Sciences du sport, sp\u00e9cialisation Activit\u00e9s Physiques Adapt\u00e9es, Universit\u00e9 de Lausanne<\/li>\n<li>2019 : Bachelor en Sciences du sport et de l\u2019\u00e9ducation physique, Universit\u00e9 de Lausanne et de Z\u00fcrich<\/li>\n<\/ul>\n<p>[\/et_pb_text][\/et_pb_column][\/et_pb_row][et_pb_row column_structure=\u00a0\u00bb1_3,1_3,1_3&Prime; _builder_version=\u00a0\u00bb4.16&Prime; locked=\u00a0\u00bboff\u00a0\u00bb global_colors_info=\u00a0\u00bb{}\u00a0\u00bb][et_pb_column type=\u00a0\u00bb1_3&Prime; _builder_version=\u00a0\u00bb4.16&Prime; global_colors_info=\u00a0\u00bb{}\u00a0\u00bb][et_pb_image src=\u00a0\u00bbhttps:\/\/www.kidsup.ch\/lausanne\/wp-content\/uploads\/Moniteur_Sophie.jpg\u00a0\u00bb alt=\u00a0\u00bbAna\u00efck\u00a0\u00bb title_text=\u00a0\u00bbMoniteur_Anaick\u00a0\u00bb show_in_lightbox=\u00a0\u00bbon\u00a0\u00bb _builder_version=\u00a0\u00bb4.27.4&Prime; custom_margin=\u00a0\u00bb40px||||false|false\u00a0\u00bb border_radii=\u00a0\u00bbon|20px|20px|20px|20px\u00a0\u00bb global_colors_info=\u00a0\u00bb{}\u00a0\u00bb][\/et_pb_image][\/et_pb_column][et_pb_column type=\u00a0\u00bb1_3&Prime; _builder_version=\u00a0\u00bb4.16&Prime; global_colors_info=\u00a0\u00bb{}\u00a0\u00bb][et_pb_text _builder_version=\u00a0\u00bb4.16&Prime; header_font=\u00a0\u00bb|||on|||||\u00a0\u00bb header_text_color=\u00a0\u00bb#e00052&Prime; global_colors_info=\u00a0\u00bb{}\u00a0\u00bb]<\/p>\n<h1>Sophie<\/h1>\n<p>Arriv\u00e9e chez Kids Up en 2012, Sophie a commenc\u00e9 sa carri\u00e8re sportive par la gymnastique et le trampoline, o\u00f9 elle a acquis un niveau comp\u00e9titif national.<br \/>Titulaire d\u2019un Master en Sport et Sciences sociales, Sophie a encadr\u00e9 des enfants dans le domaine du sport acrobatique pendant de nombreuses ann\u00e9es.<br \/>Monitrice d\u2019un groupe d\u2019agr\u00e8s \u00e0 Actigym \u00c9cublens depuis 2007, elle d\u00e9couvre le cirque pendant ses \u00e9tudes de sport<br \/>\u00e0 l\u2019universit\u00e9. Enseignante \u00e0 l\u2019\u00e9cole-atelier de cirque Shanju \u00e0 \u00c9cublens de 2008 \u00e0 2011, elle d\u00e9cide de rejoindre l\u2019aventure Kids Up \u00e0 son retour d\u2019un long s\u00e9jour universitaire en Russie.<\/p>\n<p>[\/et_pb_text][\/et_pb_column][et_pb_column type=\u00a0\u00bb1_3&Prime; _builder_version=\u00a0\u00bb4.16&Prime; global_colors_info=\u00a0\u00bb{}\u00a0\u00bb][et_pb_text _builder_version=\u00a0\u00bb4.27.6&Prime; header_2_font=\u00a0\u00bb|||on|||||\u00a0\u00bb hover_enabled=\u00a0\u00bb0&Prime; global_colors_info=\u00a0\u00bb{}\u00a0\u00bb sticky_enabled=\u00a0\u00bb0&Prime;]<\/p>\n<h2>Dipl\u00f4mes<\/h2>\n<ul>\n<li>Monitrice Jeunesse &amp; Sport depuis 2014<\/li>\n<li>2014 : Dipl\u00f4me de coordinateur de sport, Office f\u00e9d\u00e9ral du sport CH<\/li>\n<li>2013 : Master en Sciences du Sport et Sciences sociales, Universit\u00e9 de Lausanne<\/li>\n<li>2011 : Bachelor en Sciences du sport, mineure en Sciences sociales, Universit\u00e9 de Lausanne<\/li>\n<\/ul>\n<p>[\/et_pb_text][\/et_pb_column][\/et_pb_row][et_pb_row column_structure=\u00a0\u00bb1_3,1_3,1_3&Prime; _builder_version=\u00a0\u00bb4.16&Prime; locked=\u00a0\u00bboff\u00a0\u00bb global_colors_info=\u00a0\u00bb{}\u00a0\u00bb][et_pb_column type=\u00a0\u00bb1_3&Prime; _builder_version=\u00a0\u00bb4.16&Prime; global_colors_info=\u00a0\u00bb{}\u00a0\u00bb][et_pb_image src=\u00a0\u00bbhttps:\/\/www.kidsup.ch\/lausanne\/wp-content\/uploads\/Moniteur_Nolvenn.jpg\u00a0\u00bb alt=\u00a0\u00bbAna\u00efck\u00a0\u00bb title_text=\u00a0\u00bbMoniteur_Anaick\u00a0\u00bb show_in_lightbox=\u00a0\u00bbon\u00a0\u00bb _builder_version=\u00a0\u00bb4.27.4&Prime; custom_margin=\u00a0\u00bb40px||||false|false\u00a0\u00bb border_radii=\u00a0\u00bbon|20px|20px|20px|20px\u00a0\u00bb global_colors_info=\u00a0\u00bb{}\u00a0\u00bb][\/et_pb_image][\/et_pb_column][et_pb_column type=\u00a0\u00bb1_3&Prime; _builder_version=\u00a0\u00bb4.16&Prime; global_colors_info=\u00a0\u00bb{}\u00a0\u00bb][et_pb_text _builder_version=\u00a0\u00bb4.16&Prime; header_font=\u00a0\u00bb|||on|||||\u00a0\u00bb header_text_color=\u00a0\u00bb#e00052&Prime; global_colors_info=\u00a0\u00bb{}\u00a0\u00bb]<\/p>\n<h1>Nolvenn<\/h1>\n<p>Nolvenn a longtemps pratiqu\u00e9 la gymnastique de comp\u00e9tition, le trampoline et le cirque.<br \/>\nElle commence sa carri\u00e8re comme entra\u00eeneur de gymnastique artistique, apr\u00e8s une formation professionnelle (Brevet d\u2019\u00c9tat d\u2019\u00c9ducateur en activit\u00e9s gymniques, d\u2019entra\u00eeneur de gymnastique de haut niveau, Licence en sciences du sport).<br \/>\nApr\u00e8s un Master en gestion et droit du sport, Nolvenn se dirige vers l\u2019administration du sport. D\u2019abord cadre du Minist\u00e8re des Sports fran\u00e7ais, elle a ensuite travaill\u00e9 7 ans au Comit\u00e9 International Olympique (CIO) puis comme Directrice de SportAccord. Apr\u00e8s 12 ans dans un bureau, elle a d\u00e9cid\u00e9 de retourner \u00e0 ses premi\u00e8res amours et fonde Kids Up.[\/et_pb_text][\/et_pb_column][et_pb_column type=\u00a0\u00bb1_3&Prime; _builder_version=\u00a0\u00bb4.16&Prime; global_colors_info=\u00a0\u00bb{}\u00a0\u00bb][et_pb_text _builder_version=\u00a0\u00bb4.27.6&Prime; header_2_font=\u00a0\u00bb|||on|||||\u00a0\u00bb hover_enabled=\u00a0\u00bb0&Prime; global_colors_info=\u00a0\u00bb{}\u00a0\u00bb sticky_enabled=\u00a0\u00bb0&Prime;]<\/p>\n<h2>Dipl\u00f4mes<\/h2>\n<ul>\n<li>2002 : International FIFA Master (MA) in Humanities, Management and Law of Sport<\/li>\n<li>1999 : Bachelor en Sciences du Sport, Universit\u00e9 de Marseille<\/li>\n<li>1998 : Brevet professionnel BEES 2\u00e8me degr\u00e9 en Gymnastique \u2013 Entra\u00eeneur d\u2019\u00e9lite, Minist\u00e8re des Sports \/ FFGym<\/li>\n<li>1995 : Brevet professionnel BEES 1er degr\u00e9 \u2013 Gymnastique de comp\u00e9tition, Minist\u00e8re des Sports \/ FFGym<\/li>\n<\/ul>\n<p>[\/et_pb_text][\/et_pb_column][\/et_pb_row][\/et_pb_section]<\/p>\n","protected":false},"excerpt":{"rendered":"<p>Notre \u00e9quipe Votre enfant est au coeur de notre m\u00e9tier et c&rsquo;est pourquoi nous faisons appel aux meilleurs talents pour en prendre soin et assurer leur s\u00e9curit\u00e9 ! Tous nos moniteurs sont des professionnels form\u00e9s et certifi\u00e9s dans leur domaine : psymotricien(ne)s pour s&rsquo;occuper des tout-petits, circassien(ne)s pour les cours de cirque. Mais par dessus [&hellip;]<\/p>\n","protected":false},"author":1,"featured_media":0,"parent":2492,"menu_order":64,"comment_status":"closed","ping_status":"closed","template":"","meta":{"_et_pb_use_builder":"on","_et_pb_old_content":"<!-- wp:divi\/placeholder \/-->","_et_gb_content_width":"","footnotes":""},"class_list":["post-1938","page","type-page","status-publish","hentry"],"yoast_head":"<!-- This site is optimized with the Yoast SEO plugin v27.5 - https:\/\/yoast.com\/product\/yoast-seo-wordpress\/ -->\n<title>Notre Equipe - Kids Up Lausanne<\/title>\n<meta name=\"description\" content=\"Nous prenons tr\u00e8s au s\u00e9rieux la s\u00e9curit\u00e9 de vos enfants. C&#039;est pourquoi nous n&#039;engageons que des professionnels form\u00e9s et certifi\u00e9s.\" \/>\n<meta name=\"robots\" content=\"index, follow, max-snippet:-1, max-image-preview:large, max-video-preview:-1\" \/>\n<link rel=\"canonical\" href=\"https:\/\/www.kidsup.ch\/lausanne\/a-propos\/notre-equipe\/\" \/>\n<meta property=\"og:locale\" content=\"fr_FR\" \/>\n<meta property=\"og:type\" content=\"article\" \/>\n<meta property=\"og:title\" content=\"Notre Equipe - Kids Up Lausanne\" \/>\n<meta property=\"og:description\" content=\"Nous prenons tr\u00e8s au s\u00e9rieux la s\u00e9curit\u00e9 de vos enfants. C&#039;est pourquoi nous n&#039;engageons que des professionnels form\u00e9s et certifi\u00e9s.\" \/>\n<meta property=\"og:url\" content=\"https:\/\/www.kidsup.ch\/lausanne\/a-propos\/notre-equipe\/\" \/>\n<meta property=\"og:site_name\" content=\"Kids Up Lausanne\" \/>\n<meta property=\"article:publisher\" content=\"https:\/\/www.facebook.com\/KidsUpLausanne\" \/>\n<meta property=\"article:modified_time\" content=\"2026-03-11T09:43:23+00:00\" \/>\n<meta property=\"og:image\" content=\"https:\/\/www.kidsup.ch\/lausanne\/wp-content\/uploads\/kidsup-logo.png\" \/>\n\t<meta property=\"og:image:width\" content=\"250\" \/>\n\t<meta property=\"og:image:height\" content=\"102\" \/>\n\t<meta property=\"og:image:type\" content=\"image\/png\" \/>\n<meta name=\"twitter:card\" content=\"summary_large_image\" \/>\n<meta name=\"twitter:label1\" content=\"Dur\u00e9e de lecture estim\u00e9e\" \/>\n\t<meta name=\"twitter:data1\" content=\"21 minutes\" \/>\n<script type=\"application\/ld+json\" class=\"yoast-schema-graph\">{\"@context\":\"https:\\\/\\\/schema.org\",\"@graph\":[{\"@type\":\"WebPage\",\"@id\":\"https:\\\/\\\/www.kidsup.ch\\\/lausanne\\\/a-propos\\\/notre-equipe\\\/\",\"url\":\"https:\\\/\\\/www.kidsup.ch\\\/lausanne\\\/a-propos\\\/notre-equipe\\\/\",\"name\":\"Notre Equipe - Kids Up Lausanne\",\"isPartOf\":{\"@id\":\"https:\\\/\\\/www.kidsup.ch\\\/lausanne\\\/#website\"},\"datePublished\":\"2019-09-24T06:46:46+00:00\",\"dateModified\":\"2026-03-11T09:43:23+00:00\",\"description\":\"Nous prenons tr\u00e8s au s\u00e9rieux la s\u00e9curit\u00e9 de vos enfants. C'est pourquoi nous n'engageons que des professionnels form\u00e9s et certifi\u00e9s.\",\"breadcrumb\":{\"@id\":\"https:\\\/\\\/www.kidsup.ch\\\/lausanne\\\/a-propos\\\/notre-equipe\\\/#breadcrumb\"},\"inLanguage\":\"fr-FR\",\"potentialAction\":[{\"@type\":\"ReadAction\",\"target\":[\"https:\\\/\\\/www.kidsup.ch\\\/lausanne\\\/a-propos\\\/notre-equipe\\\/\"]}]},{\"@type\":\"BreadcrumbList\",\"@id\":\"https:\\\/\\\/www.kidsup.ch\\\/lausanne\\\/a-propos\\\/notre-equipe\\\/#breadcrumb\",\"itemListElement\":[{\"@type\":\"ListItem\",\"position\":1,\"name\":\"Home\",\"item\":\"https:\\\/\\\/www.kidsup.ch\\\/lausanne\\\/\"},{\"@type\":\"ListItem\",\"position\":2,\"name\":\"A propos de nous\",\"item\":\"https:\\\/\\\/www.kidsup.ch\\\/lausanne\\\/a-propos\\\/\"},{\"@type\":\"ListItem\",\"position\":3,\"name\":\"Notre Equipe\"}]},{\"@type\":\"WebSite\",\"@id\":\"https:\\\/\\\/www.kidsup.ch\\\/lausanne\\\/#website\",\"url\":\"https:\\\/\\\/www.kidsup.ch\\\/lausanne\\\/\",\"name\":\"Kids Up Lausanne\",\"description\":\"Baby gym, cirque &amp; trampoline\",\"publisher\":{\"@id\":\"https:\\\/\\\/www.kidsup.ch\\\/lausanne\\\/#organization\"},\"potentialAction\":[{\"@type\":\"SearchAction\",\"target\":{\"@type\":\"EntryPoint\",\"urlTemplate\":\"https:\\\/\\\/www.kidsup.ch\\\/lausanne\\\/?s={search_term_string}\"},\"query-input\":{\"@type\":\"PropertyValueSpecification\",\"valueRequired\":true,\"valueName\":\"search_term_string\"}}],\"inLanguage\":\"fr-FR\"},{\"@type\":\"Organization\",\"@id\":\"https:\\\/\\\/www.kidsup.ch\\\/lausanne\\\/#organization\",\"name\":\"Kids Up Lausanne\",\"url\":\"https:\\\/\\\/www.kidsup.ch\\\/lausanne\\\/\",\"logo\":{\"@type\":\"ImageObject\",\"inLanguage\":\"fr-FR\",\"@id\":\"https:\\\/\\\/www.kidsup.ch\\\/lausanne\\\/#\\\/schema\\\/logo\\\/image\\\/\",\"url\":\"https:\\\/\\\/www.kidsup.ch\\\/lausanne\\\/wp-content\\\/uploads\\\/kidsup-lausanne-logo.png\",\"contentUrl\":\"https:\\\/\\\/www.kidsup.ch\\\/lausanne\\\/wp-content\\\/uploads\\\/kidsup-lausanne-logo.png\",\"width\":340,\"height\":65,\"caption\":\"Kids Up Lausanne\"},\"image\":{\"@id\":\"https:\\\/\\\/www.kidsup.ch\\\/lausanne\\\/#\\\/schema\\\/logo\\\/image\\\/\"},\"sameAs\":[\"https:\\\/\\\/www.facebook.com\\\/KidsUpLausanne\",\"https:\\\/\\\/www.instagram.com\\\/kids_up_lausanne\",\"https:\\\/\\\/www.youtube.com\\\/KidsUpSuisse\"]}]}<\/script>\n<!-- \/ Yoast SEO plugin. -->","yoast_head_json":{"title":"Notre Equipe - Kids Up Lausanne","description":"Nous prenons tr\u00e8s au s\u00e9rieux la s\u00e9curit\u00e9 de vos enfants. C'est pourquoi nous n'engageons que des professionnels form\u00e9s et certifi\u00e9s.","robots":{"index":"index","follow":"follow","max-snippet":"max-snippet:-1","max-image-preview":"max-image-preview:large","max-video-preview":"max-video-preview:-1"},"canonical":"https:\/\/www.kidsup.ch\/lausanne\/a-propos\/notre-equipe\/","og_locale":"fr_FR","og_type":"article","og_title":"Notre Equipe - Kids Up Lausanne","og_description":"Nous prenons tr\u00e8s au s\u00e9rieux la s\u00e9curit\u00e9 de vos enfants. C'est pourquoi nous n'engageons que des professionnels form\u00e9s et certifi\u00e9s.","og_url":"https:\/\/www.kidsup.ch\/lausanne\/a-propos\/notre-equipe\/","og_site_name":"Kids Up Lausanne","article_publisher":"https:\/\/www.facebook.com\/KidsUpLausanne","article_modified_time":"2026-03-11T09:43:23+00:00","og_image":[{"width":250,"height":102,"url":"https:\/\/www.kidsup.ch\/lausanne\/wp-content\/uploads\/kidsup-logo.png","type":"image\/png"}],"twitter_card":"summary_large_image","twitter_misc":{"Dur\u00e9e de lecture estim\u00e9e":"21 minutes"},"schema":{"@context":"https:\/\/schema.org","@graph":[{"@type":"WebPage","@id":"https:\/\/www.kidsup.ch\/lausanne\/a-propos\/notre-equipe\/","url":"https:\/\/www.kidsup.ch\/lausanne\/a-propos\/notre-equipe\/","name":"Notre Equipe - Kids Up Lausanne","isPartOf":{"@id":"https:\/\/www.kidsup.ch\/lausanne\/#website"},"datePublished":"2019-09-24T06:46:46+00:00","dateModified":"2026-03-11T09:43:23+00:00","description":"Nous prenons tr\u00e8s au s\u00e9rieux la s\u00e9curit\u00e9 de vos enfants. C'est pourquoi nous n'engageons que des professionnels form\u00e9s et certifi\u00e9s.","breadcrumb":{"@id":"https:\/\/www.kidsup.ch\/lausanne\/a-propos\/notre-equipe\/#breadcrumb"},"inLanguage":"fr-FR","potentialAction":[{"@type":"ReadAction","target":["https:\/\/www.kidsup.ch\/lausanne\/a-propos\/notre-equipe\/"]}]},{"@type":"BreadcrumbList","@id":"https:\/\/www.kidsup.ch\/lausanne\/a-propos\/notre-equipe\/#breadcrumb","itemListElement":[{"@type":"ListItem","position":1,"name":"Home","item":"https:\/\/www.kidsup.ch\/lausanne\/"},{"@type":"ListItem","position":2,"name":"A propos de nous","item":"https:\/\/www.kidsup.ch\/lausanne\/a-propos\/"},{"@type":"ListItem","position":3,"name":"Notre Equipe"}]},{"@type":"WebSite","@id":"https:\/\/www.kidsup.ch\/lausanne\/#website","url":"https:\/\/www.kidsup.ch\/lausanne\/","name":"Kids Up Lausanne","description":"Baby gym, cirque &amp; trampoline","publisher":{"@id":"https:\/\/www.kidsup.ch\/lausanne\/#organization"},"potentialAction":[{"@type":"SearchAction","target":{"@type":"EntryPoint","urlTemplate":"https:\/\/www.kidsup.ch\/lausanne\/?s={search_term_string}"},"query-input":{"@type":"PropertyValueSpecification","valueRequired":true,"valueName":"search_term_string"}}],"inLanguage":"fr-FR"},{"@type":"Organization","@id":"https:\/\/www.kidsup.ch\/lausanne\/#organization","name":"Kids Up Lausanne","url":"https:\/\/www.kidsup.ch\/lausanne\/","logo":{"@type":"ImageObject","inLanguage":"fr-FR","@id":"https:\/\/www.kidsup.ch\/lausanne\/#\/schema\/logo\/image\/","url":"https:\/\/www.kidsup.ch\/lausanne\/wp-content\/uploads\/kidsup-lausanne-logo.png","contentUrl":"https:\/\/www.kidsup.ch\/lausanne\/wp-content\/uploads\/kidsup-lausanne-logo.png","width":340,"height":65,"caption":"Kids Up Lausanne"},"image":{"@id":"https:\/\/www.kidsup.ch\/lausanne\/#\/schema\/logo\/image\/"},"sameAs":["https:\/\/www.facebook.com\/KidsUpLausanne","https:\/\/www.instagram.com\/kids_up_lausanne","https:\/\/www.youtube.com\/KidsUpSuisse"]}]}},"_links":{"self":[{"href":"https:\/\/www.kidsup.ch\/lausanne\/wp-json\/wp\/v2\/pages\/1938","targetHints":{"allow":["GET"]}}],"collection":[{"href":"https:\/\/www.kidsup.ch\/lausanne\/wp-json\/wp\/v2\/pages"}],"about":[{"href":"https:\/\/www.kidsup.ch\/lausanne\/wp-json\/wp\/v2\/types\/page"}],"author":[{"embeddable":true,"href":"https:\/\/www.kidsup.ch\/lausanne\/wp-json\/wp\/v2\/users\/1"}],"replies":[{"embeddable":true,"href":"https:\/\/www.kidsup.ch\/lausanne\/wp-json\/wp\/v2\/comments?post=1938"}],"version-history":[{"count":81,"href":"https:\/\/www.kidsup.ch\/lausanne\/wp-json\/wp\/v2\/pages\/1938\/revisions"}],"predecessor-version":[{"id":6148,"href":"https:\/\/www.kidsup.ch\/lausanne\/wp-json\/wp\/v2\/pages\/1938\/revisions\/6148"}],"up":[{"embeddable":true,"href":"https:\/\/www.kidsup.ch\/lausanne\/wp-json\/wp\/v2\/pages\/2492"}],"wp:attachment":[{"href":"https:\/\/www.kidsup.ch\/lausanne\/wp-json\/wp\/v2\/media?parent=1938"}],"curies":[{"name":"wp","href":"https:\/\/api.w.org\/{rel}","templated":true}]}}