{"id":2257,"date":"2019-10-05T23:15:01","date_gmt":"2019-10-05T21:15:01","guid":{"rendered":"https:\/\/www.kidsup.ch\/geneve\/?page_id=2257"},"modified":"2026-04-27T19:54:39","modified_gmt":"2026-04-27T17:54:39","slug":"cirque","status":"publish","type":"page","link":"https:\/\/www.kidsup.ch\/geneve\/cours\/cirque\/","title":{"rendered":"Cours de cirque pour les enfants"},"content":{"rendered":"<p>[et_pb_section fb_built=\u00a0\u00bb1&Prime; fullwidth=\u00a0\u00bbon\u00a0\u00bb _builder_version=\u00a0\u00bb4.27.4&Prime; background_color=\u00a0\u00bbRGBA(255,255,255,0)\u00a0\u00bb background_video_mp4=\u00a0\u00bbhttps:\/\/www.kidsup.ch\/geneve\/wp-content\/uploads\/KUG-CI-video.mp4&Prime; height=\u00a0\u00bb600px\u00a0\u00bb height_tablet=\u00a0\u00bb600px\u00a0\u00bb height_phone=\u00a0\u00bb450px\u00a0\u00bb height_last_edited=\u00a0\u00bbon|phone\u00a0\u00bb da_disable_devices=\u00a0\u00bboff|off|off\u00a0\u00bb global_colors_info=\u00a0\u00bb{}\u00a0\u00bb da_is_popup=\u00a0\u00bboff\u00a0\u00bb da_exit_intent=\u00a0\u00bboff\u00a0\u00bb da_has_close=\u00a0\u00bbon\u00a0\u00bb da_alt_close=\u00a0\u00bboff\u00a0\u00bb da_dark_close=\u00a0\u00bboff\u00a0\u00bb da_not_modal=\u00a0\u00bbon\u00a0\u00bb da_is_singular=\u00a0\u00bboff\u00a0\u00bb da_with_loader=\u00a0\u00bboff\u00a0\u00bb da_has_shadow=\u00a0\u00bbon\u00a0\u00bb][et_pb_fullwidth_header title=\u00a0\u00bbCirque\u00a0\u00bb subhead=\u00a0\u00bbD\u00e9couvrez nos cours pour les enfants d\u00e8s la 3P\u00a0\u00bb text_orientation=\u00a0\u00bbcenter\u00a0\u00bb background_overlay_color=\u00a0\u00bbRGBA(255,255,255,0)\u00a0\u00bb _builder_version=\u00a0\u00bb4.27.4&Prime; _module_preset=\u00a0\u00bbdefault\u00a0\u00bb title_font=\u00a0\u00bbVAG Rounded Bold|||on|||||\u00a0\u00bb title_text_color=\u00a0\u00bb#FFFFFF\u00a0\u00bb title_font_size=\u00a0\u00bb35px\u00a0\u00bb subhead_text_color=\u00a0\u00bb#FFFFFF\u00a0\u00bb subhead_font_size=\u00a0\u00bb20px\u00a0\u00bb global_colors_info=\u00a0\u00bb{}\u00a0\u00bb][\/et_pb_fullwidth_header][\/et_pb_section][et_pb_section fb_built=\u00a0\u00bb1&Prime; specialty=\u00a0\u00bbon\u00a0\u00bb _builder_version=\u00a0\u00bb4.16&Prime; da_disable_devices=\u00a0\u00bboff|off|off\u00a0\u00bb global_colors_info=\u00a0\u00bb{}\u00a0\u00bb da_is_popup=\u00a0\u00bboff\u00a0\u00bb da_exit_intent=\u00a0\u00bboff\u00a0\u00bb da_has_close=\u00a0\u00bbon\u00a0\u00bb da_alt_close=\u00a0\u00bboff\u00a0\u00bb da_dark_close=\u00a0\u00bboff\u00a0\u00bb da_not_modal=\u00a0\u00bbon\u00a0\u00bb da_is_singular=\u00a0\u00bboff\u00a0\u00bb da_with_loader=\u00a0\u00bboff\u00a0\u00bb da_has_shadow=\u00a0\u00bbon\u00a0\u00bb][et_pb_column type=\u00a0\u00bb1_2&Prime; specialty_columns=\u00a0\u00bb2&Prime; _builder_version=\u00a0\u00bb4.16&Prime; custom_padding=\u00a0\u00bb|||\u00a0\u00bb global_colors_info=\u00a0\u00bb{}\u00a0\u00bb custom_padding__hover=\u00a0\u00bb|||\u00a0\u00bb][et_pb_row_inner column_structure=\u00a0\u00bb1_2,1_2&Prime; use_custom_gutter=\u00a0\u00bbon\u00a0\u00bb gutter_width=\u00a0\u00bb1&Prime; _builder_version=\u00a0\u00bb4.27.4&Prime; background_color=\u00a0\u00bbrgba(99,154,176,0.1)\u00a0\u00bb custom_margin=\u00a0\u00bb|-3px||||\u00a0\u00bb custom_padding=\u00a0\u00bb||0px||false|false\u00a0\u00bb border_radii=\u00a0\u00bboff|10px|10px||\u00a0\u00bb border_width_top=\u00a0\u00bb1px\u00a0\u00bb border_color_top=\u00a0\u00bb#639ab0&Prime; border_width_right=\u00a0\u00bb1px\u00a0\u00bb border_color_right=\u00a0\u00bb#639ab0&Prime; border_width_left=\u00a0\u00bb1px\u00a0\u00bb border_color_left=\u00a0\u00bb#639ab0&Prime; global_colors_info=\u00a0\u00bb{}\u00a0\u00bb][et_pb_column_inner type=\u00a0\u00bb1_2&Prime; saved_specialty_column_type=\u00a0\u00bb1_2&Prime; _builder_version=\u00a0\u00bb4.16&Prime; global_colors_info=\u00a0\u00bb{}\u00a0\u00bb][et_pb_blurb title=\u00a0\u00bbAge\u00a0\u00bb use_icon=\u00a0\u00bbon\u00a0\u00bb font_icon=\u00a0\u00bb&#xe08a;||divi||400&Prime; icon_color=\u00a0\u00bb#639ab0&Prime; image_icon_width=\u00a0\u00bb50px\u00a0\u00bb _builder_version=\u00a0\u00bb4.16&Prime; header_font=\u00a0\u00bb|||on|||||\u00a0\u00bb header_text_align=\u00a0\u00bbcenter\u00a0\u00bb header_text_color=\u00a0\u00bb#639ab0&Prime; text_orientation=\u00a0\u00bbcenter\u00a0\u00bb custom_margin=\u00a0\u00bb||30px||false|false\u00a0\u00bb icon_font_size=\u00a0\u00bb50px\u00a0\u00bb global_colors_info=\u00a0\u00bb{}\u00a0\u00bb]<\/p>\n<p>D\u00e8s la 3P<\/p>\n<p>[\/et_pb_blurb][\/et_pb_column_inner][et_pb_column_inner type=\u00a0\u00bb1_2&Prime; saved_specialty_column_type=\u00a0\u00bb1_2&Prime; _builder_version=\u00a0\u00bb4.16&Prime; global_colors_info=\u00a0\u00bb{}\u00a0\u00bb][et_pb_blurb title=\u00a0\u00bbDur\u00e9e\u00a0\u00bb use_icon=\u00a0\u00bbon\u00a0\u00bb font_icon=\u00a0\u00bb&#xe60d;||divi||400&Prime; icon_color=\u00a0\u00bb#639ab0&Prime; image_icon_width=\u00a0\u00bb50px\u00a0\u00bb _builder_version=\u00a0\u00bb4.16&Prime; header_font=\u00a0\u00bb|||on|||||\u00a0\u00bb header_text_align=\u00a0\u00bbcenter\u00a0\u00bb header_text_color=\u00a0\u00bb#639ab0&Prime; text_orientation=\u00a0\u00bbcenter\u00a0\u00bb custom_margin=\u00a0\u00bb||30px||false|false\u00a0\u00bb icon_font_size=\u00a0\u00bb50px\u00a0\u00bb global_colors_info=\u00a0\u00bb{}\u00a0\u00bb]<\/p>\n<p>1h15\u00a0<\/p>\n<p>[\/et_pb_blurb][\/et_pb_column_inner][\/et_pb_row_inner][et_pb_row_inner column_structure=\u00a0\u00bb1_2,1_2&Prime; _builder_version=\u00a0\u00bb4.27.4&Prime; background_color=\u00a0\u00bbrgba(99,154,176,0.1)\u00a0\u00bb width=\u00a0\u00bb100%\u00a0\u00bb custom_padding=\u00a0\u00bb|20px||20px|false|false\u00a0\u00bb border_radii=\u00a0\u00bboff|||10px|10px\u00a0\u00bb border_width_right=\u00a0\u00bb1px\u00a0\u00bb border_color_right=\u00a0\u00bb#639ab0&Prime; border_width_bottom=\u00a0\u00bb1px\u00a0\u00bb border_color_bottom=\u00a0\u00bb#639ab0&Prime; border_width_left=\u00a0\u00bb1px\u00a0\u00bb border_color_left=\u00a0\u00bb#639ab0&Prime; global_colors_info=\u00a0\u00bb{}\u00a0\u00bb][et_pb_column_inner type=\u00a0\u00bb1_2&Prime; saved_specialty_column_type=\u00a0\u00bb1_2&Prime; _builder_version=\u00a0\u00bb4.16&Prime; global_colors_info=\u00a0\u00bb{}\u00a0\u00bb][et_pb_button button_url=\u00a0\u00bb@ET-DC@eyJkeW5hbWljIjp0cnVlLCJjb250ZW50IjoicG9zdF9saW5rX3VybF9hdHRhY2htZW50Iiwic2V0dGluZ3MiOnsicG9zdF9pZCI6IjQ5NTAifX0=@\u00a0\u00bb url_new_window=\u00a0\u00bbon\u00a0\u00bb button_text=\u00a0\u00bbHORAIRE DES COURS 2627&Prime; button_alignment=\u00a0\u00bbcenter\u00a0\u00bb _builder_version=\u00a0\u00bb4.27.6&Prime; _dynamic_attributes=\u00a0\u00bbbutton_url\u00a0\u00bb button_bg_color=\u00a0\u00bb#639ab0&Prime; custom_margin=\u00a0\u00bb|-20px||||\u00a0\u00bb hover_enabled=\u00a0\u00bb0&Prime; global_colors_info=\u00a0\u00bb{}\u00a0\u00bb sticky_enabled=\u00a0\u00bb0&Prime;][\/et_pb_button][\/et_pb_column_inner][et_pb_column_inner type=\u00a0\u00bb1_2&Prime; saved_specialty_column_type=\u00a0\u00bb1_2&Prime; _builder_version=\u00a0\u00bb4.27.4&Prime; _module_preset=\u00a0\u00bbdefault\u00a0\u00bb global_colors_info=\u00a0\u00bb{}\u00a0\u00bb][et_pb_button button_url=\u00a0\u00bbhttps:\/\/kidsupgeneve.cogito-sport.ch\/WebRegistration\/LessonSelection?itemCode=CI\u00a0\u00bb url_new_window=\u00a0\u00bbon\u00a0\u00bb button_text=\u00a0\u00bbESSAI INSCRIPTION\u00a0\u00bb button_alignment=\u00a0\u00bbcenter\u00a0\u00bb _builder_version=\u00a0\u00bb4.27.4&Prime; button_bg_color=\u00a0\u00bb#639ab0&Prime; global_colors_info=\u00a0\u00bb{}\u00a0\u00bb][\/et_pb_button][et_pb_button button_url=\u00a0\u00bbhttps:\/\/kidsupgeneve.cogito-sport.ch\/WebRegistration\/GroupSelection?itemCode=PO-CI&#038;lessonPeriodId=017dc892-0da0-44d7-81ab-c5a45242df50&#038;formId=00000000-0000-0000-0000-000000000000&Prime; url_new_window=\u00a0\u00bbon\u00a0\u00bb button_text=\u00a0\u00bbPORTES OUVERTES SAMEDI 27.6.26 15h15&Prime; button_alignment=\u00a0\u00bbcenter\u00a0\u00bb _builder_version=\u00a0\u00bb4.27.6&Prime; button_bg_color=\u00a0\u00bb#639ab0&Prime; global_colors_info=\u00a0\u00bb{}\u00a0\u00bb][\/et_pb_button][\/et_pb_column_inner][\/et_pb_row_inner][\/et_pb_column][et_pb_column type=\u00a0\u00bb1_2&Prime; _builder_version=\u00a0\u00bb4.16&Prime; custom_padding=\u00a0\u00bb|||\u00a0\u00bb global_colors_info=\u00a0\u00bb{}\u00a0\u00bb custom_padding__hover=\u00a0\u00bb|||\u00a0\u00bb][et_pb_text _builder_version=\u00a0\u00bb4.16&Prime; header_text_color=\u00a0\u00bb#639ab0&Prime; header_font_size=\u00a0\u00bb24px\u00a0\u00bb custom_margin=\u00a0\u00bb||||false|false\u00a0\u00bb global_colors_info=\u00a0\u00bb{}\u00a0\u00bb]<\/p>\n<h1>Nos cours de cirque<\/h1>\n<p>Pour les enfants d\u00e8s la 3P et au-del\u00e0, l&rsquo;\u00e9cole de cirque Kids Up propose des cours hebdomadaires de cirque pour d\u00e9velopper leurs capacit\u00e9s motrices et de coordination, d\u00e9passer leurs limites et leurs peurs, tout en s\u2019essayant \u00e0 des disciplines vari\u00e9es et ludiques et en se perfectionnant aux arts du cirque dans toute leur vari\u00e9t\u00e9.<\/p>\n<p>Les s\u00e9ances sont organis\u00e9es autour de circuits d\u2019apprentissage sur des disciplines et des \u00e9l\u00e9ments techniques qui varient chaque semaine, dans une id\u00e9e de progression : depuis des \u00e9l\u00e9ments simples et r\u00e9alis\u00e9s globalement, vers des \u00e9l\u00e9ments plus complexes. Le contenu enseign\u00e9 couvre les disciplines circassiennes, notamment acrobatie (pyramides, acrobaties au sol, mini-trampoline), \u00e9quilibre (fil de fer, boule, poutre, rouleau\u2026), disciplines a\u00e9riennes (trap\u00e8ze a\u00e9rien, tissu a\u00e9rien), adresse, jonglerie.<\/p>\n<p>Tous nos cours de cirque sont pr\u00e9par\u00e9s par notre \u00e9quipe compos\u00e9e <a href=\"\/geneve\/a-propos\/notre-equipe\">de moniteurs de cirque dipl\u00f4m\u00e9s, d&rsquo;\u00e9ducateurs sportifs et de psychomotriciennes<\/a>, afin d\u2019assurer un contenu adapt\u00e9 et \u00e9volutif et une s\u00e9curit\u00e9 maximale.<\/p>\n<p>[\/et_pb_text][et_pb_toggle title=\u00a0\u00bbOrganisation des s\u00e9ances\u00a0\u00bb _builder_version=\u00a0\u00bb4.16&Prime; global_colors_info=\u00a0\u00bb{}\u00a0\u00bb]Les s\u00e9ances sont pr\u00e9vues pour un enfant autonome; le parent ne participe pas au cours.<br \/>\nLes s\u00e9ances se d\u00e9roulent de la fa\u00e7on suivante :<\/p>\n<ul>\n<li>L\u2019\u00e9chauffement\n<li>3 sessions d\u2019apprentissage sur des disciplines diff\u00e9rentes\n<li>Une courte s\u00e9ance d\u2019\u00e9tirements et un retour au calme<\/ul>\n<p>[\/et_pb_toggle][et_pb_toggle title=\u00a0\u00bbObjectifs\u00a0\u00bb _builder_version=\u00a0\u00bb4.16&Prime; global_colors_info=\u00a0\u00bb{}\u00a0\u00bb]Nos cours de cirque enfant visent \u00e0 d\u00e9velopper :<\/p>\n<ul>\n<li>Le d\u00e9veloppement de la force physique, de la souplesse et de la coordination\n<li>La mise en avant des talents de chaque enfant gr\u00e2ce \u00e0 la diversit\u00e9 des disciplines\n<li>La participation active au sein d\u2019un groupe, dans un esprit bienveillant d\u2019entraide et de camaraderie\n<li>L\u2019\u00e9coute et le respect des consignes\n<li>Une gestion sereine de la r\u00e9ussite et de la d\u00e9ception\n<li>La concentration\n<li>La confiance en soi<\/ul>\n<p>Et surtout, votre enfant pourra utiliser tout ce qu\u2019il a appris chez Kids Up \u00e0 la maison, \u00e0 l\u2019\u00e9cole et au quotidien. Un bagage qui a fait ses preuves et lui donnera une belle longueur d\u2019avance dans la vie.[\/et_pb_toggle][et_pb_toggle title=\u00a0\u00bbConditions g\u00e9n\u00e9rales\u00a0\u00bb _builder_version=\u00a0\u00bb4.27.0&Prime; custom_padding=\u00a0\u00bb20px|||||\u00a0\u00bb link_option_url=\u00a0\u00bbhttps:\/\/www.kidsup.ch\/geneve\/wp-content\/uploads\/Les-Conditions-Generales-24-25.pdf\u00a0\u00bb global_colors_info=\u00a0\u00bb{}\u00a0\u00bb]<\/p>\n<p>Le 1er cours est toujours un cours d\u2019essai, afin de voir si nos cours vous conviennent et conviennent \u00e0 votre enfant. L\u2019inscription est finalis\u00e9e apr\u00e8s ce cours d\u2019essai, s\u2019il vous a convenu. Ce cours est gratuit si vous ne vous inscrivez pas, il est <em>compris<\/em> dans l\u2019\u00e9colage si vous vous inscrivez.<br \/>Tous les \u00e9l\u00e8ves sont inscrits pour l\u2019ann\u00e9e scolaire qui comprend 2 semestres. Un d\u00e9dit est possible en cours d\u2019ann\u00e9e scolaire (pour les d\u00e9tails, se r\u00e9f\u00e9rer aux conditions g\u00e9n\u00e9rales).<br \/>Le d\u00e9tail du planning annuel est pr\u00e9cis\u00e9 dans nos <a href=\"https:\/\/www.kidsup.ch\/geneve\/wp-content\/uploads\/Les-Conditions-Generales-24-25.pdf\">Conditions G\u00e9n\u00e9rales<\/a>.<\/p>\n<p>[\/et_pb_toggle][et_pb_toggle title=\u00a0\u00bbPlanning annuel\u00a0\u00bb _builder_version=\u00a0\u00bb4.23.4&Prime; _dynamic_attributes=\u00a0\u00bblink_option_url\u00a0\u00bb link_option_url=\u00a0\u00bb@ET-DC@eyJkeW5hbWljIjp0cnVlLCJjb250ZW50IjoicG9zdF9saW5rX3VybF9hdHRhY2htZW50Iiwic2V0dGluZ3MiOnsicG9zdF9pZCI6IjQyMzgifX0=@\u00a0\u00bb global_colors_info=\u00a0\u00bb{}\u00a0\u00bb]<\/p>\n<p>Vous avez un doute sur les jours f\u00e9ri\u00e9s et les vacances scolaires ? ? Retrouvez toute cette information sur <a href=\"https:\/\/www.kidsup.ch\/geneve\/wp-content\/uploads\/Calendrier-2324.png\"><u>les conditions g\u00e9n\u00e9rales\u00a0<\/u><\/a><\/p>\n<p>[\/et_pb_toggle][\/et_pb_column][\/et_pb_section][et_pb_section fb_built=\u00a0\u00bb1&Prime; admin_label=\u00a0\u00bbPopup &#8211; #horaire-CI\u00a0\u00bb module_id=\u00a0\u00bbhoraire-CI\u00a0\u00bb module_class=\u00a0\u00bbpopup\u00a0\u00bb _builder_version=\u00a0\u00bb4.16&Prime; da_is_popup=\u00a0\u00bbon\u00a0\u00bb da_popup_slug=\u00a0\u00bbhoraire-CI\u00a0\u00bb da_disable_devices=\u00a0\u00bboff|off|off\u00a0\u00bb global_colors_info=\u00a0\u00bb{}\u00a0\u00bb da_exit_intent=\u00a0\u00bboff\u00a0\u00bb da_has_close=\u00a0\u00bbon\u00a0\u00bb da_alt_close=\u00a0\u00bboff\u00a0\u00bb da_dark_close=\u00a0\u00bboff\u00a0\u00bb da_not_modal=\u00a0\u00bbon\u00a0\u00bb da_is_singular=\u00a0\u00bboff\u00a0\u00bb da_with_loader=\u00a0\u00bboff\u00a0\u00bb da_has_shadow=\u00a0\u00bbon\u00a0\u00bb][et_pb_row _builder_version=\u00a0\u00bb4.16&Prime; global_colors_info=\u00a0\u00bb{}\u00a0\u00bb][et_pb_column type=\u00a0\u00bb4_4&Prime; _builder_version=\u00a0\u00bb4.16&Prime; global_colors_info=\u00a0\u00bb{}\u00a0\u00bb][et_pb_image src=\u00a0\u00bbhttps:\/\/www.kidsup.ch\/geneve\/wp-content\/uploads\/V2-CI-PLanning-2526-3-pdf.jpg\u00a0\u00bb title_text=\u00a0\u00bbV2 CI PLanning 2526&Prime; align=\u00a0\u00bbcenter\u00a0\u00bb _builder_version=\u00a0\u00bb4.27.4&Prime; global_colors_info=\u00a0\u00bb{}\u00a0\u00bb][\/et_pb_image][\/et_pb_column][\/et_pb_row][\/et_pb_section][et_pb_section fb_built=\u00a0\u00bb1&Prime; admin_label=\u00a0\u00bbPopup &#8211; #planning\u00a0\u00bb module_id=\u00a0\u00bbplanning\u00a0\u00bb module_class=\u00a0\u00bbpopup\u00a0\u00bb _builder_version=\u00a0\u00bb4.23.4&Prime; da_is_popup=\u00a0\u00bbon\u00a0\u00bb da_popup_slug=\u00a0\u00bbplanning\u00a0\u00bb da_disable_devices=\u00a0\u00bboff|off|off\u00a0\u00bb global_colors_info=\u00a0\u00bb{}\u00a0\u00bb da_exit_intent=\u00a0\u00bboff\u00a0\u00bb da_has_close=\u00a0\u00bbon\u00a0\u00bb da_alt_close=\u00a0\u00bboff\u00a0\u00bb da_dark_close=\u00a0\u00bboff\u00a0\u00bb da_not_modal=\u00a0\u00bbon\u00a0\u00bb da_is_singular=\u00a0\u00bboff\u00a0\u00bb da_with_loader=\u00a0\u00bboff\u00a0\u00bb da_has_shadow=\u00a0\u00bbon\u00a0\u00bb][et_pb_row _builder_version=\u00a0\u00bb4.16&Prime; global_colors_info=\u00a0\u00bb{}\u00a0\u00bb][et_pb_column type=\u00a0\u00bb4_4&Prime; _builder_version=\u00a0\u00bb4.16&Prime; global_colors_info=\u00a0\u00bb{}\u00a0\u00bb][et_pb_text _builder_version=\u00a0\u00bb4.27.4&Prime; header_2_font=\u00a0\u00bb|||on|||||\u00a0\u00bb header_2_text_align=\u00a0\u00bbcenter\u00a0\u00bb header_2_text_color=\u00a0\u00bb#e00052&Prime; header_2_font_size=\u00a0\u00bb21px\u00a0\u00bb global_colors_info=\u00a0\u00bb{}\u00a0\u00bb]<\/p>\n<h2>Planning des activit\u00e9s 2025-2026<\/h2>\n<p>[\/et_pb_text][et_pb_image src=\u00a0\u00bbhttps:\/\/www.kidsup.ch\/geneve\/wp-content\/uploads\/KUG-Calendrier-2526.png\u00a0\u00bb title_text=\u00a0\u00bbKUG Calendrier 2526&Prime; url=\u00a0\u00bb@ET-DC@eyJkeW5hbWljIjp0cnVlLCJjb250ZW50IjoicG9zdF9saW5rX3VybF9hdHRhY2htZW50Iiwic2V0dGluZ3MiOnsicG9zdF9pZCI6IjQ0NzcifX0=@\u00a0\u00bb align=\u00a0\u00bbcenter\u00a0\u00bb _builder_version=\u00a0\u00bb4.27.4&Prime; _dynamic_attributes=\u00a0\u00bburl\u00a0\u00bb background_enable_image=\u00a0\u00bboff\u00a0\u00bb global_colors_info=\u00a0\u00bb{}\u00a0\u00bb][\/et_pb_image][\/et_pb_column][\/et_pb_row][\/et_pb_section][et_pb_section fb_built=\u00a0\u00bb1&Prime; prev_background_color=\u00a0\u00bb#ffffff\u00a0\u00bb _builder_version=\u00a0\u00bb4.16&Prime; background_color=\u00a0\u00bb#e00052&Prime; custom_padding=\u00a0\u00bb80px||0px||false|false\u00a0\u00bb top_divider_style=\u00a0\u00bbclouds\u00a0\u00bb da_disable_devices=\u00a0\u00bboff|off|off\u00a0\u00bb global_colors_info=\u00a0\u00bb{}\u00a0\u00bb da_is_popup=\u00a0\u00bboff\u00a0\u00bb da_exit_intent=\u00a0\u00bboff\u00a0\u00bb da_has_close=\u00a0\u00bbon\u00a0\u00bb da_alt_close=\u00a0\u00bboff\u00a0\u00bb da_dark_close=\u00a0\u00bboff\u00a0\u00bb da_not_modal=\u00a0\u00bbon\u00a0\u00bb da_is_singular=\u00a0\u00bboff\u00a0\u00bb da_with_loader=\u00a0\u00bboff\u00a0\u00bb da_has_shadow=\u00a0\u00bbon\u00a0\u00bb][et_pb_row _builder_version=\u00a0\u00bb4.16&Prime; global_colors_info=\u00a0\u00bb{}\u00a0\u00bb][et_pb_column type=\u00a0\u00bb4_4&Prime; _builder_version=\u00a0\u00bb4.16&Prime; global_colors_info=\u00a0\u00bb{}\u00a0\u00bb][et_pb_cta title=\u00a0\u00bbRetrouvez tous nos cours hebdomadaires\u00a0\u00bb button_url=\u00a0\u00bb\/lausanne\/cours\/\u00a0\u00bb button_text=\u00a0\u00bbTOUS NOS COURS\u00a0\u00bb _builder_version=\u00a0\u00bb4.16&Prime; header_font=\u00a0\u00bb|||on|||||\u00a0\u00bb header_text_color=\u00a0\u00bb#ffffff\u00a0\u00bb use_background_color=\u00a0\u00bboff\u00a0\u00bb global_colors_info=\u00a0\u00bb{}\u00a0\u00bb]Quel que soit l&rsquo;\u00e2ge de votre enfant, nous avons le cours qui lui convient !<br \/>\nRetrouvez toutes nos offres de cours hebdomadaires.[\/et_pb_cta][\/et_pb_column][\/et_pb_row][\/et_pb_section]<\/p>\n","protected":false},"excerpt":{"rendered":"<p>D\u00e8s la 3P1h15\u00a0Nos cours de cirque Pour les enfants d\u00e8s la 3P et au-del\u00e0, l&rsquo;\u00e9cole de cirque Kids Up propose des cours hebdomadaires de cirque pour d\u00e9velopper leurs capacit\u00e9s motrices et de coordination, d\u00e9passer leurs limites et leurs peurs, tout en s\u2019essayant \u00e0 des disciplines vari\u00e9es et ludiques et en se perfectionnant aux arts du [&hellip;]<\/p>\n","protected":false},"author":1,"featured_media":0,"parent":1698,"menu_order":13,"comment_status":"closed","ping_status":"closed","template":"","meta":{"_et_pb_use_builder":"on","_et_pb_old_content":"","_et_gb_content_width":"","footnotes":""},"class_list":["post-2257","page","type-page","status-publish","hentry"],"yoast_head":"<!-- This site is optimized with the Yoast SEO plugin v27.5 - https:\/\/yoast.com\/product\/yoast-seo-wordpress\/ -->\n<title>Cours de cirque pour les enfants - Kids Up Gen\u00e8ve<\/title>\n<meta name=\"description\" content=\"D\u00e9couvrez nos cours hebdomadaires de cirque et pour les enfants scolaris\u00e9s en 3P-6P pour les \u00e9veiller aux activit\u00e9s du cirque.\" \/>\n<meta name=\"robots\" content=\"index, follow, max-snippet:-1, max-image-preview:large, max-video-preview:-1\" \/>\n<link rel=\"canonical\" href=\"https:\/\/www.kidsup.ch\/geneve\/cours\/cirque\/\" \/>\n<meta property=\"og:locale\" content=\"fr_FR\" \/>\n<meta property=\"og:type\" content=\"article\" \/>\n<meta property=\"og:title\" content=\"Cours de cirque pour les enfants - Kids Up Gen\u00e8ve\" \/>\n<meta property=\"og:description\" content=\"D\u00e9couvrez nos cours hebdomadaires de cirque et pour les enfants scolaris\u00e9s en 3P-6P pour les \u00e9veiller aux activit\u00e9s du cirque.\" \/>\n<meta property=\"og:url\" content=\"https:\/\/www.kidsup.ch\/geneve\/cours\/cirque\/\" \/>\n<meta property=\"og:site_name\" content=\"Kids Up Gen\u00e8ve\" \/>\n<meta property=\"article:publisher\" content=\"https:\/\/www.facebook.com\/KidsUpGeneve\" \/>\n<meta property=\"article:modified_time\" content=\"2026-04-27T17:54:39+00:00\" \/>\n<meta name=\"twitter:card\" content=\"summary_large_image\" \/>\n<meta name=\"twitter:label1\" content=\"Dur\u00e9e de lecture estim\u00e9e\" \/>\n\t<meta name=\"twitter:data1\" content=\"9 minutes\" \/>\n<script type=\"application\/ld+json\" class=\"yoast-schema-graph\">{\"@context\":\"https:\\\/\\\/schema.org\",\"@graph\":[{\"@type\":\"WebPage\",\"@id\":\"https:\\\/\\\/www.kidsup.ch\\\/geneve\\\/cours\\\/cirque\\\/\",\"url\":\"https:\\\/\\\/www.kidsup.ch\\\/geneve\\\/cours\\\/cirque\\\/\",\"name\":\"Cours de cirque pour les enfants - Kids Up Gen\u00e8ve\",\"isPartOf\":{\"@id\":\"https:\\\/\\\/www.kidsup.ch\\\/geneve\\\/#website\"},\"datePublished\":\"2019-10-05T21:15:01+00:00\",\"dateModified\":\"2026-04-27T17:54:39+00:00\",\"description\":\"D\u00e9couvrez nos cours hebdomadaires de cirque et pour les enfants scolaris\u00e9s en 3P-6P pour les \u00e9veiller aux activit\u00e9s du cirque.\",\"breadcrumb\":{\"@id\":\"https:\\\/\\\/www.kidsup.ch\\\/geneve\\\/cours\\\/cirque\\\/#breadcrumb\"},\"inLanguage\":\"fr-FR\",\"potentialAction\":[{\"@type\":\"ReadAction\",\"target\":[\"https:\\\/\\\/www.kidsup.ch\\\/geneve\\\/cours\\\/cirque\\\/\"]}]},{\"@type\":\"BreadcrumbList\",\"@id\":\"https:\\\/\\\/www.kidsup.ch\\\/geneve\\\/cours\\\/cirque\\\/#breadcrumb\",\"itemListElement\":[{\"@type\":\"ListItem\",\"position\":1,\"name\":\"Home\",\"item\":\"https:\\\/\\\/www.kidsup.ch\\\/geneve\\\/\"},{\"@type\":\"ListItem\",\"position\":2,\"name\":\"Cours de baby gym, cirque, cirque adultes\",\"item\":\"https:\\\/\\\/www.kidsup.ch\\\/geneve\\\/cours\\\/\"},{\"@type\":\"ListItem\",\"position\":3,\"name\":\"Cours de cirque pour les enfants\"}]},{\"@type\":\"WebSite\",\"@id\":\"https:\\\/\\\/www.kidsup.ch\\\/geneve\\\/#website\",\"url\":\"https:\\\/\\\/www.kidsup.ch\\\/geneve\\\/\",\"name\":\"Kids Up Gen\u00e8ve\",\"description\":\"Baby gym &amp; cirque\",\"publisher\":{\"@id\":\"https:\\\/\\\/www.kidsup.ch\\\/geneve\\\/#organization\"},\"potentialAction\":[{\"@type\":\"SearchAction\",\"target\":{\"@type\":\"EntryPoint\",\"urlTemplate\":\"https:\\\/\\\/www.kidsup.ch\\\/geneve\\\/?s={search_term_string}\"},\"query-input\":{\"@type\":\"PropertyValueSpecification\",\"valueRequired\":true,\"valueName\":\"search_term_string\"}}],\"inLanguage\":\"fr-FR\"},{\"@type\":\"Organization\",\"@id\":\"https:\\\/\\\/www.kidsup.ch\\\/geneve\\\/#organization\",\"name\":\"Kids Up Gen\u00e8ve\",\"url\":\"https:\\\/\\\/www.kidsup.ch\\\/geneve\\\/\",\"logo\":{\"@type\":\"ImageObject\",\"inLanguage\":\"fr-FR\",\"@id\":\"https:\\\/\\\/www.kidsup.ch\\\/geneve\\\/#\\\/schema\\\/logo\\\/image\\\/\",\"url\":\"https:\\\/\\\/www.kidsup.ch\\\/geneve\\\/wp-content\\\/uploads\\\/kids-up-geneve.png\",\"contentUrl\":\"https:\\\/\\\/www.kidsup.ch\\\/geneve\\\/wp-content\\\/uploads\\\/kids-up-geneve.png\",\"width\":248,\"height\":51,\"caption\":\"Kids Up Gen\u00e8ve\"},\"image\":{\"@id\":\"https:\\\/\\\/www.kidsup.ch\\\/geneve\\\/#\\\/schema\\\/logo\\\/image\\\/\"},\"sameAs\":[\"https:\\\/\\\/www.facebook.com\\\/KidsUpGeneve\",\"https:\\\/\\\/www.instagram.com\\\/kids_up_geneve\",\"https:\\\/\\\/www.youtube.com\\\/KidsUpSuisse\"]}]}<\/script>\n<!-- \/ Yoast SEO plugin. -->","yoast_head_json":{"title":"Cours de cirque pour les enfants - Kids Up Gen\u00e8ve","description":"D\u00e9couvrez nos cours hebdomadaires de cirque et pour les enfants scolaris\u00e9s en 3P-6P pour les \u00e9veiller aux activit\u00e9s du cirque.","robots":{"index":"index","follow":"follow","max-snippet":"max-snippet:-1","max-image-preview":"max-image-preview:large","max-video-preview":"max-video-preview:-1"},"canonical":"https:\/\/www.kidsup.ch\/geneve\/cours\/cirque\/","og_locale":"fr_FR","og_type":"article","og_title":"Cours de cirque pour les enfants - Kids Up Gen\u00e8ve","og_description":"D\u00e9couvrez nos cours hebdomadaires de cirque et pour les enfants scolaris\u00e9s en 3P-6P pour les \u00e9veiller aux activit\u00e9s du cirque.","og_url":"https:\/\/www.kidsup.ch\/geneve\/cours\/cirque\/","og_site_name":"Kids Up Gen\u00e8ve","article_publisher":"https:\/\/www.facebook.com\/KidsUpGeneve","article_modified_time":"2026-04-27T17:54:39+00:00","twitter_card":"summary_large_image","twitter_misc":{"Dur\u00e9e de lecture estim\u00e9e":"9 minutes"},"schema":{"@context":"https:\/\/schema.org","@graph":[{"@type":"WebPage","@id":"https:\/\/www.kidsup.ch\/geneve\/cours\/cirque\/","url":"https:\/\/www.kidsup.ch\/geneve\/cours\/cirque\/","name":"Cours de cirque pour les enfants - Kids Up Gen\u00e8ve","isPartOf":{"@id":"https:\/\/www.kidsup.ch\/geneve\/#website"},"datePublished":"2019-10-05T21:15:01+00:00","dateModified":"2026-04-27T17:54:39+00:00","description":"D\u00e9couvrez nos cours hebdomadaires de cirque et pour les enfants scolaris\u00e9s en 3P-6P pour les \u00e9veiller aux activit\u00e9s du cirque.","breadcrumb":{"@id":"https:\/\/www.kidsup.ch\/geneve\/cours\/cirque\/#breadcrumb"},"inLanguage":"fr-FR","potentialAction":[{"@type":"ReadAction","target":["https:\/\/www.kidsup.ch\/geneve\/cours\/cirque\/"]}]},{"@type":"BreadcrumbList","@id":"https:\/\/www.kidsup.ch\/geneve\/cours\/cirque\/#breadcrumb","itemListElement":[{"@type":"ListItem","position":1,"name":"Home","item":"https:\/\/www.kidsup.ch\/geneve\/"},{"@type":"ListItem","position":2,"name":"Cours de baby gym, cirque, cirque adultes","item":"https:\/\/www.kidsup.ch\/geneve\/cours\/"},{"@type":"ListItem","position":3,"name":"Cours de cirque pour les enfants"}]},{"@type":"WebSite","@id":"https:\/\/www.kidsup.ch\/geneve\/#website","url":"https:\/\/www.kidsup.ch\/geneve\/","name":"Kids Up Gen\u00e8ve","description":"Baby gym &amp; cirque","publisher":{"@id":"https:\/\/www.kidsup.ch\/geneve\/#organization"},"potentialAction":[{"@type":"SearchAction","target":{"@type":"EntryPoint","urlTemplate":"https:\/\/www.kidsup.ch\/geneve\/?s={search_term_string}"},"query-input":{"@type":"PropertyValueSpecification","valueRequired":true,"valueName":"search_term_string"}}],"inLanguage":"fr-FR"},{"@type":"Organization","@id":"https:\/\/www.kidsup.ch\/geneve\/#organization","name":"Kids Up Gen\u00e8ve","url":"https:\/\/www.kidsup.ch\/geneve\/","logo":{"@type":"ImageObject","inLanguage":"fr-FR","@id":"https:\/\/www.kidsup.ch\/geneve\/#\/schema\/logo\/image\/","url":"https:\/\/www.kidsup.ch\/geneve\/wp-content\/uploads\/kids-up-geneve.png","contentUrl":"https:\/\/www.kidsup.ch\/geneve\/wp-content\/uploads\/kids-up-geneve.png","width":248,"height":51,"caption":"Kids Up Gen\u00e8ve"},"image":{"@id":"https:\/\/www.kidsup.ch\/geneve\/#\/schema\/logo\/image\/"},"sameAs":["https:\/\/www.facebook.com\/KidsUpGeneve","https:\/\/www.instagram.com\/kids_up_geneve","https:\/\/www.youtube.com\/KidsUpSuisse"]}]}},"_links":{"self":[{"href":"https:\/\/www.kidsup.ch\/geneve\/wp-json\/wp\/v2\/pages\/2257","targetHints":{"allow":["GET"]}}],"collection":[{"href":"https:\/\/www.kidsup.ch\/geneve\/wp-json\/wp\/v2\/pages"}],"about":[{"href":"https:\/\/www.kidsup.ch\/geneve\/wp-json\/wp\/v2\/types\/page"}],"author":[{"embeddable":true,"href":"https:\/\/www.kidsup.ch\/geneve\/wp-json\/wp\/v2\/users\/1"}],"replies":[{"embeddable":true,"href":"https:\/\/www.kidsup.ch\/geneve\/wp-json\/wp\/v2\/comments?post=2257"}],"version-history":[{"count":82,"href":"https:\/\/www.kidsup.ch\/geneve\/wp-json\/wp\/v2\/pages\/2257\/revisions"}],"predecessor-version":[{"id":4956,"href":"https:\/\/www.kidsup.ch\/geneve\/wp-json\/wp\/v2\/pages\/2257\/revisions\/4956"}],"up":[{"embeddable":true,"href":"https:\/\/www.kidsup.ch\/geneve\/wp-json\/wp\/v2\/pages\/1698"}],"wp:attachment":[{"href":"https:\/\/www.kidsup.ch\/geneve\/wp-json\/wp\/v2\/media?parent=2257"}],"curies":[{"name":"wp","href":"https:\/\/api.w.org\/{rel}","templated":true}]}}