{"id":2252,"date":"2019-10-05T23:07:25","date_gmt":"2019-10-05T21:07:25","guid":{"rendered":"https:\/\/www.kidsup.ch\/geneve\/?page_id=2252"},"modified":"2026-04-27T18:22:39","modified_gmt":"2026-04-27T16:22:39","slug":"babygym","status":"publish","type":"page","link":"https:\/\/www.kidsup.ch\/geneve\/cours\/babygym\/","title":{"rendered":"Cours de baby gym et activit\u00e9s parent\/enfant"},"content":{"rendered":"<p>[et_pb_section fb_built=\u00a0\u00bb1&Prime; fullwidth=\u00a0\u00bbon\u00a0\u00bb _builder_version=\u00a0\u00bb4.27.4&Prime; background_color=\u00a0\u00bbRGBA(255,255,255,0)\u00a0\u00bb background_video_mp4=\u00a0\u00bbhttps:\/\/www.kidsup.ch\/geneve\/wp-content\/uploads\/KUG-BG-video.mp4&Prime; height=\u00a0\u00bb600px\u00a0\u00bb height_tablet=\u00a0\u00bb600px\u00a0\u00bb height_phone=\u00a0\u00bb450px\u00a0\u00bb height_last_edited=\u00a0\u00bbon|phone\u00a0\u00bb da_disable_devices=\u00a0\u00bboff|off|off\u00a0\u00bb global_colors_info=\u00a0\u00bb{}\u00a0\u00bb da_is_popup=\u00a0\u00bboff\u00a0\u00bb da_exit_intent=\u00a0\u00bboff\u00a0\u00bb da_has_close=\u00a0\u00bbon\u00a0\u00bb da_alt_close=\u00a0\u00bboff\u00a0\u00bb da_dark_close=\u00a0\u00bboff\u00a0\u00bb da_not_modal=\u00a0\u00bbon\u00a0\u00bb da_is_singular=\u00a0\u00bboff\u00a0\u00bb da_with_loader=\u00a0\u00bboff\u00a0\u00bb da_has_shadow=\u00a0\u00bbon\u00a0\u00bb][et_pb_fullwidth_header title=\u00a0\u00bbBABY GYM\u00a0\u00bb subhead=\u00a0\u00bbD\u00e9couvrez nos cours parent-enfant\u00a0\u00bb text_orientation=\u00a0\u00bbcenter\u00a0\u00bb background_overlay_color=\u00a0\u00bbRGBA(255,255,255,0)\u00a0\u00bb _builder_version=\u00a0\u00bb4.27.4&Prime; _module_preset=\u00a0\u00bbdefault\u00a0\u00bb title_font=\u00a0\u00bbVAG Rounded Bold|||on|||||\u00a0\u00bb title_text_color=\u00a0\u00bb#FFFFFF\u00a0\u00bb title_font_size=\u00a0\u00bb35px\u00a0\u00bb subhead_font=\u00a0\u00bb||||||||\u00a0\u00bb subhead_font_size=\u00a0\u00bb20px\u00a0\u00bb global_colors_info=\u00a0\u00bb{}\u00a0\u00bb][\/et_pb_fullwidth_header][\/et_pb_section][et_pb_section fb_built=\u00a0\u00bb1&Prime; specialty=\u00a0\u00bbon\u00a0\u00bb _builder_version=\u00a0\u00bb4.16&Prime; da_disable_devices=\u00a0\u00bboff|off|off\u00a0\u00bb global_colors_info=\u00a0\u00bb{}\u00a0\u00bb da_is_popup=\u00a0\u00bboff\u00a0\u00bb da_exit_intent=\u00a0\u00bboff\u00a0\u00bb da_has_close=\u00a0\u00bbon\u00a0\u00bb da_alt_close=\u00a0\u00bboff\u00a0\u00bb da_dark_close=\u00a0\u00bboff\u00a0\u00bb da_not_modal=\u00a0\u00bbon\u00a0\u00bb da_is_singular=\u00a0\u00bboff\u00a0\u00bb da_with_loader=\u00a0\u00bboff\u00a0\u00bb da_has_shadow=\u00a0\u00bbon\u00a0\u00bb][et_pb_column type=\u00a0\u00bb1_2&Prime; specialty_columns=\u00a0\u00bb2&Prime; _builder_version=\u00a0\u00bb4.16&Prime; custom_padding=\u00a0\u00bb|||\u00a0\u00bb global_colors_info=\u00a0\u00bb{}\u00a0\u00bb custom_padding__hover=\u00a0\u00bb|||\u00a0\u00bb][et_pb_row_inner column_structure=\u00a0\u00bb1_3,1_3,1_3&Prime; use_custom_gutter=\u00a0\u00bbon\u00a0\u00bb gutter_width=\u00a0\u00bb1&Prime; _builder_version=\u00a0\u00bb4.25.1&Prime; background_color=\u00a0\u00bbrgba(134,185,25,0.1)\u00a0\u00bb custom_padding=\u00a0\u00bb||0px||false|false\u00a0\u00bb border_radii=\u00a0\u00bboff|10px|10px||\u00a0\u00bb border_width_top=\u00a0\u00bb1px\u00a0\u00bb border_color_top=\u00a0\u00bb#86b919&Prime; border_width_right=\u00a0\u00bb1px\u00a0\u00bb border_color_right=\u00a0\u00bb#86b919&Prime; border_width_left=\u00a0\u00bb1px\u00a0\u00bb border_color_left=\u00a0\u00bb#86b919&Prime; global_colors_info=\u00a0\u00bb{}\u00a0\u00bb][et_pb_column_inner type=\u00a0\u00bb1_3&Prime; saved_specialty_column_type=\u00a0\u00bb1_2&Prime; _builder_version=\u00a0\u00bb4.16&Prime; global_colors_info=\u00a0\u00bb{}\u00a0\u00bb][et_pb_blurb title=\u00a0\u00bbAge\u00a0\u00bb use_icon=\u00a0\u00bbon\u00a0\u00bb font_icon=\u00a0\u00bb&#xe08a;||divi||400&Prime; icon_color=\u00a0\u00bb#86b919&Prime; image_icon_width=\u00a0\u00bb50px\u00a0\u00bb _builder_version=\u00a0\u00bb4.16&Prime; header_font=\u00a0\u00bb|||on|||||\u00a0\u00bb header_text_align=\u00a0\u00bbcenter\u00a0\u00bb header_text_color=\u00a0\u00bb#86b919&Prime; text_orientation=\u00a0\u00bbcenter\u00a0\u00bb custom_margin=\u00a0\u00bb||30px||false|false\u00a0\u00bb icon_font_size=\u00a0\u00bb50px\u00a0\u00bb global_colors_info=\u00a0\u00bb{}\u00a0\u00bb]<\/p>\n<p>D\u00e8s 14 mois<\/p>\n<p>[\/et_pb_blurb][\/et_pb_column_inner][et_pb_column_inner type=\u00a0\u00bb1_3&Prime; saved_specialty_column_type=\u00a0\u00bb1_2&Prime; _builder_version=\u00a0\u00bb4.16&Prime; global_colors_info=\u00a0\u00bb{}\u00a0\u00bb][et_pb_blurb title=\u00a0\u00bbDur\u00e9e\u00a0\u00bb use_icon=\u00a0\u00bbon\u00a0\u00bb font_icon=\u00a0\u00bb&#xe60d;||divi||400&Prime; icon_color=\u00a0\u00bb#86b919&Prime; image_icon_width=\u00a0\u00bb50px\u00a0\u00bb _builder_version=\u00a0\u00bb4.16&Prime; header_font=\u00a0\u00bb|||on|||||\u00a0\u00bb header_text_align=\u00a0\u00bbcenter\u00a0\u00bb header_text_color=\u00a0\u00bb#86b919&Prime; text_orientation=\u00a0\u00bbcenter\u00a0\u00bb custom_margin=\u00a0\u00bb||30px||false|false\u00a0\u00bb icon_font_size=\u00a0\u00bb50px\u00a0\u00bb global_colors_info=\u00a0\u00bb{}\u00a0\u00bb]50 minutes[\/et_pb_blurb][\/et_pb_column_inner][et_pb_column_inner type=\u00a0\u00bb1_3&Prime; saved_specialty_column_type=\u00a0\u00bb1_2&Prime; _builder_version=\u00a0\u00bb4.16&Prime; global_colors_info=\u00a0\u00bb{}\u00a0\u00bb][et_pb_blurb title=\u00a0\u00bbPrix\u00a0\u00bb use_icon=\u00a0\u00bbon\u00a0\u00bb font_icon=\u00a0\u00bb&#xe100;||divi||400&Prime; icon_color=\u00a0\u00bb#86b919&Prime; image_icon_width=\u00a0\u00bb50px\u00a0\u00bb _builder_version=\u00a0\u00bb4.27.4&Prime; header_font=\u00a0\u00bb|||on|||||\u00a0\u00bb header_text_align=\u00a0\u00bbcenter\u00a0\u00bb header_text_color=\u00a0\u00bb#86b919&Prime; text_orientation=\u00a0\u00bbcenter\u00a0\u00bb custom_margin=\u00a0\u00bb||30px||false|false\u00a0\u00bb icon_font_size=\u00a0\u00bb50px\u00a0\u00bb global_colors_info=\u00a0\u00bb{}\u00a0\u00bb]<\/p>\n<p>CHF 495.\u2013 \/ semestre<\/p>\n<p>Tarif ajust\u00e9 \u00e0 la date de d\u00e9but<\/p>\n<p><strong>Rabais fratrie<\/strong><br \/>10% pour 2 inscr.<br \/>20% pour 3+ inscr.<\/p>\n<p>[\/et_pb_blurb][\/et_pb_column_inner][\/et_pb_row_inner][et_pb_row_inner _builder_version=\u00a0\u00bb4.17.4&Prime; background_color=\u00a0\u00bbrgba(134,185,25,0.1)\u00a0\u00bb custom_padding=\u00a0\u00bb|20px||20px|false|false\u00a0\u00bb border_width_right=\u00a0\u00bb1px\u00a0\u00bb border_color_right=\u00a0\u00bb#86b919&Prime; border_color_bottom=\u00a0\u00bb#86b919&Prime; border_width_left=\u00a0\u00bb1px\u00a0\u00bb border_color_left=\u00a0\u00bb#86b919&Prime; global_colors_info=\u00a0\u00bb{}\u00a0\u00bb][et_pb_column_inner saved_specialty_column_type=\u00a0\u00bb1_2&Prime; _builder_version=\u00a0\u00bb4.16&Prime; global_colors_info=\u00a0\u00bb{}\u00a0\u00bb][et_pb_blurb title=\u00a0\u00bb 2026\/2027 Quel cours pour mon enfant ?\u00a0\u00bb use_icon=\u00a0\u00bbon\u00a0\u00bb font_icon=\u00a0\u00bb&#xe007;||divi||400&Prime; icon_color=\u00a0\u00bb#86b919&Prime; image_icon_width=\u00a0\u00bb50px\u00a0\u00bb _builder_version=\u00a0\u00bb4.24.3&Prime; header_font=\u00a0\u00bb|||on|||||\u00a0\u00bb header_text_align=\u00a0\u00bbcenter\u00a0\u00bb header_text_color=\u00a0\u00bb#86b919&Prime; text_orientation=\u00a0\u00bbcenter\u00a0\u00bb custom_padding=\u00a0\u00bb||0px|||\u00a0\u00bb icon_font_size=\u00a0\u00bb50px\u00a0\u00bb global_colors_info=\u00a0\u00bb{}\u00a0\u00bb]<\/p>\n<p><strong>Micro Kids<\/strong> : enfants n\u00e9s entre 08\/2024 et 07\/2025<br \/><strong>Mini Kids<\/strong> : enfants n\u00e9s entre 08\/2023 et 07\/2024<br \/><strong>P&rsquo;tits Kids<\/strong> : enfants n\u00e9s entre 08\/2022 et 07\/2023<\/p>\n<p>Tarif ajust\u00e9 \u00e0 la date de d\u00e9but<\/p>\n<p>\u2295<\/p>\n<p><em>Certaines assurances maladie compl\u00e9mentaires (CSS,Groupe Mutuel,&#8230;)\u00a0 prennent en charge une partie des co\u00fbts pour les cours parent-enfant (baby gym). Renseignez-vous aupr\u00e8s de votre assurance !<\/em><\/p>\n<p>[\/et_pb_blurb][\/et_pb_column_inner][\/et_pb_row_inner][et_pb_row_inner column_structure=\u00a0\u00bb1_2,1_2&Prime; _builder_version=\u00a0\u00bb4.27.5&Prime; background_color=\u00a0\u00bbrgba(134,185,25,0.1)\u00a0\u00bb custom_margin=\u00a0\u00bb||30px||false|false\u00a0\u00bb custom_padding=\u00a0\u00bb|20px||20px|false|false\u00a0\u00bb border_radii=\u00a0\u00bboff|||10px|10px\u00a0\u00bb border_width_right=\u00a0\u00bb1px\u00a0\u00bb border_color_right=\u00a0\u00bb#86b919&Prime; border_width_bottom=\u00a0\u00bb1px\u00a0\u00bb border_color_bottom=\u00a0\u00bb#86b919&Prime; border_width_left=\u00a0\u00bb1px\u00a0\u00bb border_color_left=\u00a0\u00bb#86b919&Prime; global_colors_info=\u00a0\u00bb{}\u00a0\u00bb][et_pb_column_inner type=\u00a0\u00bb1_2&Prime; saved_specialty_column_type=\u00a0\u00bb1_2&Prime; _builder_version=\u00a0\u00bb4.16&Prime; global_colors_info=\u00a0\u00bb{}\u00a0\u00bb][et_pb_button button_url=\u00a0\u00bb@ET-DC@eyJkeW5hbWljIjp0cnVlLCJjb250ZW50IjoicG9zdF9saW5rX3VybF9hdHRhY2htZW50Iiwic2V0dGluZ3MiOnsicG9zdF9pZCI6IjQ5NTAifX0=@\u00a0\u00bb url_new_window=\u00a0\u00bbon\u00a0\u00bb button_text=\u00a0\u00bbHORAIRE DES COURS 2627&Prime; button_alignment=\u00a0\u00bbcenter\u00a0\u00bb _builder_version=\u00a0\u00bb4.27.6&Prime; _dynamic_attributes=\u00a0\u00bbbutton_url\u00a0\u00bb button_bg_color=\u00a0\u00bb#86b919&Prime; hover_enabled=\u00a0\u00bb0&Prime; global_colors_info=\u00a0\u00bb{}\u00a0\u00bb sticky_enabled=\u00a0\u00bb0&Prime;][\/et_pb_button][\/et_pb_column_inner][et_pb_column_inner type=\u00a0\u00bb1_2&Prime; saved_specialty_column_type=\u00a0\u00bb1_2&Prime; _builder_version=\u00a0\u00bb4.16&Prime; global_colors_info=\u00a0\u00bb{}\u00a0\u00bb][et_pb_button button_url=\u00a0\u00bbhttps:\/\/kidsupgeneve.cogito-sport.ch\/WebRegistration\/LessonSelection?itemCode=BG\u00a0\u00bb url_new_window=\u00a0\u00bbon\u00a0\u00bb button_text=\u00a0\u00bbESSAI &#038; INSCRIPTION\u00a0\u00bb button_alignment=\u00a0\u00bbcenter\u00a0\u00bb _builder_version=\u00a0\u00bb4.20.0&Prime; button_bg_color=\u00a0\u00bb#86b919&Prime; global_colors_info=\u00a0\u00bb{}\u00a0\u00bb][\/et_pb_button][et_pb_button button_url=\u00a0\u00bbhttps:\/\/kidsupgeneve.cogito-sport.ch\/WebRegistration\/GroupSelection?itemCode=PO-BG&#038;lessonPeriodId=017dc892-0da0-44d7-81ab-c5a45242df50&#038;formId=00000000-0000-0000-0000-000000000000&Prime; url_new_window=\u00a0\u00bbon\u00a0\u00bb button_text=\u00a0\u00bbPORTES OUVERTES SAMEDI 27.06.26&Prime; button_alignment=\u00a0\u00bbcenter\u00a0\u00bb _builder_version=\u00a0\u00bb4.27.6&Prime; button_bg_color=\u00a0\u00bb#86b919&Prime; global_colors_info=\u00a0\u00bb{}\u00a0\u00bb][\/et_pb_button][\/et_pb_column_inner][\/et_pb_row_inner][\/et_pb_column][et_pb_column type=\u00a0\u00bb1_2&Prime; _builder_version=\u00a0\u00bb4.16&Prime; custom_padding=\u00a0\u00bb|||\u00a0\u00bb global_colors_info=\u00a0\u00bb{}\u00a0\u00bb custom_padding__hover=\u00a0\u00bb|||\u00a0\u00bb][et_pb_text _builder_version=\u00a0\u00bb4.22.1&Prime; header_text_color=\u00a0\u00bb#86b919&Prime; header_font_size=\u00a0\u00bb24px\u00a0\u00bb custom_margin=\u00a0\u00bb-30px||||false|false\u00a0\u00bb global_colors_info=\u00a0\u00bb{}\u00a0\u00bb]<\/p>\n<h1>Nos cours de baby gym<\/h1>\n<p>\u00a0Pour les enfants d\u00e8s 14 mois, nous proposons des cours hebdomadaires de gym parent-enfant qui m\u00ealent d\u00e9couverte du corps et de l\u2019espace, motricit\u00e9 globale et motricit\u00e9 fine.<\/p>\n<p>\u00a0Dans un environnement s\u00e9curis\u00e9, accueillant et non-comp\u00e9titif, les tout-petits d\u00e8s 14 mois peuvent progresser \u00e0 leur propre rythme, sous la direction d\u2019instructeurs professionnels et sous l\u2019oeil bienveillant de leur accompagnant. Ils \u00e9tendent leur champ de comp\u00e9tences motrices gr\u00e2ce aux circuits de gym adapt\u00e9s; ils affinent la motricit\u00e9 fine gr\u00e2ce aux ateliers \u00e9volutifs; ils apprennent \u00e0 s\u2019int\u00e9grer dans le groupe, \u00e0 respecter les autres et les consignes, mais aussi \u00e0 surmonter leurs peurs et \u00e0 s\u2019exprimer en toute confiance. Et tout cela, bien s\u00fbr, en s\u2019amusant !<\/p>\n<p>\u00a0Tous nos cours sont pr\u00e9par\u00e9s par notre \u00e9quipe compos\u00e9e d\u2019<a href=\"\/lausanne\/a-propos\/notre-equipe\" target=\"_blank\" rel=\"noopener noreferrer\">\u00e9ducateurs sportifs et de psychomotriciennes<\/a>, afin d\u2019assurer un contenu adapt\u00e9 et \u00e9volutif et une s\u00e9curit\u00e9 maximale.<\/p>\n<p>[\/et_pb_text][et_pb_toggle title=\u00a0\u00bbOrganisation des s\u00e9ances\u00a0\u00bb _builder_version=\u00a0\u00bb4.25.1&Prime; global_colors_info=\u00a0\u00bb{}\u00a0\u00bb]<\/p>\n<p>Les s\u00e9ances de babygym sont pr\u00e9vues pour un enfant accompagn\u00e9 d\u2019un adulte. C\u2019est ensemble que vous pratiquerez divers mouvements tout en douceur qui aideront votre enfant \u00e0 affiner son \u00e9quilibre, \u00e0 prendre conscience de son corps et \u00e0 am\u00e9liorer sa coordination.<br \/>Les s\u00e9ances se d\u00e9roulent de la fa\u00e7on suivante :<\/p>\n<ul>\n<li>L\u2019accueil en chansons, le sch\u00e9ma corporel par imitation, les port\u00e9s parent-enfant<\/li>\n<li>Le grand circuit de motricit\u00e9 globale: on saute, on roule, on met la t\u00eate en bas, on marche sur le fil ou on se balance sur le trap\u00e8ze !<\/li>\n<li>Une partie qui varie selon les groupes; ateliers d\u2019\u00e9veil sensoriels, motricit\u00e9 fine avec des ateliers adapt\u00e9s ou circuit global<\/li>\n<li>Un final en groupe, avec le temps du parachute et les chansons<\/li>\n<\/ul>\n<p>[\/et_pb_toggle][et_pb_toggle title=\u00a0\u00bbObjectifs\u00a0\u00bb _builder_version=\u00a0\u00bb4.16&Prime; global_colors_info=\u00a0\u00bb{}\u00a0\u00bb]Nos s\u00e9ances de baby-gym parent-enfant visent \u00e0 d\u00e9velopper :<\/p>\n<ul>\n<li>La force physique, la souplesse, la coordination, la structuration spatiale et la perception conceptuelle\n<li>La socialisation, la coop\u00e9ration et l\u2019apprentissage du \u00ab chacun son tour \u00bb\n<li>L\u2019\u00e9coute et le respect des consignes et des r\u00e8gles\n<li>La capacit\u00e9 \u00e0 accepter les d\u00e9fis et les environnements nouveaux\n<li>L\u2019autonomie et la confiance en soi<\/ul>\n<p>[\/et_pb_toggle][et_pb_toggle title=\u00a0\u00bbConditions d&rsquo;inscriptions\u00a0\u00bb _builder_version=\u00a0\u00bb4.27.0&Prime; link_option_url=\u00a0\u00bbhttps:\/\/www.kidsup.ch\/geneve\/wp-content\/uploads\/Les-Conditions-Generales-24-25.pdf\u00a0\u00bb global_colors_info=\u00a0\u00bb{}\u00a0\u00bb]<\/p>\n<p>Le 1er cours est toujours un cours d\u2019essai, afin de voir si nos cours vous conviennent et conviennent \u00e0 votre enfant. L\u2019inscription est finalis\u00e9e apr\u00e8s ce cours d\u2019essai, s\u2019il vous a convenu. Ce cours est gratuit si vous ne vous inscrivez pas, il est compris dans l\u2019\u00e9colage si vous vous inscrivez.<br \/>Tous les \u00e9l\u00e8ves sont inscrits pour l\u2019ann\u00e9e scolaire qui comprend 2 semestres. Un d\u00e9dit est possible en cours d\u2019ann\u00e9e scolaire (pour les d\u00e9tails, se r\u00e9f\u00e9rer aux conditions g\u00e9n\u00e9rales).<br \/>Le d\u00e9tail du planning annuel est pr\u00e9cis\u00e9 dans nos <a href=\"https:\/\/www.kidsup.ch\/geneve\/wp-content\/uploads\/Les-Conditions-Generales-24-25.pdf\">Conditions G\u00e9n\u00e9rales<\/a><\/p>\n<p>[\/et_pb_toggle][et_pb_toggle title=\u00a0\u00bbPlanning annuel\u00a0\u00bb _builder_version=\u00a0\u00bb4.27.2&Prime; global_colors_info=\u00a0\u00bb{}\u00a0\u00bb]<\/p>\n<p>Vous avez un doute sur les jours f\u00e9ri\u00e9s et les vacances scolaires ? ? Retrouvez toute cette information sur<a href=\"https:\/\/www.kidsup.ch\/geneve\/a-propos\/conditions-generales\/\"> <u>les conditions g\u00e9n\u00e9rales\u00a0<\/u><\/a><\/p>\n<p>[\/et_pb_toggle][\/et_pb_column][\/et_pb_section][et_pb_section fb_built=\u00a0\u00bb1&Prime; admin_label=\u00a0\u00bbPopup &#8211; #horaire-BG\u00a0\u00bb module_id=\u00a0\u00bbhoraire-BG\u00a0\u00bb module_class=\u00a0\u00bbpopup\u00a0\u00bb _builder_version=\u00a0\u00bb4.27.0&Prime; da_is_popup=\u00a0\u00bbon\u00a0\u00bb da_popup_slug=\u00a0\u00bbhoraire-BG\u00a0\u00bb da_disable_devices=\u00a0\u00bboff|off|off\u00a0\u00bb global_colors_info=\u00a0\u00bb{}\u00a0\u00bb da_exit_intent=\u00a0\u00bboff\u00a0\u00bb da_has_close=\u00a0\u00bbon\u00a0\u00bb da_alt_close=\u00a0\u00bboff\u00a0\u00bb da_dark_close=\u00a0\u00bboff\u00a0\u00bb da_not_modal=\u00a0\u00bbon\u00a0\u00bb da_is_singular=\u00a0\u00bboff\u00a0\u00bb da_with_loader=\u00a0\u00bboff\u00a0\u00bb da_has_shadow=\u00a0\u00bbon\u00a0\u00bb][et_pb_row _builder_version=\u00a0\u00bb4.27.4&Prime; _module_preset=\u00a0\u00bbdefault\u00a0\u00bb global_colors_info=\u00a0\u00bb{}\u00a0\u00bb][et_pb_column type=\u00a0\u00bb4_4&Prime; _builder_version=\u00a0\u00bb4.27.4&Prime; _module_preset=\u00a0\u00bbdefault\u00a0\u00bb global_colors_info=\u00a0\u00bb{}\u00a0\u00bb][\/et_pb_column][\/et_pb_row][\/et_pb_section][et_pb_section fb_built=\u00a0\u00bb1&Prime; admin_label=\u00a0\u00bbPopup &#8211; #planning\u00a0\u00bb module_id=\u00a0\u00bbplanning\u00a0\u00bb module_class=\u00a0\u00bbpopup\u00a0\u00bb _builder_version=\u00a0\u00bb4.16&Prime; custom_margin=\u00a0\u00bb||0px||false|false\u00a0\u00bb da_is_popup=\u00a0\u00bbon\u00a0\u00bb da_popup_slug=\u00a0\u00bbplanning\u00a0\u00bb da_disable_devices=\u00a0\u00bboff|off|off\u00a0\u00bb global_colors_info=\u00a0\u00bb{}\u00a0\u00bb da_exit_intent=\u00a0\u00bboff\u00a0\u00bb da_has_close=\u00a0\u00bbon\u00a0\u00bb da_alt_close=\u00a0\u00bboff\u00a0\u00bb da_dark_close=\u00a0\u00bboff\u00a0\u00bb da_not_modal=\u00a0\u00bbon\u00a0\u00bb da_is_singular=\u00a0\u00bboff\u00a0\u00bb da_with_loader=\u00a0\u00bboff\u00a0\u00bb da_has_shadow=\u00a0\u00bbon\u00a0\u00bb][et_pb_row _builder_version=\u00a0\u00bb4.27.0&Prime; custom_padding=\u00a0\u00bb0px||||false|false\u00a0\u00bb global_colors_info=\u00a0\u00bb{}\u00a0\u00bb][et_pb_column type=\u00a0\u00bb4_4&Prime; _builder_version=\u00a0\u00bb4.16&Prime; global_colors_info=\u00a0\u00bb{}\u00a0\u00bb][et_pb_text _builder_version=\u00a0\u00bb4.27.4&Prime; header_2_font=\u00a0\u00bb|||on|||||\u00a0\u00bb header_2_text_align=\u00a0\u00bbcenter\u00a0\u00bb header_2_text_color=\u00a0\u00bb#e00052&Prime; header_2_font_size=\u00a0\u00bb21px\u00a0\u00bb link_option_url=\u00a0\u00bbhttps:\/\/www.kidsup.ch\/geneve\/a-propos\/conditions-generales\/\u00a0\u00bb global_colors_info=\u00a0\u00bb{}\u00a0\u00bb]<\/p>\n<h2>Planning des activit\u00e9s 2025-2026<\/h2>\n<p>[\/et_pb_text][et_pb_image src=\u00a0\u00bbhttps:\/\/www.kidsup.ch\/geneve\/wp-content\/uploads\/KUG-Calendrier-2526.png\u00a0\u00bb title_text=\u00a0\u00bbKUG Calendrier 2526&Prime; align=\u00a0\u00bbcenter\u00a0\u00bb _builder_version=\u00a0\u00bb4.27.4&Prime; background_enable_image=\u00a0\u00bboff\u00a0\u00bb global_colors_info=\u00a0\u00bb{}\u00a0\u00bb][\/et_pb_image][\/et_pb_column][\/et_pb_row][\/et_pb_section][et_pb_section fb_built=\u00a0\u00bb1&Prime; prev_background_color=\u00a0\u00bb#ffffff\u00a0\u00bb _builder_version=\u00a0\u00bb4.16&Prime; background_color=\u00a0\u00bb#e00052&Prime; custom_padding=\u00a0\u00bb80px||0px||false|false\u00a0\u00bb top_divider_style=\u00a0\u00bbclouds\u00a0\u00bb da_disable_devices=\u00a0\u00bboff|off|off\u00a0\u00bb global_colors_info=\u00a0\u00bb{}\u00a0\u00bb da_is_popup=\u00a0\u00bboff\u00a0\u00bb da_exit_intent=\u00a0\u00bboff\u00a0\u00bb da_has_close=\u00a0\u00bbon\u00a0\u00bb da_alt_close=\u00a0\u00bboff\u00a0\u00bb da_dark_close=\u00a0\u00bboff\u00a0\u00bb da_not_modal=\u00a0\u00bbon\u00a0\u00bb da_is_singular=\u00a0\u00bboff\u00a0\u00bb da_with_loader=\u00a0\u00bboff\u00a0\u00bb da_has_shadow=\u00a0\u00bbon\u00a0\u00bb][et_pb_row _builder_version=\u00a0\u00bb4.16&Prime; global_colors_info=\u00a0\u00bb{}\u00a0\u00bb][et_pb_column type=\u00a0\u00bb4_4&Prime; _builder_version=\u00a0\u00bb4.16&Prime; global_colors_info=\u00a0\u00bb{}\u00a0\u00bb][et_pb_cta title=\u00a0\u00bbRetrouvez tous nos cours hebdomadaires\u00a0\u00bb button_url=\u00a0\u00bb\/geneve\/cours\/\u00a0\u00bb button_text=\u00a0\u00bbTOUS NOS COURS\u00a0\u00bb _builder_version=\u00a0\u00bb4.16&Prime; header_font=\u00a0\u00bb|||on|||||\u00a0\u00bb header_text_color=\u00a0\u00bb#ffffff\u00a0\u00bb use_background_color=\u00a0\u00bboff\u00a0\u00bb global_colors_info=\u00a0\u00bb{}\u00a0\u00bb]<\/p>\n<p>Quel que soit l&rsquo;\u00e2ge de votre enfant, nous avons le cours qui lui convient !<br \/> Retrouvez toutes nos offres de cours hebdomadaires.<\/p>\n<p>[\/et_pb_cta][\/et_pb_column][\/et_pb_row][\/et_pb_section]<\/p>\n","protected":false},"excerpt":{"rendered":"<p>D\u00e8s 14 mois50 minutesCHF 495.\u2013 \/ semestre Tarif ajust\u00e9 \u00e0 la date de d\u00e9but Rabais fratrie10% pour 2 inscr.20% pour 3+ inscr.Micro Kids : enfants n\u00e9s entre 08\/2024 et 07\/2025Mini Kids : enfants n\u00e9s entre 08\/2023 et 07\/2024P&rsquo;tits Kids : enfants n\u00e9s entre 08\/2022 et 07\/2023 Tarif ajust\u00e9 \u00e0 la date de d\u00e9but \u2295 Certaines [&hellip;]<\/p>\n","protected":false},"author":1,"featured_media":0,"parent":1698,"menu_order":11,"comment_status":"closed","ping_status":"closed","template":"","meta":{"_et_pb_use_builder":"on","_et_pb_old_content":"","_et_gb_content_width":"","footnotes":""},"class_list":["post-2252","page","type-page","status-publish","hentry"],"yoast_head":"<!-- This site is optimized with the Yoast SEO plugin v27.5 - https:\/\/yoast.com\/product\/yoast-seo-wordpress\/ -->\n<title>Cours de baby gym et activit\u00e9s parent\/enfant - Kids Up Gen\u00e8ve<\/title>\n<meta name=\"description\" content=\"D\u00e9couvrez nos cours hebdomadaires de baby gym pour les enfants d\u00e8s 16 mois pour d\u00e9velopper leurs fonctions motrices et renforcer le lien parent\/enfant.\" \/>\n<meta name=\"robots\" content=\"index, follow, max-snippet:-1, max-image-preview:large, max-video-preview:-1\" \/>\n<link rel=\"canonical\" href=\"https:\/\/www.kidsup.ch\/geneve\/cours\/babygym\/\" \/>\n<meta property=\"og:locale\" content=\"fr_FR\" \/>\n<meta property=\"og:type\" content=\"article\" \/>\n<meta property=\"og:title\" content=\"Cours de baby gym et activit\u00e9s parent\/enfant - Kids Up Gen\u00e8ve\" \/>\n<meta property=\"og:description\" content=\"D\u00e9couvrez nos cours hebdomadaires de baby gym pour les enfants d\u00e8s 16 mois pour d\u00e9velopper leurs fonctions motrices et renforcer le lien parent\/enfant.\" \/>\n<meta property=\"og:url\" content=\"https:\/\/www.kidsup.ch\/geneve\/cours\/babygym\/\" \/>\n<meta property=\"og:site_name\" content=\"Kids Up Gen\u00e8ve\" \/>\n<meta property=\"article:publisher\" content=\"https:\/\/www.facebook.com\/KidsUpGeneve\" \/>\n<meta property=\"article:modified_time\" content=\"2026-04-27T16:22:39+00:00\" \/>\n<meta name=\"twitter:card\" content=\"summary_large_image\" \/>\n<meta name=\"twitter:label1\" content=\"Dur\u00e9e de lecture estim\u00e9e\" \/>\n\t<meta name=\"twitter:data1\" content=\"4 minutes\" \/>\n<script type=\"application\/ld+json\" class=\"yoast-schema-graph\">{\"@context\":\"https:\\\/\\\/schema.org\",\"@graph\":[{\"@type\":\"WebPage\",\"@id\":\"https:\\\/\\\/www.kidsup.ch\\\/geneve\\\/cours\\\/babygym\\\/\",\"url\":\"https:\\\/\\\/www.kidsup.ch\\\/geneve\\\/cours\\\/babygym\\\/\",\"name\":\"Cours de baby gym et activit\u00e9s parent\\\/enfant - Kids Up Gen\u00e8ve\",\"isPartOf\":{\"@id\":\"https:\\\/\\\/www.kidsup.ch\\\/geneve\\\/#website\"},\"datePublished\":\"2019-10-05T21:07:25+00:00\",\"dateModified\":\"2026-04-27T16:22:39+00:00\",\"description\":\"D\u00e9couvrez nos cours hebdomadaires de baby gym pour les enfants d\u00e8s 16 mois pour d\u00e9velopper leurs fonctions motrices et renforcer le lien parent\\\/enfant.\",\"breadcrumb\":{\"@id\":\"https:\\\/\\\/www.kidsup.ch\\\/geneve\\\/cours\\\/babygym\\\/#breadcrumb\"},\"inLanguage\":\"fr-FR\",\"potentialAction\":[{\"@type\":\"ReadAction\",\"target\":[\"https:\\\/\\\/www.kidsup.ch\\\/geneve\\\/cours\\\/babygym\\\/\"]}]},{\"@type\":\"BreadcrumbList\",\"@id\":\"https:\\\/\\\/www.kidsup.ch\\\/geneve\\\/cours\\\/babygym\\\/#breadcrumb\",\"itemListElement\":[{\"@type\":\"ListItem\",\"position\":1,\"name\":\"Home\",\"item\":\"https:\\\/\\\/www.kidsup.ch\\\/geneve\\\/\"},{\"@type\":\"ListItem\",\"position\":2,\"name\":\"Cours de baby gym, cirque, cirque adultes\",\"item\":\"https:\\\/\\\/www.kidsup.ch\\\/geneve\\\/cours\\\/\"},{\"@type\":\"ListItem\",\"position\":3,\"name\":\"Cours de baby gym et activit\u00e9s parent\\\/enfant\"}]},{\"@type\":\"WebSite\",\"@id\":\"https:\\\/\\\/www.kidsup.ch\\\/geneve\\\/#website\",\"url\":\"https:\\\/\\\/www.kidsup.ch\\\/geneve\\\/\",\"name\":\"Kids Up Gen\u00e8ve\",\"description\":\"Baby gym &amp; cirque\",\"publisher\":{\"@id\":\"https:\\\/\\\/www.kidsup.ch\\\/geneve\\\/#organization\"},\"potentialAction\":[{\"@type\":\"SearchAction\",\"target\":{\"@type\":\"EntryPoint\",\"urlTemplate\":\"https:\\\/\\\/www.kidsup.ch\\\/geneve\\\/?s={search_term_string}\"},\"query-input\":{\"@type\":\"PropertyValueSpecification\",\"valueRequired\":true,\"valueName\":\"search_term_string\"}}],\"inLanguage\":\"fr-FR\"},{\"@type\":\"Organization\",\"@id\":\"https:\\\/\\\/www.kidsup.ch\\\/geneve\\\/#organization\",\"name\":\"Kids Up Gen\u00e8ve\",\"url\":\"https:\\\/\\\/www.kidsup.ch\\\/geneve\\\/\",\"logo\":{\"@type\":\"ImageObject\",\"inLanguage\":\"fr-FR\",\"@id\":\"https:\\\/\\\/www.kidsup.ch\\\/geneve\\\/#\\\/schema\\\/logo\\\/image\\\/\",\"url\":\"https:\\\/\\\/www.kidsup.ch\\\/geneve\\\/wp-content\\\/uploads\\\/kids-up-geneve.png\",\"contentUrl\":\"https:\\\/\\\/www.kidsup.ch\\\/geneve\\\/wp-content\\\/uploads\\\/kids-up-geneve.png\",\"width\":248,\"height\":51,\"caption\":\"Kids Up Gen\u00e8ve\"},\"image\":{\"@id\":\"https:\\\/\\\/www.kidsup.ch\\\/geneve\\\/#\\\/schema\\\/logo\\\/image\\\/\"},\"sameAs\":[\"https:\\\/\\\/www.facebook.com\\\/KidsUpGeneve\",\"https:\\\/\\\/www.instagram.com\\\/kids_up_geneve\",\"https:\\\/\\\/www.youtube.com\\\/KidsUpSuisse\"]}]}<\/script>\n<!-- \/ Yoast SEO plugin. -->","yoast_head_json":{"title":"Cours de baby gym et activit\u00e9s parent\/enfant - Kids Up Gen\u00e8ve","description":"D\u00e9couvrez nos cours hebdomadaires de baby gym pour les enfants d\u00e8s 16 mois pour d\u00e9velopper leurs fonctions motrices et renforcer le lien parent\/enfant.","robots":{"index":"index","follow":"follow","max-snippet":"max-snippet:-1","max-image-preview":"max-image-preview:large","max-video-preview":"max-video-preview:-1"},"canonical":"https:\/\/www.kidsup.ch\/geneve\/cours\/babygym\/","og_locale":"fr_FR","og_type":"article","og_title":"Cours de baby gym et activit\u00e9s parent\/enfant - Kids Up Gen\u00e8ve","og_description":"D\u00e9couvrez nos cours hebdomadaires de baby gym pour les enfants d\u00e8s 16 mois pour d\u00e9velopper leurs fonctions motrices et renforcer le lien parent\/enfant.","og_url":"https:\/\/www.kidsup.ch\/geneve\/cours\/babygym\/","og_site_name":"Kids Up Gen\u00e8ve","article_publisher":"https:\/\/www.facebook.com\/KidsUpGeneve","article_modified_time":"2026-04-27T16:22:39+00:00","twitter_card":"summary_large_image","twitter_misc":{"Dur\u00e9e de lecture estim\u00e9e":"4 minutes"},"schema":{"@context":"https:\/\/schema.org","@graph":[{"@type":"WebPage","@id":"https:\/\/www.kidsup.ch\/geneve\/cours\/babygym\/","url":"https:\/\/www.kidsup.ch\/geneve\/cours\/babygym\/","name":"Cours de baby gym et activit\u00e9s parent\/enfant - Kids Up Gen\u00e8ve","isPartOf":{"@id":"https:\/\/www.kidsup.ch\/geneve\/#website"},"datePublished":"2019-10-05T21:07:25+00:00","dateModified":"2026-04-27T16:22:39+00:00","description":"D\u00e9couvrez nos cours hebdomadaires de baby gym pour les enfants d\u00e8s 16 mois pour d\u00e9velopper leurs fonctions motrices et renforcer le lien parent\/enfant.","breadcrumb":{"@id":"https:\/\/www.kidsup.ch\/geneve\/cours\/babygym\/#breadcrumb"},"inLanguage":"fr-FR","potentialAction":[{"@type":"ReadAction","target":["https:\/\/www.kidsup.ch\/geneve\/cours\/babygym\/"]}]},{"@type":"BreadcrumbList","@id":"https:\/\/www.kidsup.ch\/geneve\/cours\/babygym\/#breadcrumb","itemListElement":[{"@type":"ListItem","position":1,"name":"Home","item":"https:\/\/www.kidsup.ch\/geneve\/"},{"@type":"ListItem","position":2,"name":"Cours de baby gym, cirque, cirque adultes","item":"https:\/\/www.kidsup.ch\/geneve\/cours\/"},{"@type":"ListItem","position":3,"name":"Cours de baby gym et activit\u00e9s parent\/enfant"}]},{"@type":"WebSite","@id":"https:\/\/www.kidsup.ch\/geneve\/#website","url":"https:\/\/www.kidsup.ch\/geneve\/","name":"Kids Up Gen\u00e8ve","description":"Baby gym &amp; cirque","publisher":{"@id":"https:\/\/www.kidsup.ch\/geneve\/#organization"},"potentialAction":[{"@type":"SearchAction","target":{"@type":"EntryPoint","urlTemplate":"https:\/\/www.kidsup.ch\/geneve\/?s={search_term_string}"},"query-input":{"@type":"PropertyValueSpecification","valueRequired":true,"valueName":"search_term_string"}}],"inLanguage":"fr-FR"},{"@type":"Organization","@id":"https:\/\/www.kidsup.ch\/geneve\/#organization","name":"Kids Up Gen\u00e8ve","url":"https:\/\/www.kidsup.ch\/geneve\/","logo":{"@type":"ImageObject","inLanguage":"fr-FR","@id":"https:\/\/www.kidsup.ch\/geneve\/#\/schema\/logo\/image\/","url":"https:\/\/www.kidsup.ch\/geneve\/wp-content\/uploads\/kids-up-geneve.png","contentUrl":"https:\/\/www.kidsup.ch\/geneve\/wp-content\/uploads\/kids-up-geneve.png","width":248,"height":51,"caption":"Kids Up Gen\u00e8ve"},"image":{"@id":"https:\/\/www.kidsup.ch\/geneve\/#\/schema\/logo\/image\/"},"sameAs":["https:\/\/www.facebook.com\/KidsUpGeneve","https:\/\/www.instagram.com\/kids_up_geneve","https:\/\/www.youtube.com\/KidsUpSuisse"]}]}},"_links":{"self":[{"href":"https:\/\/www.kidsup.ch\/geneve\/wp-json\/wp\/v2\/pages\/2252","targetHints":{"allow":["GET"]}}],"collection":[{"href":"https:\/\/www.kidsup.ch\/geneve\/wp-json\/wp\/v2\/pages"}],"about":[{"href":"https:\/\/www.kidsup.ch\/geneve\/wp-json\/wp\/v2\/types\/page"}],"author":[{"embeddable":true,"href":"https:\/\/www.kidsup.ch\/geneve\/wp-json\/wp\/v2\/users\/1"}],"replies":[{"embeddable":true,"href":"https:\/\/www.kidsup.ch\/geneve\/wp-json\/wp\/v2\/comments?post=2252"}],"version-history":[{"count":137,"href":"https:\/\/www.kidsup.ch\/geneve\/wp-json\/wp\/v2\/pages\/2252\/revisions"}],"predecessor-version":[{"id":4953,"href":"https:\/\/www.kidsup.ch\/geneve\/wp-json\/wp\/v2\/pages\/2252\/revisions\/4953"}],"up":[{"embeddable":true,"href":"https:\/\/www.kidsup.ch\/geneve\/wp-json\/wp\/v2\/pages\/1698"}],"wp:attachment":[{"href":"https:\/\/www.kidsup.ch\/geneve\/wp-json\/wp\/v2\/media?parent=2252"}],"curies":[{"name":"wp","href":"https:\/\/api.w.org\/{rel}","templated":true}]}}